{"id":6137,"date":"2020-08-16T16:58:03","date_gmt":"2020-08-16T16:58:03","guid":{"rendered":"https:\/\/ww2.fjeldskaar.com\/?page_id=6137"},"modified":"2021-05-12T07:44:55","modified_gmt":"2021-05-12T07:44:55","slug":"tomine-og-aanens-barn","status":"publish","type":"page","link":"https:\/\/www.fjeldskaar.com\/en\/eidet\/tomine-og-aanens-barn\/","title":{"rendered":"Tomine\/Aanen's children"},"content":{"rendered":"<p style=\"text-align: left;\"><span style=\"font-size: 10pt;\"><span style=\"color: #f7efd0;\">.<\/span><a href=\"https:\/\/www.fjeldskaar.com\/en\/eidet\/\"><span style=\"color: #ccaa7a;\"><span style=\"font-family: 'book antiqua', palatino;\">&lt; g\u00e5 til Tomine og Aanen<\/span><\/span><\/a><\/span><span style=\"color: #ccaa7a;\"><span style=\"font-size: 10pt; font-family: 'book antiqua', palatino;\">\u00a0 \u00a0 \u00a0 \u00a0 \u00a0 \u00a0 \u00a0 \u00a0 \u00a0 \u00a0 \u00a0 \u00a0 \u00a0 \u00a0 \u00a0 \u00a0 \u00a0 \u00a0 \u00a0 \u00a0 \u00a0 \u00a0 \u00a0 \u00a0 \u00a0 \u00a0 \u00a0 \u00a0 \u00a0 \u00a0 \u00a0 \u00a0 \u00a0 \u00a0 \u00a0 \u00a0 \u00a0 \u00a0 \u00a0 \u00a0 \u00a0 \u00a0 \u00a0 \u00a0 \u00a0 \u00a0 \u00a0 \u00a0 \u00a0 \u00a0 \u00a0 \u00a0 \u00a0 \u00a0 \u00a0 \u00a0 \u00a0 \u00a0 \u00a0 \u00a0 \u00a0 \u00a0 \u00a0 \u00a0 \u00a0 \u00a0 \u00a0 \u00a0 \u00a0 \u00a0 \u00a0 \u00a0 \u00a0<\/span><\/span><\/p>\n<h1><\/h1>\n<h1 style=\"text-align: center;\"><span style=\"color: #806239; font-size: 30pt; font-family: 'Great Vibes';\">Tomine\/Aanen's children<\/span><\/h1>\n<p><span style=\"color: #f7efd0;\">.<\/span><\/p>\n<p style=\"text-align: center;\"><a href=\"https:\/\/www.fjeldskaar.com\/wp-content\/uploads\/2021\/03\/tominechart.png\"><img loading=\"lazy\" decoding=\"async\" class=\"alignnone wp-image-7910\" src=\"https:\/\/www.fjeldskaar.com\/wp-content\/uploads\/2021\/03\/tominechart-300x196.png\" alt=\"\" width=\"600\" height=\"392\" srcset=\"https:\/\/www.fjeldskaar.com\/wp-content\/uploads\/2021\/03\/tominechart-300x196.png 300w, https:\/\/www.fjeldskaar.com\/wp-content\/uploads\/2021\/03\/tominechart-1024x669.png 1024w, https:\/\/www.fjeldskaar.com\/wp-content\/uploads\/2021\/03\/tominechart-768x502.png 768w, https:\/\/www.fjeldskaar.com\/wp-content\/uploads\/2021\/03\/tominechart-1536x1004.png 1536w, https:\/\/www.fjeldskaar.com\/wp-content\/uploads\/2021\/03\/tominechart-2048x1338.png 2048w\" sizes=\"auto, (max-width: 600px) 100vw, 600px\" \/><\/a><\/p>\n<p><span style=\"color: #f7efd0;\">.<a href=\"https:\/\/ww2.fjeldskaar.com\/wp-content\/uploads\/2020\/08\/tomine_1900.png\"><img loading=\"lazy\" decoding=\"async\" class=\"wp-image-7420 aligncenter\" src=\"https:\/\/ww2.fjeldskaar.com\/wp-content\/uploads\/2020\/08\/tomine_1900.png\" alt=\"\" width=\"745\" height=\"267\" srcset=\"https:\/\/www.fjeldskaar.com\/wp-content\/uploads\/2020\/08\/tomine_1900.png 1145w, https:\/\/www.fjeldskaar.com\/wp-content\/uploads\/2020\/08\/tomine_1900-300x107.png 300w, https:\/\/www.fjeldskaar.com\/wp-content\/uploads\/2020\/08\/tomine_1900-1024x367.png 1024w, https:\/\/www.fjeldskaar.com\/wp-content\/uploads\/2020\/08\/tomine_1900-768x275.png 768w\" sizes=\"auto, (max-width: 745px) 100vw, 745px\" \/><\/a><\/span><\/p>\n<p><span style=\"color: #f7efd0;\">.<\/span><\/p>\n<p><span style=\"color: #f7efd0;\">.<\/span><\/p>\n<p>&nbsp;<\/p>\n<h1 style=\"text-align: left;\"><span style=\"color: #806239; font-size: 24pt; font-family: 'Great Vibes';\">1. Anna Emilie<\/span><\/h1>\n<p style=\"text-align: left;\"><strong>29.12.1879-1945<\/strong><\/p>\n<p>Anna Emilie ble sydame, og en kjent skikkelse i bygda.<\/p>\n<h2><img loading=\"lazy\" decoding=\"async\" class=\"aligncenter\" src=\"https:\/\/ww2.fjeldskaar.com\/wp-content\/uploads\/2015\/05\/Emilie.jpg\" alt=\"\" width=\"395\" height=\"480\" \/><\/h2>\n<p style=\"text-align: center;\"><a href=\"https:\/\/ww2.fjeldskaar.com\/wp-content\/uploads\/2020\/08\/output-onlinepngtools-21.png\"><img loading=\"lazy\" decoding=\"async\" src=\"https:\/\/ww2.fjeldskaar.com\/wp-content\/uploads\/2020\/08\/output-onlinepngtools-21.png\" alt=\"\" width=\"301\" height=\"61\" \/><\/a><\/p>\n<p><img loading=\"lazy\" decoding=\"async\" class=\"aligncenter\" src=\"https:\/\/ww2.fjeldskaar.com\/wp-content\/uploads\/2015\/05\/emilie_fdsel.jpg\" alt=\"emilie_fdsel\" width=\"696\" height=\"95\" \/><\/p>\n<p style=\"text-align: center;\">Anna Emilie var den eldste av Tomine sine barn &#8211; f\u00f8dt 1879<\/p>\n<p style=\"text-align: center;\"><img loading=\"lazy\" decoding=\"async\" src=\"https:\/\/ww2.fjeldskaar.com\/wp-content\/uploads\/2015\/05\/Emilie_konf94.jpg\" alt=\"Emilie_konf94\" width=\"724\" height=\"50\" \/><\/p>\n<p style=\"text-align: center;\">Emilies konfirmasjon 1894; f\u00f8dt i L\u00f8msland, Vest-Agder<\/p>\n<p>&nbsp;<\/p>\n<p style=\"text-align: center;\"><img loading=\"lazy\" decoding=\"async\" src=\"https:\/\/ww2.fjeldskaar.com\/wp-content\/uploads\/2018\/11\/1905.png\" alt=\"\" width=\"500\" height=\"159\" \/>\u00a0 \u00a0\u00a0<a href=\"https:\/\/ww2.fjeldskaar.com\/wp-content\/uploads\/2020\/08\/output-onlinepngtools-21.png\"><img loading=\"lazy\" decoding=\"async\" src=\"https:\/\/ww2.fjeldskaar.com\/wp-content\/uploads\/2020\/08\/output-onlinepngtools-21.png\" alt=\"\" width=\"281\" height=\"57\" \/><\/a><\/p>\n<p style=\"text-align: center;\"><img loading=\"lazy\" decoding=\"async\" src=\"https:\/\/ww2.fjeldskaar.com\/wp-content\/uploads\/2015\/05\/Nordli.png\" alt=\"\" width=\"641\" height=\"491\" \/><\/p>\n<p>&nbsp;<\/p>\n<h2><\/h2>\n<h2><span style=\"color: #f7efd0;\">.<\/span><\/h2>\n<p><span style=\"color: #f7efd0;\">.<\/span><\/p>\n<h2 style=\"text-align: left;\"><span style=\"color: #f7efd0;\">.<\/span><\/h2>\n<h2 style=\"text-align: left;\"><span style=\"font-size: 24pt; font-family: 'Great Vibes';\"><span style=\"color: #806239;\">2. Sigvart Emil Aanensen og\u00a0<\/span><span style=\"color: #800000;\"><span style=\"color: #806239;\">Sofie Theodine<\/span>\u00a0<\/span><\/span><\/h2>\n<p style=\"text-align: left;\"><strong>1881-1935; 1882-1957<\/strong><\/p>\n<p style=\"text-align: center;\"><a href=\"https:\/\/ww2.fjeldskaar.com\/wp-content\/uploads\/2015\/05\/Sigvart_sofie2.jpg\"><img loading=\"lazy\" decoding=\"async\" src=\"https:\/\/ww2.fjeldskaar.com\/wp-content\/uploads\/2015\/05\/Sigvart_sofie2.jpg\" alt=\"\" width=\"373\" height=\"553\" \/><\/a><\/p>\n<p style=\"text-align: center;\">Sigvart (bror av Amalie) ble f\u00f8dt p\u00e5 Eidet (\u00c5lefj\u00e6r) i 1881, og d\u00f8de p\u00e5 Spangereid i 1935. Sofie (s\u00f8ster av Kornelius) ble f\u00f8dt p\u00e5 Flateb\u00f8 i 1882, og d\u00f8de i 1957 (p\u00e5 Fjellsk\u00e5r).<\/p>\n<p><span style=\"color: #f7efd0;\">.<\/span><\/p>\n<p style=\"text-align: center;\"><a href=\"https:\/\/www.fjeldskaar.com\/wp-content\/uploads\/2021\/03\/sofie2chart.png\"><img loading=\"lazy\" decoding=\"async\" class=\"alignnone wp-image-7922\" src=\"https:\/\/www.fjeldskaar.com\/wp-content\/uploads\/2021\/03\/sofie2chart-300x190.png\" alt=\"\" width=\"600\" height=\"380\" srcset=\"https:\/\/www.fjeldskaar.com\/wp-content\/uploads\/2021\/03\/sofie2chart-300x190.png 300w, https:\/\/www.fjeldskaar.com\/wp-content\/uploads\/2021\/03\/sofie2chart-1024x648.png 1024w, https:\/\/www.fjeldskaar.com\/wp-content\/uploads\/2021\/03\/sofie2chart-768x486.png 768w, https:\/\/www.fjeldskaar.com\/wp-content\/uploads\/2021\/03\/sofie2chart-1536x973.png 1536w, https:\/\/www.fjeldskaar.com\/wp-content\/uploads\/2021\/03\/sofie2chart-2048x1297.png 2048w\" sizes=\"auto, (max-width: 600px) 100vw, 600px\" \/><\/a><\/p>\n<p>Sofie meldte utflytting fra Spangereid til Tveit i 1907<\/p>\n<p><a href=\"https:\/\/www.fjeldskaar.com\/wp-content\/uploads\/2021\/05\/sofie_uf1907.png\"><img loading=\"lazy\" decoding=\"async\" class=\"aligncenter wp-image-8480\" src=\"https:\/\/www.fjeldskaar.com\/wp-content\/uploads\/2021\/05\/sofie_uf1907-300x50.png\" alt=\"\" width=\"600\" height=\"101\" srcset=\"https:\/\/www.fjeldskaar.com\/wp-content\/uploads\/2021\/05\/sofie_uf1907-300x50.png 300w, https:\/\/www.fjeldskaar.com\/wp-content\/uploads\/2021\/05\/sofie_uf1907-768x129.png 768w, https:\/\/www.fjeldskaar.com\/wp-content\/uploads\/2021\/05\/sofie_uf1907.png 935w\" sizes=\"auto, (max-width: 600px) 100vw, 600px\" \/><\/a><\/p>\n<p style=\"text-align: center;\"><img loading=\"lazy\" decoding=\"async\" src=\"https:\/\/ww2.fjeldskaar.com\/wp-content\/uploads\/2015\/05\/sofie.jpg\" alt=\"sofie\" width=\"550\" height=\"253\" \/><\/p>\n<p style=\"text-align: center;\"><img loading=\"lazy\" decoding=\"async\" src=\"https:\/\/ww2.fjeldskaar.com\/wp-content\/uploads\/2015\/05\/sofie2.jpg\" alt=\"sofie2\" width=\"400\" height=\"286\" \/><\/p>\n<p style=\"text-align: center;\">Gifterm\u00e5l mellom Sigvart Emil Aanensen og Sofie Theodine Villumsen i 1907.<\/p>\n<p style=\"text-align: center;\"><img loading=\"lazy\" decoding=\"async\" src=\"https:\/\/ww2.fjeldskaar.com\/wp-content\/uploads\/2015\/05\/6-Sofieb_1.jpg\" alt=\"6 Sofieb_1\" width=\"300\" height=\"369\" \/><\/p>\n<p style=\"text-align: center;\">Sofie, s\u00f8ster til Johan Kornelius<\/p>\n<p>Barn og barnebarn av Sofie og Sigvart<\/p>\n<p style=\"padding-left: 30px;\">Arthur (1909-1959): Villiam f. 1945?, Jean<br \/>\nJenny Theodora (1910-1975): Sven Helge 1944-2003, Britt Solbj\u00f8rg f. 1950<br \/>\nGudrun Wilhelma (1912-1997): Bjarne f. 1933, Magnhild f. 1938<br \/>\nSigurd Sigval (1914-1978): Birger f. 1949<br \/>\nWilliam Cornelius (1916-1972)<br \/>\nEdvin (1918- 1960)<br \/>\nRuth Agnes (1920-1979): Gerd f. 1944, Elly Bj\u00f8rg f. 1948, Rolf Magne f. 1956<br \/>\nRolf Trygve (1923-1973): Torhild Synn\u00f8ve f. 1951, Jan f. 1955<\/p>\n<p style=\"text-align: center;\"><a href=\"https:\/\/www.fjeldskaar.com\/wp-content\/uploads\/2021\/03\/sofiechart.png\"><img loading=\"lazy\" decoding=\"async\" class=\"alignnone wp-image-7920\" src=\"https:\/\/www.fjeldskaar.com\/wp-content\/uploads\/2021\/03\/sofiechart-300x143.png\" alt=\"\" width=\"650\" height=\"311\" srcset=\"https:\/\/www.fjeldskaar.com\/wp-content\/uploads\/2021\/03\/sofiechart-300x143.png 300w, https:\/\/www.fjeldskaar.com\/wp-content\/uploads\/2021\/03\/sofiechart-1024x489.png 1024w, https:\/\/www.fjeldskaar.com\/wp-content\/uploads\/2021\/03\/sofiechart-768x367.png 768w, https:\/\/www.fjeldskaar.com\/wp-content\/uploads\/2021\/03\/sofiechart-1536x734.png 1536w, https:\/\/www.fjeldskaar.com\/wp-content\/uploads\/2021\/03\/sofiechart-2048x979.png 2048w\" sizes=\"auto, (max-width: 650px) 100vw, 650px\" \/><\/a><\/p>\n<p>&nbsp;<\/p>\n<p><img loading=\"lazy\" decoding=\"async\" class=\"alignleft\" src=\"https:\/\/ww2.fjeldskaar.com\/wp-content\/uploads\/2015\/05\/fjeldsk__r.jpg\" alt=\"fjeldsk__r\" width=\"500\" height=\"435\" \/><\/p>\n<p>Bilde tatt p\u00e5 Fjeldsk\u00e5r h\u00f8sten 2003. Fra venstre: Anne Grete, Britt*, Klara, Jan*, Sylvi, Elly*, Arvid, Birger*, Rolf* og Willy. Kjersti og\u00a0Barbro (Britts d\u00f8tre) foran. * betyr at de er barnebarn av Sofie og Sigvart. Anne Grete og Willy er barnebarn av Amalie og Kornelius. De andre er ektefeller.<\/p>\n<p style=\"text-align: center;\"><img loading=\"lazy\" decoding=\"async\" src=\"https:\/\/ww2.fjeldskaar.com\/wp-content\/uploads\/2015\/05\/DSC02460b.jpg\" alt=\"DSC02460b\" width=\"400\" height=\"300\" \/>&#8216;Sofies hus&#8217; p\u00e5 Fjeldsk\u00e5r<\/p>\n<p style=\"text-align: center;\"><a href=\"https:\/\/ww2.fjeldskaar.com\/wp-content\/uploads\/2020\/08\/output-onlinepngtools-2020-08-29T084940.684.png\"><img loading=\"lazy\" decoding=\"async\" class=\"alignnone wp-image-7423\" src=\"https:\/\/ww2.fjeldskaar.com\/wp-content\/uploads\/2020\/08\/output-onlinepngtools-2020-08-29T084940.684.png\" alt=\"\" width=\"300\" height=\"618\" srcset=\"https:\/\/www.fjeldskaar.com\/wp-content\/uploads\/2020\/08\/output-onlinepngtools-2020-08-29T084940.684.png 1550w, https:\/\/www.fjeldskaar.com\/wp-content\/uploads\/2020\/08\/output-onlinepngtools-2020-08-29T084940.684-146x300.png 146w, https:\/\/www.fjeldskaar.com\/wp-content\/uploads\/2020\/08\/output-onlinepngtools-2020-08-29T084940.684-497x1024.png 497w, https:\/\/www.fjeldskaar.com\/wp-content\/uploads\/2020\/08\/output-onlinepngtools-2020-08-29T084940.684-768x1582.png 768w, https:\/\/www.fjeldskaar.com\/wp-content\/uploads\/2020\/08\/output-onlinepngtools-2020-08-29T084940.684-746x1536.png 746w, https:\/\/www.fjeldskaar.com\/wp-content\/uploads\/2020\/08\/output-onlinepngtools-2020-08-29T084940.684-994x2048.png 994w\" sizes=\"auto, (max-width: 300px) 100vw, 300px\" \/><\/a><\/p>\n<p><em>Arthur; Sigvart og Sofies eldste s\u00f8nn. Han reiste til USA midt p\u00e5 1920 tallet(?) Han kom aldri tilbake til Norge til tross for innstendige oppfordringer. Han var Sofies store sorg s\u00e5 lenge hun levde. Han bodde i Brooklyn og arbeidet etter det jeg har blitt fortalt p\u00e5 taub\u00e5t i New York havn. Han var gift og fikk to barn. F\u00f8rste kone d\u00f8de fra ham tidlig og han ble andre gang gift med en finsk dame. Han d\u00f8de av hjerteinfarkt i 1959. Fra Birger Fjeldskaar.<\/em><\/p>\n<p>&nbsp;<\/p>\n<p style=\"text-align: center;\"><img loading=\"lazy\" decoding=\"async\" src=\"https:\/\/ww2.fjeldskaar.com\/wp-content\/uploads\/2015\/05\/gudrun_1.jpg\" alt=\"gudrun_1\" width=\"170\" height=\"141\" \/>\u00a0 \u00a0<a href=\"https:\/\/ww2.fjeldskaar.com\/wp-content\/uploads\/2015\/05\/ruth_1.jpg\"><img loading=\"lazy\" decoding=\"async\" src=\"https:\/\/ww2.fjeldskaar.com\/wp-content\/uploads\/2015\/05\/ruth_1-189x300.jpg\" alt=\"ruth_1\" width=\"189\" height=\"300\" \/><br \/>\n<\/a>Gudrun og mannen; Ruth Agnes, William, Johannes og Rolf Magne<\/p>\n<p style=\"text-align: center;\"><img loading=\"lazy\" decoding=\"async\" src=\"https:\/\/ww2.fjeldskaar.com\/wp-content\/uploads\/2015\/05\/Arthur_1908-e1469725236553.png\" alt=\"Arthur_1908\" width=\"550\" height=\"58\" \/><img loading=\"lazy\" decoding=\"async\" src=\"https:\/\/ww2.fjeldskaar.com\/wp-content\/uploads\/2015\/05\/Edvin_1918-e1469725278536.png\" alt=\"Edvin_1918\" width=\"550\" height=\"32\" \/><img loading=\"lazy\" decoding=\"async\" src=\"https:\/\/ww2.fjeldskaar.com\/wp-content\/uploads\/2015\/05\/Gudrun_1912-e1469725323108.png\" alt=\"Gudrun_1912\" width=\"550\" height=\"70\" \/><img loading=\"lazy\" decoding=\"async\" src=\"https:\/\/ww2.fjeldskaar.com\/wp-content\/uploads\/2015\/05\/William_1916.png\" alt=\"William_1916\" width=\"561\" height=\"37\" \/> <img loading=\"lazy\" decoding=\"async\" src=\"https:\/\/ww2.fjeldskaar.com\/wp-content\/uploads\/2015\/05\/Sigurd_1914.png\" alt=\"Sigurd_1914\" width=\"563\" height=\"32\" \/> <img loading=\"lazy\" decoding=\"async\" src=\"https:\/\/ww2.fjeldskaar.com\/wp-content\/uploads\/2015\/05\/Ruth_1921.png\" alt=\"Ruth_1921\" width=\"570\" height=\"37\" \/> <img loading=\"lazy\" decoding=\"async\" src=\"https:\/\/ww2.fjeldskaar.com\/wp-content\/uploads\/2015\/05\/RolfTrygve_1923.png\" alt=\"RolfTrygve_1923\" width=\"555\" height=\"31\" \/> <img loading=\"lazy\" decoding=\"async\" src=\"https:\/\/ww2.fjeldskaar.com\/wp-content\/uploads\/2015\/05\/Jenny_1910.png\" alt=\"Jenny_1910\" width=\"553\" height=\"41\" \/><\/p>\n<h2><span style=\"color: #f7efd0;\">.<\/span><\/h2>\n<h2><span style=\"color: #f7efd0;\">.<\/span><\/h2>\n<h2><span style=\"color: #f7efd0;\">.<\/span><\/h2>\n<h2 style=\"text-align: left;\"><span style=\"color: #f7efd0;\">.<\/span><\/h2>\n<h2 style=\"text-align: left;\"><span style=\"color: #806239; font-size: 24pt; font-family: 'Great Vibes';\"><b><strong>3. Josefine Amalie Fjeldskaar<\/strong><\/b><\/span><\/h2>\n<p style=\"text-align: left;\"><span style=\"color: #333333;\"><strong>26.03.1884-17.03.1962; <\/strong><\/span><strong>se <a href=\"https:\/\/www.fjeldskaar.com\/en\/villumsen\/besteforeldre\/\">here<\/a>.\u00a0<\/strong><\/p>\n<p style=\"text-align: center;\"><img loading=\"lazy\" decoding=\"async\" src=\"https:\/\/ww2.fjeldskaar.com\/wp-content\/uploads\/2015\/05\/Bilde4.png\" alt=\"Bilde4\" width=\"150\" height=\"164\" \/> \u00a0 <a href=\"https:\/\/ww2.fjeldskaar.com\/wp-content\/uploads\/2015\/05\/Amalie.jpg\"><img loading=\"lazy\" decoding=\"async\" src=\"https:\/\/ww2.fjeldskaar.com\/wp-content\/uploads\/2015\/05\/Amalie.jpg\" alt=\"\" width=\"144\" height=\"248\" \/><\/a><\/p>\n<h2><\/h2>\n<h2><\/h2>\n<h2><span style=\"color: #f7efd0;\">.<\/span><\/h2>\n<p><span style=\"color: #f7efd0;\">.<\/span><\/p>\n<p>&nbsp;<\/p>\n<h2 style=\"text-align: left;\"><span style=\"color: #806239; font-size: 24pt; font-family: 'Great Vibes';\">4. Alfred Aanensen<\/span><\/h2>\n<p style=\"text-align: left;\"><strong>20.12.1886 &#8211; 03.02.1970<\/strong><\/p>\n<p>Alfred var sm\u00e5bruker og skomaker.<\/p>\n<p style=\"text-align: center;\"><img loading=\"lazy\" decoding=\"async\" src=\"https:\/\/ww2.fjeldskaar.com\/wp-content\/uploads\/2015\/05\/alfred.jpg\" alt=\"alfred\" width=\"284\" height=\"267\" \/><\/p>\n<p style=\"text-align: center;\"><img loading=\"lazy\" decoding=\"async\" src=\"https:\/\/ww2.fjeldskaar.com\/wp-content\/uploads\/2015\/05\/alfred2.gif\" alt=\"alfred2\" width=\"638\" height=\"81\" \/><\/p>\n<p style=\"text-align: center;\">Alfreds konfirmasjon &#8211; 1901<\/p>\n<p style=\"text-align: center;\"><img loading=\"lazy\" decoding=\"async\" src=\"https:\/\/ww2.fjeldskaar.com\/wp-content\/uploads\/2015\/05\/alfred3.gif\" alt=\"alfred3\" width=\"614\" height=\"91\" \/><\/p>\n<p>&nbsp;<\/p>\n<p>Alfred var i USA flere ganger; b\u00e5de i 1907, 1910 og 1927:<\/p>\n<p><a href=\"https:\/\/ww2.fjeldskaar.com\/wp-content\/uploads\/2020\/08\/alfred3.png\"><img loading=\"lazy\" decoding=\"async\" class=\"wp-image-7425 aligncenter\" src=\"https:\/\/ww2.fjeldskaar.com\/wp-content\/uploads\/2020\/08\/alfred3.png\" alt=\"\" width=\"656\" height=\"199\" srcset=\"https:\/\/www.fjeldskaar.com\/wp-content\/uploads\/2020\/08\/alfred3.png 1156w, https:\/\/www.fjeldskaar.com\/wp-content\/uploads\/2020\/08\/alfred3-300x91.png 300w, https:\/\/www.fjeldskaar.com\/wp-content\/uploads\/2020\/08\/alfred3-1024x311.png 1024w, https:\/\/www.fjeldskaar.com\/wp-content\/uploads\/2020\/08\/alfred3-768x233.png 768w\" sizes=\"auto, (max-width: 656px) 100vw, 656px\" \/><\/a><\/p>\n<p style=\"text-align: center;\"><img loading=\"lazy\" decoding=\"async\" src=\"https:\/\/ww2.fjeldskaar.com\/wp-content\/uploads\/2015\/05\/alfred_1.gif\" alt=\"alfred_1\" width=\"615\" height=\"129\" \/><\/p>\n<p>&nbsp;<\/p>\n<p style=\"text-align: center;\"><img loading=\"lazy\" decoding=\"async\" class=\"alignnone wp-image-7484\" src=\"https:\/\/ww2.fjeldskaar.com\/wp-content\/uploads\/2020\/09\/output-onlinepngtools-2020-09-01T190526.809.png\" alt=\"\" width=\"700\" height=\"547\" srcset=\"https:\/\/www.fjeldskaar.com\/wp-content\/uploads\/2020\/09\/output-onlinepngtools-2020-09-01T190526.809.png 768w, https:\/\/www.fjeldskaar.com\/wp-content\/uploads\/2020\/09\/output-onlinepngtools-2020-09-01T190526.809-300x234.png 300w\" sizes=\"auto, (max-width: 700px) 100vw, 700px\" \/><\/p>\n<p style=\"text-align: center;\"><img loading=\"lazy\" decoding=\"async\" src=\"https:\/\/ww2.fjeldskaar.com\/wp-content\/uploads\/2015\/05\/AlfredPetra.jpg\" alt=\"AlfredPetra\" width=\"536\" height=\"411\" \/><\/p>\n<p style=\"text-align: center;\">Alfred ble gift med Petra Andersdatter, datter av g\u00e5rdbruker Anders Olsen Kost\u00f8l og Hansine Pedersdatter. De ble viet p\u00e5\u00a0preste-kontoret i 1914<\/p>\n<p style=\"text-align: center;\"><img loading=\"lazy\" decoding=\"async\" src=\"https:\/\/ww2.fjeldskaar.com\/wp-content\/uploads\/2015\/05\/alfred_gift_1.jpg\" alt=\"alfred_gift_1\" width=\"634\" height=\"98\" \/><\/p>\n<p style=\"text-align: center;\"><img loading=\"lazy\" decoding=\"async\" src=\"https:\/\/ww2.fjeldskaar.com\/wp-content\/uploads\/2015\/05\/alfred_gift2_1.jpg\" alt=\"alfred_gift2_1\" width=\"565\" height=\"55\" \/><\/p>\n<p style=\"text-align: center;\">Petra Andersdtr var datter av Anders Olsen Kost\u00f8l( f. 1848) og Hansine Pedersdtr (f. 1867). Anders Olsen var s\u00f8nn av Ole Andersen (f.1814) og Marie T\u00f8nnesdtr (f. 1824); de giftet seg i 1847.<\/p>\n<p>Ole Andersen var s\u00f8nn av Anders Tallaksen\/Asborg Andersdtr og Marie T\u00f8nnesdtr datter av T\u00f8nnes S\u00f8rensen.<\/p>\n<p style=\"text-align: center;\"><img loading=\"lazy\" decoding=\"async\" src=\"https:\/\/ww2.fjeldskaar.com\/wp-content\/uploads\/2015\/05\/petra_fdt87.jpg\" alt=\"petra_fdt87\" width=\"627\" height=\"66\" \/><\/p>\n<p style=\"text-align: center;\">Petras f\u00f8dsel<\/p>\n<p style=\"text-align: center;\"><img loading=\"lazy\" decoding=\"async\" src=\"https:\/\/ww2.fjeldskaar.com\/wp-content\/uploads\/2015\/05\/petra_fdt87b.jpg\" alt=\"petra_fdt87b\" width=\"565\" height=\"146\" \/><\/p>\n<p style=\"text-align: center;\"><img loading=\"lazy\" decoding=\"async\" src=\"https:\/\/ww2.fjeldskaar.com\/wp-content\/uploads\/2015\/05\/Anders_PetrasFar.jpg\" alt=\"Anders_PetrasFar\" width=\"627\" height=\"111\" \/><\/p>\n<p style=\"text-align: center;\">Anders Olsen &#8211; Petras far &#8211; f\u00f8dt 1848<\/p>\n<p style=\"text-align: center;\"><img loading=\"lazy\" decoding=\"async\" src=\"https:\/\/ww2.fjeldskaar.com\/wp-content\/uploads\/2015\/05\/OleAndersen.jpg\" alt=\"OleAndersen\" width=\"460\" height=\"328\" \/><\/p>\n<p style=\"text-align: center;\">Ole Andersen (Petras farfar) blir f\u00f8dt i 1814. Han var s\u00f8nn av Anders Tallaksen og Asborg Andersdtr.<\/p>\n<p style=\"text-align: center;\"><img loading=\"lazy\" decoding=\"async\" src=\"https:\/\/ww2.fjeldskaar.com\/wp-content\/uploads\/2015\/05\/PetrasOldefar.jpg\" alt=\"PetrasOldefar\" width=\"699\" height=\"101\" \/><\/p>\n<p style=\"text-align: center;\">Petras oldefar<\/p>\n<p style=\"text-align: center;\"><img loading=\"lazy\" decoding=\"async\" src=\"https:\/\/ww2.fjeldskaar.com\/wp-content\/uploads\/2015\/05\/PetrasFarfar_Gift.jpg\" alt=\"PetrasFarfar_Gift\" width=\"627\" height=\"119\" \/><\/p>\n<p style=\"text-align: center;\">Petras farfars gifterm\u00e5l<\/p>\n<p style=\"text-align: center;\"><img loading=\"lazy\" decoding=\"async\" src=\"https:\/\/ww2.fjeldskaar.com\/wp-content\/uploads\/2015\/05\/PetrasFar.jpg\" alt=\"PetrasFar\" width=\"661\" height=\"186\" \/><\/p>\n<p style=\"text-align: center;\">Petras far &#8211; fra Folketellingen 1900<\/p>\n<p style=\"text-align: center;\"><img loading=\"lazy\" decoding=\"async\" src=\"https:\/\/ww2.fjeldskaar.com\/wp-content\/uploads\/2015\/05\/PetrasFar_1865.gif\" alt=\"PetrasFar_1865\" width=\"646\" height=\"141\" \/><\/p>\n<p style=\"text-align: center;\">Petras farfar &#8211; fra Folketellingen 1865<\/p>\n<p style=\"text-align: center;\"><img loading=\"lazy\" decoding=\"async\" src=\"https:\/\/ww2.fjeldskaar.com\/wp-content\/uploads\/2015\/05\/alfred_fdt86.jpg\" alt=\"alfred_fdt86\" width=\"670\" height=\"61\" \/><\/p>\n<p style=\"text-align: center;\"><img loading=\"lazy\" decoding=\"async\" src=\"https:\/\/ww2.fjeldskaar.com\/wp-content\/uploads\/2015\/05\/alfred86b.jpg\" alt=\"alfred86b\" width=\"638\" height=\"102\" \/><\/p>\n<p style=\"text-align: center;\">Alfreds f\u00f8dsel &#8211; 1886<\/p>\n<p style=\"text-align: center;\"><img loading=\"lazy\" decoding=\"async\" src=\"https:\/\/ww2.fjeldskaar.com\/wp-content\/uploads\/2015\/05\/IMG_0011b.jpg\" alt=\"IMG_0011b\" width=\"528\" height=\"346\" \/><\/p>\n<p style=\"text-align: center;\">Fra venstre: Alfred, Kai (Alfreds barnebarn) Amalie (Alfreds s\u00f8ster), Petra, Tora (Alfreds datter), Agnes (Alfreds datter), Tomine (Alfreds mor), Sofie (Alfreds svigerinne, gift med Sigvart) og Albert (Alfreds bror. Bildet er tatt rundt 1940.<\/p>\n<p>&nbsp;<\/p>\n<p style=\"text-align: center;\">Petra f\u00f8dt: 12.10.1886 D\u00f8d: 05.04.1957<\/p>\n<p style=\"text-align: center;\">Alfred f\u00f8dt: 20.12.1886 D\u00f8d: 03.02.1970<\/p>\n<p style=\"text-align: center;\">Agnes f\u00f8dt: 21.01.1915 D\u00f8d: 02.11.1994<\/p>\n<p style=\"text-align: center;\">Anders f\u00f8dt: 17.05.1917 D\u00f8d: 26.07.1990<\/p>\n<p style=\"text-align: center;\">Tora f\u00f8dt: 06.05.1920 D\u00f8d: 12.08.2010<\/p>\n<h2><span style=\"color: #f7efd0;\">.<\/span><\/h2>\n<h2><span style=\"color: #f7efd0;\">.<\/span><\/h2>\n<p><span style=\"color: #f7efd0;\">.<\/span><\/p>\n<p><span style=\"color: #f7efd0;\">.<\/span><\/p>\n<h2 style=\"text-align: left;\"><span style=\"color: #806239; font-size: 24pt; font-family: 'Great Vibes';\">5. Kristine<\/span><\/h2>\n<p><strong>28.12.1888-21.05.1895<\/strong><\/p>\n<p style=\"text-align: center;\"><a href=\"https:\/\/ww2.fjeldskaar.com\/wp-content\/uploads\/2016\/11\/aanen_1895.png\"><img loading=\"lazy\" decoding=\"async\" src=\"https:\/\/ww2.fjeldskaar.com\/wp-content\/uploads\/2016\/11\/aanen_1895.png\" alt=\"aanen_1895\" width=\"361\" height=\"103\" \/><\/a><br \/>\nD\u00f8dsprotokoll vedr. Kristines d\u00f8d i 1895<\/p>\n<h2><span style=\"color: #f7efd0;\">.<\/span><\/h2>\n<h2><span style=\"color: #f7efd0;\">.<\/span><\/h2>\n<p><span style=\"color: #f7efd0;\">.<\/span><\/p>\n<p>&nbsp;<\/p>\n<h2 style=\"text-align: left;\"><span style=\"color: #806239; font-size: 24pt; font-family: 'Great Vibes';\">6. Albert Aanensen Eidet<\/span><\/h2>\n<p style=\"text-align: left;\"><strong>1891-1974<\/strong><\/p>\n<p>Albert var emiss\u00e6r.<\/p>\n<p style=\"text-align: center;\"><img loading=\"lazy\" decoding=\"async\" src=\"https:\/\/ww2.fjeldskaar.com\/wp-content\/uploads\/2015\/05\/5_Albertb.jpg\" alt=\"5_Albertb\" width=\"450\" height=\"567\" \/><\/p>\n<p style=\"text-align: left;\">Albert Eidet var bror til Amalie, Emilie, Sigvart og Alfred. Han var f\u00f8dt i 1891, og d\u00f8de i 1974 (og ble gravlagt i Tveit kirkeg\u00e5rd).<\/p>\n<p>Her kommer en liten historie fra en av Alberts klassekamerater p\u00e5 \u00c5lefj\u00e6r skole (Ola Kost\u00f8l, Hunsfosposten, nr 4, 1963)<\/p>\n<p><em>&laquo;Jeg gikk p\u00e5 skole annenhver dag i \u00c5lefj\u00e6rvigen. Skolen var todelt, og l\u00e6rer var Mads \u00d8sterhus fra Birkenes. Han var ungkar og bodde i skolehuset og holdt seg selv med kosten. Somme tider om vinteren n\u00e5r det var kaldt, spiste han middag i klassev\u00e6relset. Der kokte han poteter p\u00e5 ovnen og stekte t\u00f8rt sauekj\u00f8tt p\u00e5 gl\u00f8rne. Det var en flink l\u00e6rer og jevnt over grei og medgj\u00f8rlig, \u2014 men sv\u00e6rt snappsinna. P\u00e5 skolebenken satt jeg sammen med Albert Eidet (den senere s\u00e5 kjente emiss\u00e6ren) og denne var en uforbederlig knekt til \u00e5 gj\u00f8re grimaser og skape seg bak l\u00e6rerens rygg, og jeg kunne ikke holde meg for \u00e5 le og de andre elevene begynte ogs\u00e5 \u00e5 knise. Jeg fikk en alvorlig formaning om \u00e5 sitte ordentlig, men da l\u00e6reren snudde ryggen til var Albert der igjen med grimasene sine og jeg lo h\u00f8ylytt. Det var umulig \u00e5 holde latteren tilbake. Men da l\u00e6reren illr\u00f8d i ansiktet av sinne f\u00f3r nedover gulvet fra kateteret med en linjal i h\u00e5nden og klabbet til meg i hodet med linjalen som brakk tvers av, en bit falt i gulvet med et lite smell og den andre biten sto han med i neven, da satte hele klassen i \u00e5 le, ogs\u00e5 Albert, den skjelmen, og vi fikk frikvarter 10 minutter f\u00f8r tiden.&raquo;<\/em><\/p>\n<p>Han var predikant, og ansatt i Vestlandske Indremisjon, senere i NLM. Han forble ungkar hele livet (noe han visstnok var litt lei seg for), og var if\u00f8lge kilder, prototypen p\u00e5 en ungkar av sin tid (det fortelles at eggene han serverte, hadde en sterk smak av kaffe. Han kokte dem i kaffekjelen). Han hadde en sv\u00e6rt spesiell latter &#8211; han lo p\u00e5 innpust &#8211; &laquo;omtrent som n\u00e5r en haler opp ankerkjettingen p\u00e5 en b\u00e5t&raquo;. Han var en meget klok mann, og han kom stadig med gullkorn i talene, som ellers var preget av det enkle vitnesbyrd, if\u00f8lge Erik Kjebekk, NLMs historiker. Kjebekk bodde en tid i Misjonshuset i Kristiansand, hvor Albert hadde leilighet. Kjebekk sier han har vansker med \u00e5 finne ord som er gode nok til \u00e5 beskrive Alberts store faderlige omsorg for en nabo.<\/p>\n<p style=\"text-align: left;\"><img loading=\"lazy\" decoding=\"async\" class=\"aligncenter\" src=\"https:\/\/ww2.fjeldskaar.com\/wp-content\/uploads\/2015\/05\/File0001.jpg\" alt=\"File0001\" width=\"400\" height=\"320\" \/><\/p>\n<p style=\"text-align: center;\"><a href=\"https:\/\/ww2.fjeldskaar.com\/wp-content\/uploads\/2015\/05\/File0002.jpg\"><br \/>\n<\/a><img loading=\"lazy\" decoding=\"async\" src=\"https:\/\/ww2.fjeldskaar.com\/wp-content\/uploads\/2015\/05\/File0002.jpg\" alt=\"File0002\" width=\"400\" height=\"456\" \/><\/p>\n<p style=\"text-align: center;\"><i>Albert gikk p\u00e5 Framnes Ungdomsskole 1910\/11, og ovenfor er to av sidene i minneboka hans. Selveste Johannes Brandtz\u00e6g skrev et minne, og han bidro ogs\u00e5 selv med en liten epistel.<\/i><\/p>\n<p><a href=\"https:\/\/www.fjeldskaar.com\/wp-content\/uploads\/2021\/04\/2021-04-24-0004-scaled.jpg\"><img loading=\"lazy\" decoding=\"async\" class=\"aligncenter wp-image-8364\" src=\"https:\/\/www.fjeldskaar.com\/wp-content\/uploads\/2021\/04\/2021-04-24-0004-300x184.jpg\" alt=\"\" width=\"450\" height=\"277\" srcset=\"https:\/\/www.fjeldskaar.com\/wp-content\/uploads\/2021\/04\/2021-04-24-0004-300x184.jpg 300w, https:\/\/www.fjeldskaar.com\/wp-content\/uploads\/2021\/04\/2021-04-24-0004-1024x629.jpg 1024w, https:\/\/www.fjeldskaar.com\/wp-content\/uploads\/2021\/04\/2021-04-24-0004-768x472.jpg 768w, https:\/\/www.fjeldskaar.com\/wp-content\/uploads\/2021\/04\/2021-04-24-0004-1536x944.jpg 1536w, https:\/\/www.fjeldskaar.com\/wp-content\/uploads\/2021\/04\/2021-04-24-0004-2048x1258.jpg 2048w\" sizes=\"auto, (max-width: 450px) 100vw, 450px\" \/><\/a><\/p>\n<p style=\"text-align: center;\">\u00c5lefj\u00e6r bedehus ca 1910<\/p>\n<p>Sp\u00f8rsm\u00e5l om bygging av bedehus\/kapell ble reist av sogneprest H. Chr. Halvorsen som nylig hadde kommet til Tveit. Bedehuset ble vedtatt bygget p\u00e5 et m\u00f8te i skolehuset 20. november 1907.\u00a0 Tomten var tilbudt av Ole Osmundsen straks ovenfor skolehuset. Albert var leder i bedehusstyret 1936-37 og 1938.<\/p>\n<p style=\"text-align: center;\"><img loading=\"lazy\" decoding=\"async\" src=\"https:\/\/ww2.fjeldskaar.com\/wp-content\/uploads\/2015\/05\/Albert3.png\" alt=\"\" width=\"637\" height=\"167\" \/><\/p>\n<p style=\"text-align: center;\"><img loading=\"lazy\" decoding=\"async\" src=\"https:\/\/ww2.fjeldskaar.com\/wp-content\/uploads\/2015\/05\/File0001_1.jpg\" alt=\"File0001_1\" width=\"600\" height=\"388\" \/><\/p>\n<p style=\"text-align: center;\"><em>Julehilsen til onkel Albert fra Ruth og William<\/em><\/p>\n<p>&nbsp;<\/p>\n<p style=\"text-align: center;\"><img loading=\"lazy\" decoding=\"async\" src=\"https:\/\/ww2.fjeldskaar.com\/wp-content\/uploads\/2015\/05\/File0005.jpg\" alt=\"File0005\" width=\"500\" height=\"132\" \/><\/p>\n<p style=\"text-align: center;\"><img loading=\"lazy\" decoding=\"async\" src=\"https:\/\/ww2.fjeldskaar.com\/wp-content\/uploads\/2015\/05\/File0002_2.jpg\" alt=\"File0002_2\" width=\"500\" height=\"476\" \/><br \/>\n<em>Albert ga moren Tomine en Bibel julen 1919 med en liten hilsen<\/em><\/p>\n<p>Professor Asbj\u00f8rn Tveiten, NLA, skriver om Albert:<\/p>\n<p align=\"center\"><em>&laquo;Husker han bodde hos oss da jeg var guttunge. Husker han likte \u00e5 fortelle historier. Alle var ikke s\u00e5 veldig gode, men han lo s\u00e5 godt selv med sin ganske spesielle latter. Og da var det umulig ikke \u00e5 le med. Husker han som godt likt, kanskje s\u00e6rlig fordi han var b\u00e5de klok og ikke tok seg selv s\u00e5 h\u00f8ytidelig.&raquo;<\/em><\/p>\n<p align=\"center\"><span style=\"color: #f7efd0;\">.<\/span><\/p>\n<p style=\"text-align: right;\" align=\"center\"><span style=\"color: #ccaa7a;\"><span style=\"font-size: 10pt; font-family: 'book antiqua', palatino;\"> \u00a0 \u00a0<\/span><\/span><a href=\"https:\/\/www.fjeldskaar.com\/en\/villumsen\/besteforeldre\/\"><span style=\"color: #ccaa7a;\"><span style=\"font-size: 10pt; font-family: 'book antiqua', palatino;\">&gt; go to Amalie and Kornelius<\/span><\/span><\/a><\/p>\n<div class=\"pdfprnt-buttons pdfprnt-buttons-page pdfprnt-bottom-right\"><a href=\"https:\/\/www.fjeldskaar.com\/en\/wp-json\/wp\/v2\/pages\/6137?print=print\" class=\"pdfprnt-button pdfprnt-button-print\" target=\"_blank\"><img decoding=\"async\" src=\"https:\/\/www.fjeldskaar.com\/wp-content\/plugins\/pdf-print\/images\/print.png\" alt=\"image_print\" title=\"Print Content\" \/><span class=\"pdfprnt-button-title pdfprnt-button-print-title\">print<\/span><\/a><\/div>","protected":false},"excerpt":{"rendered":"<p>.&lt; g\u00e5 til Tomine og Aanen\u00a0 \u00a0 \u00a0 \u00a0 \u00a0 \u00a0 \u00a0 \u00a0 \u00a0 \u00a0 \u00a0 \u00a0 \u00a0 \u00a0 \u00a0 \u00a0 \u00a0 \u00a0 \u00a0 \u00a0 \u00a0 \u00a0 \u00a0 \u00a0 \u00a0 \u00a0 \u00a0 \u00a0 \u00a0 \u00a0 \u00a0 \u00a0 \u00a0 \u00a0 \u00a0 \u00a0 \u00a0 \u00a0 \u00a0 \u00a0 \u00a0 \u00a0 \u00a0 \u00a0 \u00a0 \u00a0 \u00a0 \u00a0 \u00a0 \u00a0 [&hellip;]<\/p>","protected":false},"author":1,"featured_media":0,"parent":2793,"menu_order":40,"comment_status":"closed","ping_status":"closed","template":"no_sidebar.php","meta":{"footnotes":""},"class_list":["post-6137","page","type-page","status-publish","hentry"],"_links":{"self":[{"href":"https:\/\/www.fjeldskaar.com\/en\/wp-json\/wp\/v2\/pages\/6137","targetHints":{"allow":["GET"]}}],"collection":[{"href":"https:\/\/www.fjeldskaar.com\/en\/wp-json\/wp\/v2\/pages"}],"about":[{"href":"https:\/\/www.fjeldskaar.com\/en\/wp-json\/wp\/v2\/types\/page"}],"author":[{"embeddable":true,"href":"https:\/\/www.fjeldskaar.com\/en\/wp-json\/wp\/v2\/users\/1"}],"replies":[{"embeddable":true,"href":"https:\/\/www.fjeldskaar.com\/en\/wp-json\/wp\/v2\/comments?post=6137"}],"version-history":[{"count":28,"href":"https:\/\/www.fjeldskaar.com\/en\/wp-json\/wp\/v2\/pages\/6137\/revisions"}],"predecessor-version":[{"id":8482,"href":"https:\/\/www.fjeldskaar.com\/en\/wp-json\/wp\/v2\/pages\/6137\/revisions\/8482"}],"up":[{"embeddable":true,"href":"https:\/\/www.fjeldskaar.com\/en\/wp-json\/wp\/v2\/pages\/2793"}],"wp:attachment":[{"href":"https:\/\/www.fjeldskaar.com\/en\/wp-json\/wp\/v2\/media?parent=6137"}],"curies":[{"name":"wp","href":"https:\/\/api.w.org\/{rel}","templated":true}]}}