{"id":2793,"date":"2016-11-11T13:51:20","date_gmt":"2016-11-11T13:51:20","guid":{"rendered":"https:\/\/ww2.fjeldskaar.com\/?page_id=2793"},"modified":"2023-01-23T21:39:32","modified_gmt":"2023-01-23T21:39:32","slug":"eidet","status":"publish","type":"page","link":"https:\/\/www.fjeldskaar.com\/en\/eidet\/","title":{"rendered":"Aanensen"},"content":{"rendered":"<p style=\"text-align: right;\"><span style=\"color: #ccaa7a;\"><span style=\"font-size: 10pt; font-family: 'book antiqua', palatino;\">\u00a0 \u00a0 \u00a0 \u00a0 \u00a0 \u00a0 \u00a0 \u00a0 \u00a0 \u00a0 \u00a0 \u00a0 \u00a0 \u00a0 \u00a0 \u00a0 \u00a0 \u00a0 \u00a0 \u00a0 \u00a0 \u00a0 \u00a0 \u00a0 \u00a0 \u00a0 \u00a0 \u00a0 \u00a0 \u00a0 \u00a0 \u00a0 \u00a0 \u00a0 \u00a0 \u00a0 \u00a0 \u00a0 \u00a0 \u00a0 \u00a0 \u00a0 \u00a0 \u00a0 \u00a0 \u00a0 \u00a0 \u00a0 \u00a0 \u00a0 \u00a0 \u00a0 \u00a0 \u00a0 \u00a0 \u00a0 \u00a0 \u00a0 \u00a0 \u00a0 \u00a0 \u00a0 \u00a0 \u00a0 \u00a0 \u00a0 \u00a0 \u00a0 \u00a0 \u00a0 \u00a0 \u00a0 \u00a0 \u00a0 \u00a0 \u00a0 \u00a0 \u00a0 \u00a0 \u00a0 <\/span><\/span><a href=\"https:\/\/www.fjeldskaar.com\/en\/eidet\/tomine-og-aanens-barn\/\"><span style=\"color: #ccaa7a;\"><span style=\"font-size: 10pt; font-family: 'book antiqua', palatino;\">&gt; go to the next generation<\/span><\/span><\/a><\/p>\n<p align=\"left\"><span style=\"color: #f7efd0;\">.<\/span><\/p>\n<h1 align=\"center\"><span style=\"color: #f7efd0; font-size: 30pt;\"><strong>.<\/strong><\/span><\/h1>\n<h1 align=\"center\"><span style=\"font-family: 'Great Vibes';\"><span style=\"color: #806239; font-size: 30pt;\"><strong>Tomine S\u00f8rensdtr and <\/strong><\/span><span style=\"color: #806239; font-size: 30pt;\"><strong>Aanen Aanensen \u00d8idne<\/strong><\/span><\/span><\/h1>\n<p><span style=\"color: #f7efd0; font-family: 'Great Vibes';\">.<\/span><\/p>\n<p><a href=\"https:\/\/www.fjeldskaar.com\/wp-content\/uploads\/2021\/05\/tomineR2.png\"><img loading=\"lazy\" decoding=\"async\" class=\"aligncenter wp-image-8568\" src=\"https:\/\/www.fjeldskaar.com\/wp-content\/uploads\/2021\/05\/tomineR2-230x300.png\" alt=\"\" width=\"500\" height=\"651\" srcset=\"https:\/\/www.fjeldskaar.com\/wp-content\/uploads\/2021\/05\/tomineR2-230x300.png 230w, https:\/\/www.fjeldskaar.com\/wp-content\/uploads\/2021\/05\/tomineR2-786x1024.png 786w, https:\/\/www.fjeldskaar.com\/wp-content\/uploads\/2021\/05\/tomineR2-768x1000.png 768w, https:\/\/www.fjeldskaar.com\/wp-content\/uploads\/2021\/05\/tomineR2-1179x1536.png 1179w, https:\/\/www.fjeldskaar.com\/wp-content\/uploads\/2021\/05\/tomineR2-1572x2048.png 1572w, https:\/\/www.fjeldskaar.com\/wp-content\/uploads\/2021\/05\/tomineR2.png 1620w\" sizes=\"auto, (max-width: 500px) 100vw, 500px\" \/><\/a><\/p>\n<p dir=\"ltr\" align=\"center\"><a href=\"https:\/\/ww2.fjeldskaar.com\/wp-content\/uploads\/2020\/08\/output-onlinepngtools-22.png\"><img loading=\"lazy\" decoding=\"async\" src=\"https:\/\/ww2.fjeldskaar.com\/wp-content\/uploads\/2020\/08\/output-onlinepngtools-22.png\" alt=\"\" width=\"350\" height=\"41\" \/><\/a><\/p>\n<p dir=\"ltr\" align=\"center\"><a href=\"https:\/\/www.fjeldskaar.com\/wp-content\/uploads\/2021\/03\/output-onlinepngtools-2021-03-29T121332.416.png\"><img loading=\"lazy\" decoding=\"async\" class=\"alignnone wp-image-8072\" src=\"https:\/\/www.fjeldskaar.com\/wp-content\/uploads\/2021\/03\/output-onlinepngtools-2021-03-29T121332.416-300x81.png\" alt=\"\" width=\"600\" height=\"162\" srcset=\"https:\/\/www.fjeldskaar.com\/wp-content\/uploads\/2021\/03\/output-onlinepngtools-2021-03-29T121332.416-300x81.png 300w, https:\/\/www.fjeldskaar.com\/wp-content\/uploads\/2021\/03\/output-onlinepngtools-2021-03-29T121332.416-768x207.png 768w, https:\/\/www.fjeldskaar.com\/wp-content\/uploads\/2021\/03\/output-onlinepngtools-2021-03-29T121332.416.png 919w\" sizes=\"auto, (max-width: 600px) 100vw, 600px\" \/><\/a><\/p>\n<p dir=\"ltr\" align=\"center\"><span style=\"color: #f7efd0;\">.<\/span><\/p>\n<p><a href=\"https:\/\/www.fjeldskaar.com\/wp-content\/uploads\/2021\/03\/chart6.png\"><img loading=\"lazy\" decoding=\"async\" class=\"aligncenter wp-image-7982\" src=\"https:\/\/www.fjeldskaar.com\/wp-content\/uploads\/2021\/03\/chart6-300x140.png\" alt=\"\" width=\"650\" height=\"304\" srcset=\"https:\/\/www.fjeldskaar.com\/wp-content\/uploads\/2021\/03\/chart6-300x140.png 300w, https:\/\/www.fjeldskaar.com\/wp-content\/uploads\/2021\/03\/chart6-1024x479.png 1024w, https:\/\/www.fjeldskaar.com\/wp-content\/uploads\/2021\/03\/chart6-768x359.png 768w, https:\/\/www.fjeldskaar.com\/wp-content\/uploads\/2021\/03\/chart6-1536x718.png 1536w, https:\/\/www.fjeldskaar.com\/wp-content\/uploads\/2021\/03\/chart6-2048x957.png 2048w\" sizes=\"auto, (max-width: 650px) 100vw, 650px\" \/><\/a><\/p>\n<p style=\"text-align: center;\">The closest ancestors to the Amalie and Johan Kornelius (design by FamilySearch)<\/p>\n<p><img loading=\"lazy\" decoding=\"async\" class=\"aligncenter wp-image-8961\" src=\"https:\/\/www.fjeldskaar.com\/wp-content\/uploads\/2022\/11\/tomine_Aanen-300x132.jpg\" alt=\"\" width=\"450\" height=\"198\" srcset=\"https:\/\/www.fjeldskaar.com\/wp-content\/uploads\/2022\/11\/tomine_Aanen-300x132.jpg 300w, https:\/\/www.fjeldskaar.com\/wp-content\/uploads\/2022\/11\/tomine_Aanen-18x8.jpg 18w, https:\/\/www.fjeldskaar.com\/wp-content\/uploads\/2022\/11\/tomine_Aanen.jpg 709w\" sizes=\"auto, (max-width: 450px) 100vw, 450px\" \/><\/p>\n<p align=\"justify\"><span style=\"font-family: 'book antiqua', palatino;\">Tomine S\u00f8rensdtr Eidet was born on J\u00f8rgenstad, Lindesnes in 1860. She died on 15. June 1948, and was the daughter of S\u00f8ren Jacobsen J\u00f8rgenstad and Ingeborg Torstensdatter (see below). According to Tveit church records the bachelor and lumberjack Aanen Aanensen \u00d8idne, b.1852, in Bjelland parish and pige Tomine Regine's S\u00f8rensdtr J\u00f8rgenstad b. 1860, in S\u00f8ndre Undal parish were married the 5. november 1878. Aanen was the son of Aanen Torjesen \u00d8idne and Ingeborg Tjostelsdatter, both from Bjelland. His mother became an early widow, and was living with \"husmand\" Tjostel Sjursen on Rebaas, who was her father (see below). It was probably here Aanen and Anne were born. According to Grindheim church record A-1 Aanen upper \u00d8idne was born 21. September 1852 and baptized 10. October of the same year.<\/span><\/p>\n<p align=\"center\"><img loading=\"lazy\" decoding=\"async\" src=\"https:\/\/ww2.fjeldskaar.com\/wp-content\/uploads\/2015\/05\/AanenKonf1.gif\" alt=\"AanenKonf1\" width=\"500\" height=\"74\" \/><\/p>\n<p style=\"text-align: left;\" align=\"center\"><img loading=\"lazy\" decoding=\"async\" class=\"aligncenter\" src=\"https:\/\/ww2.fjeldskaar.com\/wp-content\/uploads\/2015\/05\/AanenKonf2.gif\" alt=\"AanenKonf2\" width=\"500\" height=\"74\" \/><span style=\"font-family: 'book antiqua', palatino;\"><i>From the church records in Grindheim \u2013 about Aanens confirmation (1867). Here it says that he was born 21\/9-1852 and baptized 10\/10 the same year. He was from \u00d8idne, and was the son of Aanen Torjussen and Ingeborg Tjostelsdtr. He was vaccinated 25\/10-53. Otherwise, there is a comment about the Aanens achievements in Christian knowledge. It is not easy to decipher this, but I guess it means that Aanen had \"maadelig (average) knowledge\". The last comment concerns the behavior and diligence, which is not easy to decipher.<\/i><\/span><\/p>\n<p align=\"center\"><a href=\"https:\/\/www.fjeldskaar.com\/wp-content\/uploads\/2022\/11\/tominelifee.png\"><img loading=\"lazy\" decoding=\"async\" class=\"alignnone wp-image-9027 size-medium\" src=\"https:\/\/www.fjeldskaar.com\/wp-content\/uploads\/2022\/11\/tominelifee-300x223.png\" alt=\"\" width=\"300\" height=\"223\" srcset=\"https:\/\/www.fjeldskaar.com\/wp-content\/uploads\/2022\/11\/tominelifee-300x223.png 300w, https:\/\/www.fjeldskaar.com\/wp-content\/uploads\/2022\/11\/tominelifee-16x12.png 16w, https:\/\/www.fjeldskaar.com\/wp-content\/uploads\/2022\/11\/tominelifee.png 567w\" sizes=\"auto, (max-width: 300px) 100vw, 300px\" \/><\/a><\/p>\n<p align=\"center\"><a href=\"https:\/\/www.fjeldskaar.com\/wp-content\/uploads\/2022\/12\/bibel3.png\">\u00a0 <\/a><a href=\"https:\/\/www.fjeldskaar.com\/wp-content\/uploads\/2022\/12\/bibel3.png\"><img loading=\"lazy\" decoding=\"async\" class=\"alignnone wp-image-9046\" src=\"https:\/\/www.fjeldskaar.com\/wp-content\/uploads\/2022\/12\/bibel3-204x300.png\" alt=\"\" width=\"170\" height=\"250\" srcset=\"https:\/\/www.fjeldskaar.com\/wp-content\/uploads\/2022\/12\/bibel3-204x300.png 204w, https:\/\/www.fjeldskaar.com\/wp-content\/uploads\/2022\/12\/bibel3-697x1024.png 697w, https:\/\/www.fjeldskaar.com\/wp-content\/uploads\/2022\/12\/bibel3-768x1129.png 768w, https:\/\/www.fjeldskaar.com\/wp-content\/uploads\/2022\/12\/bibel3-1045x1536.png 1045w, https:\/\/www.fjeldskaar.com\/wp-content\/uploads\/2022\/12\/bibel3-1393x2048.png 1393w, https:\/\/www.fjeldskaar.com\/wp-content\/uploads\/2022\/12\/bibel3-8x12.png 8w\" sizes=\"auto, (max-width: 170px) 100vw, 170px\" \/>\u00a0\u00a0\u00a0\u00a0 <\/a><a href=\"https:\/\/www.fjeldskaar.com\/wp-content\/uploads\/2022\/12\/bibel4-scaled-e1670077900945.jpg\"><img loading=\"lazy\" decoding=\"async\" class=\"alignnone wp-image-9050\" src=\"https:\/\/www.fjeldskaar.com\/wp-content\/uploads\/2022\/12\/bibel4-scaled-e1670077900945-300x244.jpg\" alt=\"\" width=\"350\" height=\"284\" srcset=\"https:\/\/www.fjeldskaar.com\/wp-content\/uploads\/2022\/12\/bibel4-scaled-e1670077900945-300x244.jpg 300w, https:\/\/www.fjeldskaar.com\/wp-content\/uploads\/2022\/12\/bibel4-scaled-e1670077900945-1024x832.jpg 1024w, https:\/\/www.fjeldskaar.com\/wp-content\/uploads\/2022\/12\/bibel4-scaled-e1670077900945-768x624.jpg 768w, https:\/\/www.fjeldskaar.com\/wp-content\/uploads\/2022\/12\/bibel4-scaled-e1670077900945-1536x1248.jpg 1536w, https:\/\/www.fjeldskaar.com\/wp-content\/uploads\/2022\/12\/bibel4-scaled-e1670077900945-2048x1664.jpg 2048w, https:\/\/www.fjeldskaar.com\/wp-content\/uploads\/2022\/12\/bibel4-scaled-e1670077900945-15x12.jpg 15w\" sizes=\"auto, (max-width: 350px) 100vw, 350px\" \/><\/a><\/p>\n<p align=\"center\"><em>Tomines Bibel, som hun fikk av s\u00f8nnen Albert til Jul 1919<\/em><\/p>\n<p style=\"text-align: left;\" align=\"center\">Livet til Tomine var selvsagt preget av ytre omstendigheter, b\u00e5de lokale og globale omstendigheter. Hun gjennomlevde flere verdensomspennende kriser, bl.a. to verdenskriger, en influensa-pandemi og en \u00f8konomisk depresjon. Influensapandemien kalles ogs\u00e5 spanskesyken. Den hadde sv\u00e6rt h\u00f8y d\u00f8delighet og smittet anslagsvis 500 millioner mennesker \u2013 rundt en fjerdedel av verdens befolkning.<sup id=\"cite_ref-Taubenberger_og_Morens_1-0\" class=\"reference\"><\/sup> Antallet d\u00f8de er ansl\u00e5tt til mellom 17 og 50 millioner, og kanskje s\u00e5 h\u00f8yt som 100 millioner, noe som gj\u00f8r den til en av de verste pandemier i historien.\u00a0<sup id=\"cite_ref-2\" class=\"reference\"><\/sup><sup id=\"cite_ref-3\" class=\"reference\"><\/sup><sup id=\"cite_ref-4\" class=\"reference\"><\/sup>Det antas at det i Norge omkom 13 000\u201315 000 mennesker, de fleste av lungebetennelse eller lungekomplikasjoner.<\/p>\n<p align=\"center\"><a href=\"https:\/\/www.fjeldskaar.com\/wp-content\/uploads\/2021\/04\/alefjaer.png\"><img loading=\"lazy\" decoding=\"async\" class=\"alignnone wp-image-8354\" src=\"https:\/\/www.fjeldskaar.com\/wp-content\/uploads\/2021\/04\/alefjaer-300x188.png\" alt=\"\" width=\"700\" height=\"438\" srcset=\"https:\/\/www.fjeldskaar.com\/wp-content\/uploads\/2021\/04\/alefjaer-300x188.png 300w, https:\/\/www.fjeldskaar.com\/wp-content\/uploads\/2021\/04\/alefjaer.png 726w\" sizes=\"auto, (max-width: 700px) 100vw, 700px\" \/><\/a><\/p>\n<p align=\"center\">\u00c5lefj\u00e6r today<\/p>\n<p style=\"text-align: left;\" align=\"center\"><span style=\"font-family: 'book antiqua', palatino;\">Neither Tomine or Aanen was from \u00c5lefj\u00e6r, but both stayed on the L\u00f8msland Tveit when they married in 1878. <span style=\"color: #0000ff;\"><a style=\"color: #0000ff;\" href=\"https:\/\/www.digitalarkivet.no\/census\/rural-residence\/bf01052215002164\">Here<\/a><\/span> lived Aanens twin sister Anne Aanensdtr \u00d8idne, who was married to Abraham S\u00f8rensen (from Vigmostad). Also Aanens mom lived on L\u00f8msland during the census of 1875; Aanen (tjenestegut (servant) on Landvig) was then on a visit (see <a href=\"https:\/\/www.digitalarkivet.no\/census\/rural-residence\/bf01052215002164\">here<\/a> and<span style=\"color: #0000ff;\">\u00a0<a style=\"color: #0000ff;\" href=\"https:\/\/media.digitalarkivet.no\/view\/52215\/607\">here<\/a><\/span>). Aanen had thus his mother and sister in the L\u00f8msland. Here is a registered <span style=\"color: #0000ff;\"><a style=\"color: #0000ff;\" href=\"https:\/\/media.digitalarkivet.no\/view\/953\/5964\/11\">migration<\/a><\/span>. He moved from Bjelland (<span style=\"color: #0000ff;\"><a style=\"color: #0000ff;\" href=\"https:\/\/media.digitalarkivet.no\/view\/877\/5457\/3\">28\/10-1878<\/a><\/span>), she moved from <a href=\"https:\/\/media.digitalarkivet.no\/view\/6201\/31930\/4\">J\u00f8rgenstad<\/a>. What with Tomine? Was it in L\u00f8msland she met Aanen? Why would she travel to L\u00f8msland? Her mother was from Vigmostad, and it is not unlikely that she knew Abraham S\u00f8rensen from before.<\/span><\/p>\n<p style=\"text-align: left;\" align=\"center\"><span style=\"font-family: 'book antiqua', palatino;\">Around the turn of the century \u00c5lefj\u00e6r was a distinct export harbour where large sailing ships, brigs and steamers loaded lumber for sale to Belgium and England. There were two sawmills in actiobn, namely Kost\u00f8l steam saw and Anders Valley water saw. Kost\u00f8l steamsaw was started in 1882. It is not unlikely that there was this business that drew Aanen to \u00c5lefj\u00e6r. He is listed as a lumberjack, and delivered probably timber to the saw mills. The small village had around the turn of the century a population of about 150 with small and large. Aanen was probably damaged in the work, and in the church records in connection with his death it says \"skovarbeider\"(forest worker), and that he died of \"benbetennelse\"- inflammation in a leg. In connection with her daughter Kristine's death in may 1895 it is said that he was \"fattigunderst\u00f8ttet dagarbeider\" (\"poverty supported\" by the state). He probably already had health issues, and had no permanent job.<\/span><\/p>\n<p align=\"center\"><!--more--><\/p>\n<p style=\"text-align: left;\" align=\"center\"><em><span style=\"font-family: helvetica; font-size: 10pt;\"><a href=\"https:\/\/www.fjeldskaar.com\/wp-content\/uploads\/2021\/04\/2021-04-24-0002-scaled.jpg\"><img loading=\"lazy\" decoding=\"async\" class=\"alignleft wp-image-8356\" src=\"https:\/\/www.fjeldskaar.com\/wp-content\/uploads\/2021\/04\/2021-04-24-0002-278x300.jpg\" alt=\"\" width=\"278\" height=\"300\" srcset=\"https:\/\/www.fjeldskaar.com\/wp-content\/uploads\/2021\/04\/2021-04-24-0002-278x300.jpg 278w, https:\/\/www.fjeldskaar.com\/wp-content\/uploads\/2021\/04\/2021-04-24-0002-948x1024.jpg 948w, https:\/\/www.fjeldskaar.com\/wp-content\/uploads\/2021\/04\/2021-04-24-0002-768x830.jpg 768w, https:\/\/www.fjeldskaar.com\/wp-content\/uploads\/2021\/04\/2021-04-24-0002-1422x1536.jpg 1422w, https:\/\/www.fjeldskaar.com\/wp-content\/uploads\/2021\/04\/2021-04-24-0002-1896x2048.jpg 1896w\" sizes=\"auto, (max-width: 278px) 100vw, 278px\" \/><\/a><\/span><\/em><span style=\"font-family: 'book antiqua', palatino; font-size: 12pt;\"> Illustration: An early morning at the bark-houses in Lilleviga in \u00c5lefj\u00e6r around the year 1900. Here comes the farmers in small boats to deliver oak bark, and the finished cut bark is loaded on board in a smaller freighter. Drawing by Arvid Bergst\u00f8l (Tveit historical society \u00c5rsskrift 2029).<\/span><\/p>\n<p style=\"text-align: left;\" align=\"center\"><em><span style=\"font-family: helvetica; font-size: 10pt;\">From <strong>F\u00e6drelandsvennen (local newspaper)<\/strong> we find small items that tell about the activity on the docks in \u00c5lefj\u00e6r:<br \/>\n<\/span><\/em><span style=\"font-family: helvetica; font-size: 10pt;\"><em>13.08.1880. Provisions of the farmer's forest products has in the summer been good. The price of the load, the table and the bark is a good deal higher than in the previous year. The shipping of the products is of no small importance for Tveds sogn. In the summer have 30-40 larger and smaller vessels at the \u00c5lefj\u00e6r been loaded with the Danish cargo, board, planks, props, and oak bark.<\/em><br \/>\n<em>11.07.1881. From the surrounding farms  a whole lot of timber are brought down to \u00c5lefj\u00e6rfjorden, where a large part is cut to planks, while the smaller cargo is shipped as  props. In the spring and in the summer in \u00c5lefj\u00e6rfjorden it was loaded 26 vessels. When the shipping didn't start until 8. may, it is immediately realized that the traffic has been very lively.<\/em><br \/>\n<em>09.01.1882. The exports from this place has been very great. In 1881 21 vessels were loaded with props for England and Scotland, 28 smaller ships with planks and a cargo for Denmark.<\/em><br \/>\n<em>15.05.1883. The shippong of  lumber from Aalefj\u00e6r, which in previous years has been very significant, also in this year is at their beginning, as the 3 larger and some smaller vessels loaded with lumber for England and Denmark.<\/em><br \/>\n<\/span><!--more--><\/p>\n<p align=\"justify\"><span style=\"font-family: 'book antiqua', palatino;\">Tomines and Aanens daughter Anna Emilie was born 1879 in L\u00f8msland, but when the son Sigvart was born in 1881 they had moved to \u00c5lefj\u00e6r, and Aanen built a small house on Eidet. Tomine and Aanen had six children \u2013 Emilie, Amalie, Sigvart, Alfred, Kristine and Albert. They were all born in Tveid; Anna Emilie born in L\u00f8msland, the other probably on Eidet, \u00c5lefj\u00e6r. One of the children, Kristine, born in 1888, died 21. May 1895, only 6.5 years old of \"gland disease and corrosion\" (according to the church records). Her father, Aanen died the same year as Kristine, 30. november 1895 \u2013 according to the church records as a result of the \"Inflammation in a leg\". Albert (the youngest) was born in 1891, and Emilie (the eldest) born in 1879, so Tomine was a widow with responsibility for five children from 4 to 16 years old. It can't have been easy with five kids; life was not easier after Aanen died. It is also added with pencil in the census in 1900 she was backed from the government because of poverty. It also says that she was the \"owner of the house with the property\". This house has a nice location on Eidet, but is very modest (see picture). She had to buy the house back from the state after Aanen was dead (see below). Perhaps it was Emilie who helped her mother financially; Emilie was then 17 years. Emilie was a seamstress, and worked, perhaps together with Tomine. Alfred became a farmer and shoemaker, and Albert a preacher. See more about these <span style=\"color: #0000ff;\"><a style=\"color: #0000ff;\" href=\"https:\/\/www.fjeldskaar.com\/en\/eidet\/tomine-og-aanens-barn\/\">here<\/a><\/span>.<\/span><\/p>\n<p align=\"justify\"><a href=\"https:\/\/ww2.fjeldskaar.com\/wp-content\/uploads\/2016\/11\/Thomine_96.png\"><img loading=\"lazy\" decoding=\"async\" class=\"aligncenter\" src=\"https:\/\/ww2.fjeldskaar.com\/wp-content\/uploads\/2016\/11\/Thomine_96.png\" alt=\"\" width=\"555\" height=\"303\" \/><\/a><\/p>\n<p align=\"justify\"><a href=\"https:\/\/ww2.fjeldskaar.com\/wp-content\/uploads\/2015\/05\/Nordli.png\"><img loading=\"lazy\" decoding=\"async\" class=\"aligncenter\" src=\"https:\/\/ww2.fjeldskaar.com\/wp-content\/uploads\/2015\/05\/Nordli.png\" alt=\"\" width=\"541\" height=\"414\" \/><\/a><\/p>\n<p style=\"text-align: center;\" align=\"justify\">Tomine bought the house back from the state in July 1896.<\/p>\n<p align=\"justify\"><span style=\"color: #f7efd0;\">.<\/span><\/p>\n<p align=\"justify\"><span style=\"font-family: 'book antiqua', palatino;\">It is mentioned an event  in Tveit historical society \u00e5rsskrift no.16 (2005), where both Tomine and Emilie Aanensen is mentioned. It was signature action among women in connection with the dissolution of the Swedish-Norwegian union in 1905. The referendum in this connection was not really an issue for the women \u2013 they had no voting rights at that time. In 1898 when the men got the general right to vote, the proposal of female suffrage got only 33 votes, and was rejected with the reason that the women do not show sufficient interest. It was on this background an efforts to mobilize women, and in connection with the referendum in 1905, it was initiated a petition from the women, to the support of the men's votes. Both Tomine and Emilie sign this, together with 417 other women from Tveit.<\/span><\/p>\n<p align=\"justify\"><img loading=\"lazy\" decoding=\"async\" src=\"https:\/\/ww2.fjeldskaar.com\/wp-content\/uploads\/2018\/11\/1905.png\" alt=\"\" width=\"519\" height=\"165\" \/>\u00a0 \u00a0\u00a0<a href=\"https:\/\/ww2.fjeldskaar.com\/wp-content\/uploads\/2020\/08\/output-onlinepngtools-21.png\"><img loading=\"lazy\" decoding=\"async\" src=\"https:\/\/ww2.fjeldskaar.com\/wp-content\/uploads\/2020\/08\/output-onlinepngtools-21.png\" alt=\"\" width=\"301\" height=\"61\" \/><\/a><\/p>\n<p dir=\"ltr\" align=\"center\"><img loading=\"lazy\" decoding=\"async\" src=\"https:\/\/ww2.fjeldskaar.com\/wp-content\/uploads\/2015\/05\/Image2-300x236.jpg\" alt=\"Image2\" width=\"300\" height=\"236\" \/>\u00a0\u00a0<a href=\"https:\/\/ww2.fjeldskaar.com\/wp-content\/uploads\/2016\/11\/aanen_1895.png\"><img loading=\"lazy\" decoding=\"async\" src=\"https:\/\/ww2.fjeldskaar.com\/wp-content\/uploads\/2016\/11\/aanen_1895.png\" alt=\"aanen_1895\" width=\"361\" height=\"103\" \/><\/a><br \/>\nTomines house (to the left) and death protocol on Kristine's death in 1895<\/p>\n<p style=\"text-align: center;\" align=\"justify\"><a href=\"https:\/\/ww2.fjeldskaar.com\/wp-content\/uploads\/2016\/11\/aanen2_1895.png\"><img loading=\"lazy\" decoding=\"async\" src=\"https:\/\/ww2.fjeldskaar.com\/wp-content\/uploads\/2016\/11\/aanen2_1895.png\" alt=\"aanen2_1895\" width=\"739\" height=\"172\" \/><\/a><br \/>\n<em>From the death protocol on Aanen's death 30. november 1895<\/em><\/p>\n<p align=\"justify\"><span style=\"color: #f7efd0;\">.<\/span><\/p>\n<p align=\"center\"><img loading=\"lazy\" decoding=\"async\" src=\"https:\/\/ww2.fjeldskaar.com\/wp-content\/uploads\/2015\/05\/tomine1_1.jpg\" alt=\"tomine1_1\" width=\"600\" height=\"151\" \/><\/p>\n<p align=\"center\"><img loading=\"lazy\" decoding=\"async\" src=\"https:\/\/ww2.fjeldskaar.com\/wp-content\/uploads\/2015\/05\/Bilde5_1.jpg\" alt=\"Bilde5_1\" width=\"600\" height=\"228\" \/><\/p>\n<p align=\"center\"><i>As show above,  Ingeborg Kj\u00f8staalsdtr also lives together with Tomine and the kids. It is Tomines mother-in-law.<\/i><\/p>\n<p dir=\"ltr\" align=\"justify\"><span style=\"color: #f7efd0;\"><b>.<\/b><\/span><\/p>\n<p dir=\"ltr\" align=\"justify\"><span style=\"color: #806239; font-size: 14pt;\"><b>J\u00f8rgenstad<\/b><\/span><\/p>\n<p><span style=\"font-family: 'book antiqua', palatino;\">Tomine Regine S\u00f8rensdtr J\u00f8rgenstad was born on J\u00f8rgenstad in 1860. J\u00f8rgenstad is located on the upper Lindesnes, and probably after name J\u00f8rgen, J\u00f8runn, e.l. The usual pronunciation is probably J\u00f8rsta. The first time we find J\u00f8rsta people in tax records is in 1594. In 1611 the farm was apparently divided into outer and inner J\u00f8rgenstad.<\/span><\/p>\n<p><span style=\"font-family: 'book antiqua', palatino;\">Tomine was born at inner J\u00f8rgenstad, and was the daughter of S\u00f8ren Jakobsen (1834-1890) from \u00c5seral and Ingeborg Torstensdtr (1836-1905) from Vigmostad. S\u00f8ren was a farmer and carpenter, Ingeborg was weaving besides being a housewife. Tomine was the second oldest of 4 siblings.<\/span><\/p>\n<p><img loading=\"lazy\" decoding=\"async\" class=\"aligncenter\" src=\"https:\/\/ww2.fjeldskaar.com\/wp-content\/uploads\/2015\/05\/File0001b.jpg\" alt=\"File0001b\" width=\"400\" height=\"168\" \/><\/p>\n<p><img loading=\"lazy\" decoding=\"async\" class=\"alignleft\" src=\"https:\/\/ww2.fjeldskaar.com\/wp-content\/uploads\/2015\/05\/j__renst.gif\" alt=\"j__renst\" width=\"295\" height=\"225\" \/><br \/>\nInner J\u00f8rgenstad, with the farm to S\u00f8ren Jakobsen (blue square)<\/p>\n<p>&nbsp;<\/p>\n<p>&nbsp;<\/p>\n<p>&nbsp;<\/p>\n<p>&nbsp;<\/p>\n<p>&nbsp;<\/p>\n<p><img loading=\"lazy\" decoding=\"async\" class=\"aligncenter\" src=\"https:\/\/ww2.fjeldskaar.com\/wp-content\/uploads\/2015\/05\/S_renIngeborg1857.jpg\" alt=\"S_renIngeborg1857\" width=\"550\" height=\"84\" \/><\/p>\n<p><i>From church records in Spangereid \u2013 marriage between S\u00f8ren Jacobsen and Ingeborg Torstensdtr (1857)<\/i><\/p>\n<p><img loading=\"lazy\" decoding=\"async\" class=\"aligncenter\" src=\"https:\/\/ww2.fjeldskaar.com\/wp-content\/uploads\/2015\/05\/TomineRegine.jpg\" alt=\"TomineRegine\" width=\"550\" height=\"88\" \/><br \/>\nTomines birth (1860) in the church records<\/p>\n<p><img loading=\"lazy\" decoding=\"async\" class=\"aligncenter\" src=\"https:\/\/ww2.fjeldskaar.com\/wp-content\/uploads\/2015\/05\/File0001_3_1.jpg\" alt=\"File0001_3_1\" width=\"250\" height=\"132\" \/><br \/>\nLabel from medisin bottle of Tomine, maybe for  the unrest, of anxiety.<b><br \/>\n<\/b><\/p>\n<p>&nbsp;<\/p>\n<h2><span style=\"color: #f7efd0;\"><b>.<\/b><\/span><\/h2>\n<h2><span style=\"color: #806239; font-size: 24pt; font-family: 'Great Vibes';\"><b>Aanen Aanensen \u00d8idne's ancestors<\/b><\/span><\/h2>\n<p><span style=\"font-family: 'book antiqua', palatino;\">Aanen Aanensen was from Upper \u00d8idne, and was the son of Aanen Torjussen. He died 18. april 1852, a half year before his son, the great-grandfather Aanen, was born. He was buried together with his father Torjus Aanensen. What could be the reason that the father and son died at about the same time, and was buried the same day? Was it disease? Accident? The great-greatson of Aanen's twin sister Anne S\u00f8rensen (Vidar Abrahamsen) says that the story is told in the family about this, is that Torjus Aanensen died a \"natural\" death, 62 years old. The son traveled to the village to arrange the funeral, and on the way got pneumonia and died after a few days.<\/span><\/p>\n<p style=\"text-align: center;\"><a href=\"https:\/\/www.fjeldskaar.com\/wp-content\/uploads\/2021\/04\/output-onlinepngtools-2021-04-25T101558.084.png\"><img loading=\"lazy\" decoding=\"async\" class=\"alignnone wp-image-8373\" src=\"https:\/\/www.fjeldskaar.com\/wp-content\/uploads\/2021\/04\/output-onlinepngtools-2021-04-25T101558.084-300x216.png\" alt=\"\" width=\"600\" height=\"432\" srcset=\"https:\/\/www.fjeldskaar.com\/wp-content\/uploads\/2021\/04\/output-onlinepngtools-2021-04-25T101558.084-300x216.png 300w, https:\/\/www.fjeldskaar.com\/wp-content\/uploads\/2021\/04\/output-onlinepngtools-2021-04-25T101558.084-1024x737.png 1024w, https:\/\/www.fjeldskaar.com\/wp-content\/uploads\/2021\/04\/output-onlinepngtools-2021-04-25T101558.084-768x553.png 768w, https:\/\/www.fjeldskaar.com\/wp-content\/uploads\/2021\/04\/output-onlinepngtools-2021-04-25T101558.084-1536x1105.png 1536w, https:\/\/www.fjeldskaar.com\/wp-content\/uploads\/2021\/04\/output-onlinepngtools-2021-04-25T101558.084-2048x1474.png 2048w\" sizes=\"auto, (max-width: 600px) 100vw, 600px\" \/><\/a><\/p>\n<p>&nbsp;<\/p>\n<p>&nbsp;<\/p>\n<p><img loading=\"lazy\" decoding=\"async\" class=\"aligncenter\" src=\"https:\/\/ww2.fjeldskaar.com\/wp-content\/uploads\/2015\/05\/aanen4_1.jpg\" alt=\"aanen4_1\" width=\"600\" height=\"134\" \/><\/p>\n<p dir=\"ltr\"><img loading=\"lazy\" decoding=\"async\" class=\"aligncenter\" src=\"https:\/\/ww2.fjeldskaar.com\/wp-content\/uploads\/2015\/05\/torgiusb.jpg\" alt=\"torgiusb\" width=\"600\" height=\"290\" \/><\/p>\n<p dir=\"ltr\" style=\"padding-left: 40px;\"><img loading=\"lazy\" decoding=\"async\" src=\"https:\/\/ww2.fjeldskaar.com\/wp-content\/uploads\/2015\/05\/vre___ydna2-300x200.jpg\" alt=\"__vre___ydna2\" width=\"300\" height=\"200\" \/>\u00a0\u00a0<img loading=\"lazy\" decoding=\"async\" src=\"https:\/\/ww2.fjeldskaar.com\/wp-content\/uploads\/2015\/05\/grindheimkyrkje2-300x224.gif\" alt=\"grindheimkyrkje2\" width=\"300\" height=\"224\" \/><a href=\"https:\/\/ww2.fjeldskaar.com\/wp-content\/uploads\/2015\/05\/grindheimkyrkje2.gif\"><br \/>\n<\/a><em>Photos from the Upper \u00d8ydna, Audnedal and Grindheim church<\/em><\/p>\n<p><img loading=\"lazy\" decoding=\"async\" class=\"aligncenter\" src=\"https:\/\/ww2.fjeldskaar.com\/wp-content\/uploads\/2015\/05\/AAnen.jpg\" alt=\"AAnen\" width=\"550\" height=\"124\" \/><br \/>\n<i>Excerpt from church records in Grindheim about Torjus Aanensens and son Aanen Torjussens funeral 20. april 1852. They died 10. and 18. april, respectively.<\/i><\/p>\n<p style=\"text-align: center;\"><span style=\"color: #f7efd0;\"><a href=\"https:\/\/www.fjeldskaar.com\/wp-content\/uploads\/2021\/03\/output-onlinepngtools-98.png\"><img loading=\"lazy\" decoding=\"async\" class=\"alignnone wp-image-7813\" src=\"https:\/\/www.fjeldskaar.com\/wp-content\/uploads\/2021\/03\/output-onlinepngtools-98-300x194.png\" alt=\"\" width=\"600\" height=\"388\" srcset=\"https:\/\/www.fjeldskaar.com\/wp-content\/uploads\/2021\/03\/output-onlinepngtools-98-300x194.png 300w, https:\/\/www.fjeldskaar.com\/wp-content\/uploads\/2021\/03\/output-onlinepngtools-98-1024x661.png 1024w, https:\/\/www.fjeldskaar.com\/wp-content\/uploads\/2021\/03\/output-onlinepngtools-98-768x496.png 768w, https:\/\/www.fjeldskaar.com\/wp-content\/uploads\/2021\/03\/output-onlinepngtools-98-1536x992.png 1536w, https:\/\/www.fjeldskaar.com\/wp-content\/uploads\/2021\/03\/output-onlinepngtools-98-2048x1323.png 2048w\" sizes=\"auto, (max-width: 600px) 100vw, 600px\" \/><\/a>.<\/span><\/p>\n<p style=\"text-align: center;\">In the ancestral chart above we have the a.o. used the family research by Anna Rossevatn, Click to see the chart in better resolution;, designed by FamilySearch.<b><br \/>\n<\/b><\/p>\n<p><span style=\"color: #f7efd0;\">.<\/span><\/p>\n<p><span style=\"font-family: 'book antiqua', palatino;\">There were difficult times in the 1800s. Many people migrated, and some went to America. Here is a small excerpt from the book \"Kultursoga for Bjelland and Grindheim\" (Magnus Breilid), that says a lot about the difficult time. Here is specifically mentioned Grinnem, where Aanen Aanensen Upper \u00d8idne was born in 1852.<\/span><\/p>\n<p><img loading=\"lazy\" decoding=\"async\" class=\"aligncenter\" src=\"https:\/\/ww2.fjeldskaar.com\/wp-content\/uploads\/2015\/05\/File0016b_2.jpg\" alt=\"File0016b_2\" width=\"500\" height=\"161\" \/><\/p>\n<div><span style=\"font-family: 'book antiqua', palatino;\">It was really miserable conditions. The conditions were worse than in any other part of the country. At this time occurred the so-called child wandering. Several families in the interior villages to the west of Agder needed to send the oldest children to the east, to work. Here the houses were larger and the people better off. Children aged 7 to 15 years often walked 150-200 km and was away from home all summer, sometimes all the way from april to november. Many were treated as slaves and put in the hard work. Others were more fortunate.<\/span><\/div>\n<div><span style=\"font-family: 'book antiqua', palatino;\">\u00a0<\/span><\/div>\n<div><span style=\"font-family: 'book antiqua', palatino;\">Below is a map that shows the most famous child wanderer path \u2013 from Kvinesdal to Landvik (136 km).\u00a0<span lang=\"EN-GB\">The village of Konsmo is known for its many child wanderers, and\u00a0<\/span><span lang=\"EN-GB\">Konsmo church<\/span><span lang=\"EN-GB\"> was a focal point in the spring. Here, children from the small farms in the area (probably also from \u00d8idne), met before the road went further east. <\/span>It was often cattle dealers who operated as employment services.<\/span><\/div>\n<div><img loading=\"lazy\" decoding=\"async\" class=\"wp-image-8398 aligncenter\" src=\"https:\/\/www.fjeldskaar.com\/wp-content\/uploads\/2021\/05\/output-onlinepngtools-2021-05-01T090254.340-300x111.png\" alt=\"\" width=\"450\" height=\"166\" srcset=\"https:\/\/www.fjeldskaar.com\/wp-content\/uploads\/2021\/05\/output-onlinepngtools-2021-05-01T090254.340-300x111.png 300w, https:\/\/www.fjeldskaar.com\/wp-content\/uploads\/2021\/05\/output-onlinepngtools-2021-05-01T090254.340-768x284.png 768w, https:\/\/www.fjeldskaar.com\/wp-content\/uploads\/2021\/05\/output-onlinepngtools-2021-05-01T090254.340.png 868w\" sizes=\"auto, (max-width: 450px) 100vw, 450px\" \/><\/div>\n<div><\/div>\n<div style=\"text-align: center;\">\n<p style=\"font-weight: 400; text-align: left;\"><span style=\"font-family: 'book antiqua', palatino;\">The rotting crowns that the kids got in wages, was indispensable in the hard struggle for existence. Valleys is facing north-south, with the high moors between \u2013 to go across these uplands were very hard-nosed. <strong><a href=\"https:\/\/www.fjeldskaar.com\/wp-content\/uploads\/2021\/05\/barnevandringene.pdf\">Here<\/a><\/strong> you can read more about child wanderings.<\/span><\/p>\n<p style=\"font-weight: 400; text-align: left;\"><span style=\"font-family: 'book antiqua', palatino;\">Above it was mentioned that the Aanen was \"tjenestegut\" (servant) on Landvig during the census in 1875. On the basis of the map above, one can wonder why Aanen went to Landvig. This was a terminus of a known child wander path to the east. One possible explanation is that Aanen had been on the Landvig before, through child wandering, and that he as adult (in 1875) returned there because he knew there was work to get, perhaps in relation to the shipbuilding activities in the area.<\/span><\/p>\n<p style=\"text-align: left;\">Aanen began at the school in 1860:<\/p>\n<p><a href=\"https:\/\/www.fjeldskaar.com\/wp-content\/uploads\/2021\/05\/1860-2.jpg\"><img loading=\"lazy\" decoding=\"async\" class=\"alignnone wp-image-8414\" src=\"https:\/\/www.fjeldskaar.com\/wp-content\/uploads\/2021\/05\/1860-2-300x111.jpg\" alt=\"\" width=\"700\" height=\"259\" srcset=\"https:\/\/www.fjeldskaar.com\/wp-content\/uploads\/2021\/05\/1860-2-300x111.jpg 300w, https:\/\/www.fjeldskaar.com\/wp-content\/uploads\/2021\/05\/1860-2-1024x379.jpg 1024w, https:\/\/www.fjeldskaar.com\/wp-content\/uploads\/2021\/05\/1860-2-768x285.jpg 768w, https:\/\/www.fjeldskaar.com\/wp-content\/uploads\/2021\/05\/1860-2-1536x569.jpg 1536w, https:\/\/www.fjeldskaar.com\/wp-content\/uploads\/2021\/05\/1860-2.jpg 1633w\" sizes=\"auto, (max-width: 700px) 100vw, 700px\" \/><\/a><\/p>\n<p style=\"text-align: left;\">The school protocol is scanned on the <strong><a href=\"https:\/\/www.digitalarkivet.no\/search\/sources?s=&amp;from=&amp;to=&amp;format=all&amp;archive_key=&amp;sc%5B%5D=el&amp;m%5B%5D=1024&amp;m%5B%5D=1025\">the digital archive. <\/a><\/strong>It is not possible to see from the these protocols that Aanen (or his father) had a lot of absences, which would suggest that they were child wanderers.<\/p>\n<p>&nbsp;<\/p>\n<\/div>\n<p><!--more--><\/p>\n<p align=\"justify\"><span style=\"color: #f7efd0;\">.<\/span><\/p>\n<p><span style=\"color: #806239; font-size: 14pt;\"><strong>Tosten (optional. Torsten) Olsen<\/strong><\/span><br \/>\n<span style=\"font-family: 'book antiqua', palatino;\">Amalies great-grandfather Tosten Olsen was lease holder and lived on the outer Fjeldskaar during the census in 1865 until his death in 1881. When he settled at Fjeldskaar is unclear. What we do know, is that Tosten married in Vigmostad with Rani Asbj\u00f8rnsdtr and got 3 daughters (Sarah, Oline and Inger Marie), all was confirmed in Vigmostad \u2013 the latest in 1854. Tosten moved from Vigmostad together with his wife and three daughters to Lindesnes in 1857 (see <a href=\"https:\/\/media.digitalarkivet.no\/view\/9856\/46721\/9\">here<\/a>). Two of the daughters married and settled in J\u00f8rgenstad. One of them, Ingeborg Tostensdtr Jakobsen, married S\u00f8ren Jakobsen in 1857 (on J\u00f8rgenstad), and these became Tomine's parents.<\/span><\/p>\n<p><span style=\"font-family: 'book antiqua', palatino;\">The third of the daughters to Tosten Olsen, Oline (f. 1840), married Lars Andreas J\u00f8rgensen and lived on Fjeldskaar. Andreas got the title deed on the gnr 162, bnr 3 in 1868 (the same property as Sofie and Sigvart Aanensen later took over). Oline died only 37 years old, and it seems that Lars Andreas later moved to Aavik.<\/span><\/p>\n<p><a href=\"https:\/\/www.fjeldskaar.com\/wp-content\/uploads\/2021\/04\/output-onlinepngtools-2021-04-24T213250.504.png\"><img loading=\"lazy\" decoding=\"async\" class=\"aligncenter wp-image-8368\" src=\"https:\/\/www.fjeldskaar.com\/wp-content\/uploads\/2021\/04\/output-onlinepngtools-2021-04-24T213250.504-300x190.png\" alt=\"\" width=\"500\" height=\"316\" srcset=\"https:\/\/www.fjeldskaar.com\/wp-content\/uploads\/2021\/04\/output-onlinepngtools-2021-04-24T213250.504-300x190.png 300w, https:\/\/www.fjeldskaar.com\/wp-content\/uploads\/2021\/04\/output-onlinepngtools-2021-04-24T213250.504-1024x648.png 1024w, https:\/\/www.fjeldskaar.com\/wp-content\/uploads\/2021\/04\/output-onlinepngtools-2021-04-24T213250.504-768x486.png 768w, https:\/\/www.fjeldskaar.com\/wp-content\/uploads\/2021\/04\/output-onlinepngtools-2021-04-24T213250.504-1536x972.png 1536w, https:\/\/www.fjeldskaar.com\/wp-content\/uploads\/2021\/04\/output-onlinepngtools-2021-04-24T213250.504-2048x1296.png 2048w\" sizes=\"auto, (max-width: 500px) 100vw, 500px\" \/><\/a><\/p>\n<p><span style=\"font-family: 'book antiqua', palatino;\">Ingeborg and S\u00f8ren's daughter Tomine was born on J\u00f8rgenstad in 1860. Her brother Syvert Olaus (b. 1871) had the title deed of the farm on the Fjeldskaar (g.no. 163, b.(2,3) in 1898. Olaus separated out later plot to Fjeldsk\u00e5r bedehus as a gift (see below). He married Karoline Amalie Olsdatter (b. 1873) in 1897. According to the church records Olaus lived, before they got married, on J\u00f8rgenstad, while Karoline lived in Goxem. They got the daughters Olga and Inga.<\/span><\/p>\n<div>\n<p><img loading=\"lazy\" decoding=\"async\" class=\"size-medium wp-image-8159 alignleft\" src=\"https:\/\/www.fjeldskaar.com\/wp-content\/uploads\/2021\/04\/Fjeldskar_bedehus-300x171.jpg\" alt=\"\" width=\"300\" height=\"171\" srcset=\"https:\/\/www.fjeldskaar.com\/wp-content\/uploads\/2021\/04\/Fjeldskar_bedehus-300x171.jpg 300w, https:\/\/www.fjeldskaar.com\/wp-content\/uploads\/2021\/04\/Fjeldskar_bedehus.jpg 646w\" sizes=\"auto, (max-width: 300px) 100vw, 300px\" \/><\/p>\n<p><span style=\"font-family: 'book antiqua', palatino;\">The chapel (bedehuset) was built in 1911 and it was Olaus and his twin brother Adolf, who built it. When the chapel was finished, 7 members to the board was selected; Olaus was one of them. Of those who signed the protocol in connection with the selection, were Johan Enok Villumsen (the father of Johan Cornelius) and Sigvart Aanensen (brother to the Amalie). The board had the responsibility to ensure that meetings were held. The traditional Easter meetings were well attended, and the chapel was almost too  small for such gatherings.<\/span><\/p>\n<\/div>\n<div><span style=\"font-family: 'book antiqua', palatino;\">The chapel was the major point of meetings in the village. People gathered in the chapel for funeral \u2013 before and after church. First memorial \u2013 so back to get food. Of course, there was 17.may-parties and christmas parties. The chapel was used to various activities, a.o. sewing courses, parties for fishermen, language courses, etc.<\/span><\/div>\n<p><span style=\"font-family: 'book antiqua', palatino;\">Tomines elder sister, Elin Gurine (f. 1857), was married to Tobias Jansen in 1890. They had the deeds of the gnr 162 bnr 4 on Fjeldskaar (indicated by the yellow color and the red line in the figure below). There was probably here Amalie lived in her time on Fjeldskaar. In the census, is it by some names added that they are  \"paid for by fattigvesenet\". If this was the case with Amalie,is not clear. Elin Gurine was widowed after her first marriage with school teacher Johan Teodor Jakobsen after only three years. They got a son in 1878; Gurine also got a son with Tobias Jansen in 1892. In the census for 1900 is stated that Tobias had temporary stay in New York city.<\/span><\/p>\n<p style=\"text-align: center;\"><img loading=\"lazy\" decoding=\"async\" src=\"https:\/\/ww2.fjeldskaar.com\/wp-content\/uploads\/2015\/05\/162_4-300x244.png\" alt=\"162_4\" width=\"300\" height=\"244\" \/><\/p>\n<p style=\"text-align: center;\"><img loading=\"lazy\" decoding=\"async\" src=\"https:\/\/ww2.fjeldskaar.com\/wp-content\/uploads\/2015\/05\/Fjeldsk\u00e5rBedehus.png\" alt=\"Fjeldsk\u00e5rBedehus\" width=\"522\" height=\"80\" \/><\/p>\n<p style=\"text-align: center;\" align=\"justify\">Amalies brother, <strong><a style=\"color: #993300; text-decoration: underline;\" title=\"sofie &amp; sigvart\" href=\"https:\/\/ww2.fjeldskaar.com\/index.php?module=pagemaster&amp;PAGE_user_op=view_page&amp;PAGE_id=32\">Sigvart<\/a><\/strong>, was married to the sister of Johan Kornelius, <strong><a style=\"color: #993300; text-decoration: underline;\" title=\"sofie\" href=\"http:\/\/wp.me\/P6aoJ2-7D\">Sofie<\/a><\/strong>.<\/p>\n<p style=\"text-align: center;\" align=\"justify\"><img loading=\"lazy\" decoding=\"async\" src=\"https:\/\/ww2.fjeldskaar.com\/wp-content\/uploads\/2015\/05\/kart1.jpg\" alt=\"kart1\" width=\"255\" height=\"267\" \/>\u00a0 \u00a0<img loading=\"lazy\" decoding=\"async\" src=\"https:\/\/ww2.fjeldskaar.com\/wp-content\/uploads\/2015\/05\/lefj__r.jpg\" alt=\"__lefj__r\" width=\"239\" height=\"296\" \/><\/p>\n<p style=\"text-align: center;\" align=\"justify\"><em>Map of Upper \u00d8ydna and \u00c5lefj\u00e6r<\/em><\/p>\n<p><img loading=\"lazy\" decoding=\"async\" class=\"aligncenter\" src=\"https:\/\/ww2.fjeldskaar.com\/wp-content\/uploads\/2015\/05\/ydna9_1.jpg\" alt=\"ydna9_1\" width=\"350\" height=\"328\" \/><br \/>\n<i>The farm \"\u00c6kr\u00e5\", b.no. 19, in the Upper \u00d8ydna, that Aanen's grandfather owned. Below we see the nice view from the farm. The pictures are taken in May 2006.<\/i><\/p>\n<p><img loading=\"lazy\" decoding=\"async\" class=\"aligncenter\" src=\"https:\/\/ww2.fjeldskaar.com\/wp-content\/uploads\/2015\/05\/ydna8.jpg\" alt=\"ydna8\" width=\"500\" height=\"254\" \/><\/p>\n<p style=\"text-align: center;\"><img loading=\"lazy\" decoding=\"async\" class=\"aligncenter\" src=\"https:\/\/ww2.fjeldskaar.com\/wp-content\/uploads\/2015\/05\/AanenTorjussen1824.jpg\" alt=\"AanenTorjussen1824\" width=\"550\" height=\"157\" \/><img loading=\"lazy\" decoding=\"async\" class=\"aligncenter\" src=\"https:\/\/ww2.fjeldskaar.com\/wp-content\/uploads\/2015\/05\/AanenTorjussen1850.jpg\" alt=\"AanenTorjussen1850\" width=\"550\" height=\"133\" \/><i>Aanen Torjussens birth (1824) and marriage (1850); from the church records<\/i><img loading=\"lazy\" decoding=\"async\" class=\"aligncenter\" src=\"https:\/\/ww2.fjeldskaar.com\/wp-content\/uploads\/2015\/05\/Ingeborg.jpg\" alt=\"Ingeborg\" width=\"550\" height=\"81\" \/><br \/>\n<i>Ingeborg, Aanens Torjussens mother, dies in 1833<\/i><\/p>\n<p style=\"text-align: center;\"><i><img loading=\"lazy\" decoding=\"async\" src=\"https:\/\/ww2.fjeldskaar.com\/wp-content\/uploads\/2015\/05\/Aanensmor.jpg\" alt=\"Aanensmor\" width=\"550\" height=\"192\" \/><br \/>\nExcerpt from kirkeboka about Ingeborg's (Aanen's mother) birth in 1826<\/i><\/p>\n<p style=\"text-align: center;\"><img loading=\"lazy\" decoding=\"async\" src=\"https:\/\/ww2.fjeldskaar.com\/wp-content\/uploads\/2015\/05\/Aanen2b.jpg\" alt=\"Aanen2b\" width=\"550\" height=\"115\" \/><\/p>\n<p style=\"text-align: center;\">Excerpt from church records in Grindheim on Aanen's birth 21\/9-1852<br \/>\n.<i><br \/>\n<\/i><\/p>\n<p><img loading=\"lazy\" decoding=\"async\" class=\"aligncenter\" src=\"https:\/\/ww2.fjeldskaar.com\/wp-content\/uploads\/2015\/05\/aanen1.jpg\" alt=\"aanen1\" width=\"500\" height=\"48\" \/><a href=\"https:\/\/ww2.fjeldskaar.com\/wp-content\/uploads\/2018\/11\/aanen2.png\"><img loading=\"lazy\" decoding=\"async\" class=\"aligncenter\" src=\"https:\/\/ww2.fjeldskaar.com\/wp-content\/uploads\/2018\/11\/aanen2.png\" alt=\"\" width=\"733\" height=\"49\" \/><\/a><\/p>\n<p style=\"text-align: center;\"><i>Excerpt from Tveit church records for 1895, about Aanen's death. It seems that he died of \"benbet\u00e6nnelse\" (leg inflammation).<\/i><\/p>\n<p style=\"text-align: center;\"><img loading=\"lazy\" decoding=\"async\" class=\"aligncenter\" src=\"https:\/\/ww2.fjeldskaar.com\/wp-content\/uploads\/2015\/05\/IMG_0009b.jpg\" alt=\"IMG_0009b\" width=\"420\" height=\"373\" \/><br \/>\nTomine Eidet in her older days<\/p>\n<p style=\"text-align: center;\"><a href=\"https:\/\/www.fjeldskaar.com\/wp-content\/uploads\/2021\/08\/Anne_Aanensdtr_Sorensen.jpg\"><img loading=\"lazy\" decoding=\"async\" class=\"alignnone wp-image-8699\" src=\"https:\/\/www.fjeldskaar.com\/wp-content\/uploads\/2021\/08\/Anne_Aanensdtr_Sorensen-300x169.jpg\" alt=\"\" width=\"400\" height=\"225\" srcset=\"https:\/\/www.fjeldskaar.com\/wp-content\/uploads\/2021\/08\/Anne_Aanensdtr_Sorensen-300x169.jpg 300w, https:\/\/www.fjeldskaar.com\/wp-content\/uploads\/2021\/08\/Anne_Aanensdtr_Sorensen-1024x576.jpg 1024w, https:\/\/www.fjeldskaar.com\/wp-content\/uploads\/2021\/08\/Anne_Aanensdtr_Sorensen-768x432.jpg 768w, https:\/\/www.fjeldskaar.com\/wp-content\/uploads\/2021\/08\/Anne_Aanensdtr_Sorensen-18x10.jpg 18w, https:\/\/www.fjeldskaar.com\/wp-content\/uploads\/2021\/08\/Anne_Aanensdtr_Sorensen.jpg 1512w\" sizes=\"auto, (max-width: 400px) 100vw, 400px\" \/><\/a>\u00a0 <img loading=\"lazy\" decoding=\"async\" src=\"https:\/\/ww2.fjeldskaar.com\/wp-content\/uploads\/2015\/05\/File0002_3.jpg\" alt=\"File0002_3\" width=\"200\" height=\"214\" \/><\/p>\n<p style=\"text-align: center;\">Bilde og d\u00f8dsannonse for Anne S\u00f8rensen (tvillings\u00f8ster av Aanen)<\/p>\n<p align=\"justify\">\n<div class=\"pdfprnt-buttons pdfprnt-buttons-page pdfprnt-bottom-right\"><a href=\"https:\/\/www.fjeldskaar.com\/en\/wp-json\/wp\/v2\/pages\/2793?print=print\" class=\"pdfprnt-button pdfprnt-button-print\" target=\"_blank\"><img decoding=\"async\" src=\"https:\/\/www.fjeldskaar.com\/wp-content\/plugins\/pdf-print\/images\/print.png\" alt=\"image_print\" title=\"Print Content\" \/><span class=\"pdfprnt-button-title pdfprnt-button-print-title\">print<\/span><\/a><\/div>","protected":false},"excerpt":{"rendered":"<p>\u00a0 \u00a0 \u00a0 \u00a0 \u00a0 \u00a0 \u00a0 \u00a0 \u00a0 \u00a0 \u00a0 \u00a0 \u00a0 \u00a0 \u00a0 \u00a0 \u00a0 \u00a0 \u00a0 \u00a0 \u00a0 \u00a0 \u00a0 \u00a0 \u00a0 \u00a0 \u00a0 \u00a0 \u00a0 \u00a0 \u00a0 \u00a0 \u00a0 \u00a0 \u00a0 \u00a0 \u00a0 \u00a0 \u00a0 \u00a0 \u00a0 \u00a0 \u00a0 \u00a0 \u00a0 \u00a0 \u00a0 \u00a0 \u00a0 \u00a0 \u00a0 \u00a0 \u00a0 \u00a0 \u00a0 [&hellip;]<\/p>","protected":false},"author":1,"featured_media":0,"parent":0,"menu_order":7,"comment_status":"closed","ping_status":"closed","template":"no_sidebar.php","meta":{"footnotes":""},"class_list":["post-2793","page","type-page","status-publish","hentry"],"_links":{"self":[{"href":"https:\/\/www.fjeldskaar.com\/en\/wp-json\/wp\/v2\/pages\/2793","targetHints":{"allow":["GET"]}}],"collection":[{"href":"https:\/\/www.fjeldskaar.com\/en\/wp-json\/wp\/v2\/pages"}],"about":[{"href":"https:\/\/www.fjeldskaar.com\/en\/wp-json\/wp\/v2\/types\/page"}],"author":[{"embeddable":true,"href":"https:\/\/www.fjeldskaar.com\/en\/wp-json\/wp\/v2\/users\/1"}],"replies":[{"embeddable":true,"href":"https:\/\/www.fjeldskaar.com\/en\/wp-json\/wp\/v2\/comments?post=2793"}],"version-history":[{"count":102,"href":"https:\/\/www.fjeldskaar.com\/en\/wp-json\/wp\/v2\/pages\/2793\/revisions"}],"predecessor-version":[{"id":9078,"href":"https:\/\/www.fjeldskaar.com\/en\/wp-json\/wp\/v2\/pages\/2793\/revisions\/9078"}],"wp:attachment":[{"href":"https:\/\/www.fjeldskaar.com\/en\/wp-json\/wp\/v2\/media?parent=2793"}],"curies":[{"name":"wp","href":"https:\/\/api.w.org\/{rel}","templated":true}]}}