{"id":166,"date":"2015-05-09T19:14:06","date_gmt":"2015-05-09T19:14:06","guid":{"rendered":"https:\/\/ww2.fjeldskaar.com\/?page_id=166"},"modified":"2023-02-16T13:46:09","modified_gmt":"2023-02-16T13:46:09","slug":"besteforeldre","status":"publish","type":"page","link":"https:\/\/www.fjeldskaar.com\/en\/besteforeldre\/","title":{"rendered":"Kornelius\/Amalie"},"content":{"rendered":"<p style=\"text-align: left;\"><span style=\"font-size: 10pt;\"><span style=\"color: #f7efd0;\">.<\/span><span style=\"font-size: 8pt;\"><a href=\"https:\/\/www.fjeldskaar.com\/en\/eidet\/\"><span style=\"color: #ccaa7a;\"><span style=\"font-family: 'book antiqua', palatino;\">&lt; go to Amalie&#039;s ancestors<\/span><\/span><\/a><span style=\"color: #ccaa7a;\"><span style=\"font-family: 'book antiqua', palatino;\">\u00a0 \u00a0 \u00a0<\/span><\/span><span style=\"color: #ccaa7a;\"><span style=\"font-family: 'book antiqua', palatino;\"><br \/>\n<\/span><\/span><span style=\"color: #f7efd0;\">.<\/span><a href=\"https:\/\/www.fjeldskaar.com\/en\/villumsen\/karen-gurine-og-johan-enok\/\"><span style=\"color: #ccaa7a;\"><span style=\"font-family: 'book antiqua', palatino;\">&lt; go to Kornelius&#039; ancestors<\/span><\/span><\/a><\/span><\/span><span style=\"color: #ccaa7a;\"><span style=\"font-size: 10pt; font-family: 'book antiqua', palatino;\"><span style=\"font-size: 8pt;\">\u00a0<\/span> \u00a0 \u00a0 \u00a0 \u00a0 \u00a0 \u00a0<\/span><\/span><\/p>\n<h2 style=\"text-align: center;\"><span style=\"color: #f7efd0; font-size: 30pt;\">.<\/span><\/h2>\n<h2 style=\"text-align: center;\"><span style=\"color: #806239; font-size: 30pt; font-family: 'Great Vibes';\">Johan Kornelius Fjeldskaar<\/span><\/h2>\n<p style=\"text-align: center;\"><span style=\"font-size: 18pt; color: #806239; font-family: 'Great Vibes';\"><strong>02.08.1884 &#8211; 29.02.1948<\/strong><\/span><\/p>\n<p style=\"text-align: center;\">\u00a0 <a href=\"https:\/\/www.fjeldskaar.com\/wp-content\/uploads\/2021\/05\/Remini20210505230151579.jpg\"><img loading=\"lazy\" decoding=\"async\" class=\"alignnone wp-image-8436\" src=\"https:\/\/www.fjeldskaar.com\/wp-content\/uploads\/2021\/05\/Remini20210505230151579-277x300.jpg\" alt=\"\" width=\"350\" height=\"380\" srcset=\"https:\/\/www.fjeldskaar.com\/wp-content\/uploads\/2021\/05\/Remini20210505230151579-277x300.jpg 277w, https:\/\/www.fjeldskaar.com\/wp-content\/uploads\/2021\/05\/Remini20210505230151579-944x1024.jpg 944w, https:\/\/www.fjeldskaar.com\/wp-content\/uploads\/2021\/05\/Remini20210505230151579-768x833.jpg 768w, https:\/\/www.fjeldskaar.com\/wp-content\/uploads\/2021\/05\/Remini20210505230151579.jpg 1352w\" sizes=\"auto, (max-width: 350px) 100vw, 350px\" \/> \u00a0<\/a><a href=\"https:\/\/www.fjeldskaar.com\/wp-content\/uploads\/2021\/05\/Remini20210505230250171.jpg\"><img loading=\"lazy\" decoding=\"async\" class=\"alignnone wp-image-8435\" src=\"https:\/\/www.fjeldskaar.com\/wp-content\/uploads\/2021\/05\/Remini20210505230250171-264x300.jpg\" alt=\"\" width=\"334\" height=\"380\" srcset=\"https:\/\/www.fjeldskaar.com\/wp-content\/uploads\/2021\/05\/Remini20210505230250171-264x300.jpg 264w, https:\/\/www.fjeldskaar.com\/wp-content\/uploads\/2021\/05\/Remini20210505230250171-900x1024.jpg 900w, https:\/\/www.fjeldskaar.com\/wp-content\/uploads\/2021\/05\/Remini20210505230250171-768x874.jpg 768w, https:\/\/www.fjeldskaar.com\/wp-content\/uploads\/2021\/05\/Remini20210505230250171.jpg 1302w\" sizes=\"auto, (max-width: 334px) 100vw, 334px\" \/><\/a><a href=\"https:\/\/www.fjeldskaar.com\/wp-content\/uploads\/2021\/05\/Remini20210505230151579.jpg\"> \u00a0<\/a><\/p>\n<p style=\"text-align: center;\"><img loading=\"lazy\" decoding=\"async\" src=\"https:\/\/ww2.fjeldskaar.com\/wp-content\/uploads\/2020\/08\/output-onlinepngtools-66.png\" alt=\"\" width=\"300\" height=\"80\" \/><\/p>\n<p style=\"text-align: center;\">\u00ab<em>Our life time consists of short moments, so we have no time to criticize each other<\/em>\u00ab<\/p>\n<p style=\"text-align: center;\">(preacher Johan Kornelius Fjeldskaar; quoted by Paulus Barth Nielsen)<\/p>\n<p>&nbsp;<\/p>\n<p style=\"text-align: center;\"><a href=\"https:\/\/ww2.fjeldskaar.com\/wp-content\/uploads\/2015\/05\/daapsattest_1.jpg\"><img loading=\"lazy\" decoding=\"async\" src=\"https:\/\/ww2.fjeldskaar.com\/wp-content\/uploads\/2015\/05\/daapsattest_1-300x238.jpg\" alt=\"daapsattest_1\" width=\"300\" height=\"238\" \/><\/a> <a href=\"https:\/\/ww2.fjeldskaar.com\/wp-content\/uploads\/2015\/05\/fjeldskaarr_copy.gif\"><img loading=\"lazy\" decoding=\"async\" src=\"https:\/\/ww2.fjeldskaar.com\/wp-content\/uploads\/2015\/05\/fjeldskaarr_copy-286x300.gif\" alt=\"fjeldskaarr_copy\" width=\"286\" height=\"300\" \/><\/a><\/p>\n<p style=\"text-align: left;\">Baptism and confirmation certificate for Kornelius (left); the farm Fjeldsk\u00e5r anno June 2006 (right). The farm was owned by Johan Enok (Johan Kornelius's father), and was taken over by Johan Kornelius' half-brother Gerhard. <a href=\"https:\/\/www.fjeldskaar.com\/en\/villumsen\/willys-slekt\/fjeldskar-garden\/\"><strong>Here<\/strong><\/a> is an excerpt from the inheritance settlement after Gerhard.<\/p>\n<p style=\"text-align: justify;\">Johan Kornelius was the son of <a href=\"https:\/\/www.fjeldskaar.com\/en\/villumsen\/\"><span style=\"color: #806239;\"><strong>Karen Gurine and Johan Enok<\/strong><\/span><\/a>, and was born 2\/8-1884 in Flateb\u00f8 in Spangereid. The story goes that he was called \"the guy with the hair\"; he had dark hair, and had nice curls. This is visible on some photos below.<\/p>\n<p><a href=\"https:\/\/www.fjeldskaar.com\/wp-content\/uploads\/2022\/11\/korneliulife.png\"><img loading=\"lazy\" decoding=\"async\" class=\"aligncenter wp-image-9020 size-medium\" src=\"https:\/\/www.fjeldskaar.com\/wp-content\/uploads\/2022\/11\/korneliulife-300x236.png\" alt=\"\" width=\"300\" height=\"236\" srcset=\"https:\/\/www.fjeldskaar.com\/wp-content\/uploads\/2022\/11\/korneliulife-300x236.png 300w, https:\/\/www.fjeldskaar.com\/wp-content\/uploads\/2022\/11\/korneliulife-15x12.png 15w, https:\/\/www.fjeldskaar.com\/wp-content\/uploads\/2022\/11\/korneliulife.png 524w\" sizes=\"auto, (max-width: 300px) 100vw, 300px\" \/><\/a><\/p>\n<p style=\"text-align: center;\"><em>Fra Family Search (bilde fra Fjeldskaar.com)<\/em><\/p>\n<p>I l\u00f8pet av Johan Kornelius&#8217; liv, var det flere verdensomspennende kriser, bl.a. to verdenskriger, en influensa-pandemi og en \u00f8konomisk depresjon. Disse globale vanskelige periodene har selvsagt ogs\u00e5 ogs\u00e5 p\u00e5virket Johan Kornelius&#8217; liv &#8211; i ulik grad. Influensapandemien kalles ogs\u00e5 spanskesyken. Den hadde sv\u00e6rt h\u00f8y d\u00f8delighet og smittet anslagsvis 500 millioner mennesker \u2013 rundt en fjerdedel av verdens befolkning.<sup id=\"cite_ref-Taubenberger_og_Morens_1-0\" class=\"reference\"><\/sup> Antallet d\u00f8de er ansl\u00e5tt til mellom 17 og 50 millioner, og kanskje s\u00e5 h\u00f8yt som 100 millioner, noe som gj\u00f8r den til en av de verste pandemier i historien.\u00a0<sup id=\"cite_ref-2\" class=\"reference\"><\/sup><sup id=\"cite_ref-3\" class=\"reference\"><\/sup><sup id=\"cite_ref-4\" class=\"reference\"><\/sup>Det antas at det i Norge omkom 13 000\u201315 000 mennesker, de fleste av lungebetennelse eller lungekomplikasjoner.<\/p>\n<p><span style=\"color: #f7efd0;\">.<\/span><\/p>\n<p><a href=\"https:\/\/www.fjeldskaar.com\/wp-content\/uploads\/2021\/04\/Goksem_skole.jpg\"><img loading=\"lazy\" decoding=\"async\" class=\"aligncenter wp-image-8126\" src=\"https:\/\/www.fjeldskaar.com\/wp-content\/uploads\/2021\/04\/Goksem_skole-300x194.jpg\" alt=\"\" width=\"400\" height=\"259\" srcset=\"https:\/\/www.fjeldskaar.com\/wp-content\/uploads\/2021\/04\/Goksem_skole-300x194.jpg 300w, https:\/\/www.fjeldskaar.com\/wp-content\/uploads\/2021\/04\/Goksem_skole-768x498.jpg 768w, https:\/\/www.fjeldskaar.com\/wp-content\/uploads\/2021\/04\/Goksem_skole.jpg 836w\" sizes=\"auto, (max-width: 400px) 100vw, 400px\" \/><\/a><\/p>\n<p style=\"text-align: left;\">Goksem (Gauksum) is from old days a farm located in Lindesnes municipality in Vest-Agder county, between Ramsland and Fjeldsk\u00e5r. It was until 1964 the place for the elementary school for residents of Lindesnes. In 1964 the school was closed down and the school moved to Spangereid. The school-house in the photo was built in 1891. Both Johan Kornelius and Amalie went to this school (see school protocol further down).<\/p>\n<p><a href=\"https:\/\/www.fjeldskaar.com\/wp-content\/uploads\/2021\/05\/kornelius11.png\"><img loading=\"lazy\" decoding=\"async\" class=\"aligncenter wp-image-8550 size-medium\" src=\"https:\/\/www.fjeldskaar.com\/wp-content\/uploads\/2021\/05\/kornelius11-256x300.png\" alt=\"\" width=\"256\" height=\"300\" srcset=\"https:\/\/www.fjeldskaar.com\/wp-content\/uploads\/2021\/05\/kornelius11-256x300.png 256w, https:\/\/www.fjeldskaar.com\/wp-content\/uploads\/2021\/05\/kornelius11.png 649w\" sizes=\"auto, (max-width: 256px) 100vw, 256px\" \/><\/a><\/p>\n<p style=\"text-align: center;\"><em>Johan Kornelius (click to see larger image)<\/em><\/p>\n<p>Johan Kornelius was born on Flateb\u00f8, but moved (a couple of km) with his family to Fjeldskaar ca 1890. When they moved to Fjeldskaar, Johan Kornelius 6 years. Two years after they moved, when Kornelius was 8, Johan Enok married Teodine Emilie T\u00f8rresdatter (from J\u00f8rgenstad). It is not unlikely that she (before they married) had been a maid at the Johan Enoch when he was a widower with two small kids. When they got married, the family relations became a little intricate because Teodine was cousin with Tomine (mother of Amalie).<\/p>\n<p>Johan Enok and Teodine had four children, who then were Kornelius' half-siblings. It must have been crowded in the little house on Fjeldskaar \u2013 Johan Enok with his kids Johan Kornelius and Sofie from the first marriage and his 2nd wife Teodine with the kids Edvarda, Sigurd, Gerhard and Marie.<\/p>\n<p><a href=\"https:\/\/www.fjeldskaar.com\/wp-content\/uploads\/2021\/05\/korneliusR.png\"><img loading=\"lazy\" decoding=\"async\" class=\"aligncenter wp-image-8526\" src=\"https:\/\/www.fjeldskaar.com\/wp-content\/uploads\/2021\/05\/korneliusR-236x300.png\" alt=\"\" width=\"280\" height=\"356\" srcset=\"https:\/\/www.fjeldskaar.com\/wp-content\/uploads\/2021\/05\/korneliusR-236x300.png 236w, https:\/\/www.fjeldskaar.com\/wp-content\/uploads\/2021\/05\/korneliusR-805x1024.png 805w, https:\/\/www.fjeldskaar.com\/wp-content\/uploads\/2021\/05\/korneliusR-768x977.png 768w, https:\/\/www.fjeldskaar.com\/wp-content\/uploads\/2021\/05\/korneliusR-1207x1536.png 1207w, https:\/\/www.fjeldskaar.com\/wp-content\/uploads\/2021\/05\/korneliusR.png 1287w\" sizes=\"auto, (max-width: 280px) 100vw, 280px\" \/><\/a><\/p>\n<p style=\"text-align: center;\">Click to see a bigger picture<\/p>\n<p>Johan Kornelius ble konfirmert i 1898. Han er ikke registrert p\u00e5 Fjeldskaar under folketellingen i 1900, s\u00e5 da hadde han nok flyttet hjemmefra. Men hvor ble han av?\u00a0 Den eneste som er \u00e5 finne i Folketellingen p\u00e5 S\u00f8rlandet i 1900 som heter Johan Kornelius (eller bare Kornelius, eller bare Enoksen, evt Fjeldskaar), og kan tenkes \u00e5 v\u00e6re Johan Kornelius Villumsen Fjeldskaar, er bosatt i Farsund og registrert under navnet Johan Kornelius Wilhelmsen, f\u00f8dt i S\u00f8ndre Undal i 1884. Det stemmer iallfall &laquo;v\u00e5r&raquo; Johan Kornelius var f\u00f8dt i S\u00f8ndre Undal i 1884. Det kan tenkes at navnet er skrevet feil, og at det skulle v\u00e6re Villumsen, som jo var faren sitt etternavn. Hvis dette er farfar Johan Kornelius, s\u00e5 var han alts\u00e5 &laquo;snedkerl\u00e6rling&raquo; i Farsund \u00e5r 1900.<\/p>\n<p><!--more--><\/p>\n<p><a href=\"https:\/\/www.fjeldskaar.com\/wp-content\/uploads\/2021\/05\/Farsund_bilde.jpg\"><img loading=\"lazy\" decoding=\"async\" class=\"aligncenter wp-image-8502\" src=\"https:\/\/www.fjeldskaar.com\/wp-content\/uploads\/2021\/05\/Farsund_bilde-300x165.jpg\" alt=\"\" width=\"350\" height=\"193\" srcset=\"https:\/\/www.fjeldskaar.com\/wp-content\/uploads\/2021\/05\/Farsund_bilde-300x165.jpg 300w, https:\/\/www.fjeldskaar.com\/wp-content\/uploads\/2021\/05\/Farsund_bilde-768x422.jpg 768w, https:\/\/www.fjeldskaar.com\/wp-content\/uploads\/2021\/05\/Farsund_bilde.jpg 1000w\" sizes=\"auto, (max-width: 350px) 100vw, 350px\" \/><\/a><\/p>\n<p><span style=\"font-family: arial, sans-serif;\">Kornelius' sister, Sofie, used the surname Villumsen when she married, which strengthens the assumption that \"carpenter apprentice\" Johan Kornelius Wilhelmsen <\/span>in the census in Farsund was a typo for Johan Kornelius Villumsen from Fjeldskaar.<\/p>\n<p><a href=\"https:\/\/www.fjeldskaar.com\/wp-content\/uploads\/2021\/05\/Kornelius_1900.png\"><img loading=\"lazy\" decoding=\"async\" class=\"aligncenter wp-image-8460\" src=\"https:\/\/www.fjeldskaar.com\/wp-content\/uploads\/2021\/05\/Kornelius_1900-300x98.png\" alt=\"\" width=\"600\" height=\"196\" srcset=\"https:\/\/www.fjeldskaar.com\/wp-content\/uploads\/2021\/05\/Kornelius_1900-300x98.png 300w, https:\/\/www.fjeldskaar.com\/wp-content\/uploads\/2021\/05\/Kornelius_1900-1024x335.png 1024w, https:\/\/www.fjeldskaar.com\/wp-content\/uploads\/2021\/05\/Kornelius_1900-768x251.png 768w, https:\/\/www.fjeldskaar.com\/wp-content\/uploads\/2021\/05\/Kornelius_1900.png 1420w\" sizes=\"auto, (max-width: 600px) 100vw, 600px\" \/><\/a><\/p>\n<p>What was featuring Farsund in Kornelius' youth? Farsund has been a significant maritime city. Already in 1795 the city received the status as a 'ladested', and the city was built on the export of lobster and lumber. In 1837 115 vessels with 470 man crew were residing in the city. In 1914 little Farsund had almost 1500 inhabitants fifth among Norway's maritime cities. In the early 1900s, there were several shipping companies which saw the light of day in Farsund.<\/p>\n<p><a href=\"https:\/\/www.fjeldskaar.com\/wp-content\/uploads\/2021\/05\/farsundkart.png\"><img loading=\"lazy\" decoding=\"async\" class=\"aligncenter wp-image-8501\" src=\"https:\/\/www.fjeldskaar.com\/wp-content\/uploads\/2021\/05\/farsundkart-300x232.png\" alt=\"\" width=\"350\" height=\"270\" srcset=\"https:\/\/www.fjeldskaar.com\/wp-content\/uploads\/2021\/05\/farsundkart-300x232.png 300w, https:\/\/www.fjeldskaar.com\/wp-content\/uploads\/2021\/05\/farsundkart.png 606w\" sizes=\"auto, (max-width: 350px) 100vw, 350px\" \/><\/a><\/p>\n<div dir=\"ltr\">It was to this city Kornelius moved; it wasn't a long trip by boat from Lindesnes (see map). But what kind of carpenter apprentice was he really? On various documents he is called both house building worker, carpenter and timberman. On emigration documents for a travel to the US in 1925 he says, however, he is a \"Joiner\". Did he work as joiner in the United States? And did he work with furniture carpentry in Farsund? Was he connected to the shipyards in Farsund? On inventory of the ship, perhaps? There are many unanswered questions, yet. But what we (think we) know, is that he was in Farsund on 3. December 1900, when the census took place. We don't know when he came to the town, and nor how long he stayed. Maybe he was there only a short time. Or maybe he came to town shortly after confirmation in 1898, and remained there until he traveled to the United States in 1905. He is not to be found in tax protocols for Farsund between 1900 and 1905. But it was only those above a certain minimum income, which was registered in these protocols.<\/div>\n<div dir=\"ltr\"><\/div>\n<p><!--more--><\/p>\n<div dir=\"ltr\"><\/div>\n<div dir=\"ltr\">Shortly after the census, in august 1901, Farsund was hit by a catastrophic city fire. 140 house, two-thirds of the city's buildings, burnt down to the ground. It was so bad that the journal \"Farmand\" demanded that \"Farsund should absolutely be deserted and not be rebuilt\". We now know that the invitation was not followed. During the reconstruction, which lasted until 1904, the town was rebuilt with an architecture that was then popular. It must have been pretty miserable conditions for the inhabitants of the city, after two-thirds of the houses were gone; how did they obtain the housing for all? Of course, there was the need for all handymen that could be found, to do the work. If Kornelius was still in the city during the reconstruction, he had certainly more than enough to do as a carpenter, whether he was a cabinetmaker or carpenter. If he contributed to the reconstruction until 1904, he had probably very low income and would therefore not be registered in the tax protocols.<\/div>\n<div dir=\"ltr\"><\/div>\n<p><!--more--><\/p>\n<div dir=\"ltr\"><\/div>\n<div dir=\"ltr\"><a href=\"https:\/\/www.fjeldskaar.com\/wp-content\/uploads\/2021\/05\/NF.34897-046-scaled.jpg\"><img loading=\"lazy\" decoding=\"async\" class=\"aligncenter wp-image-8515\" src=\"https:\/\/www.fjeldskaar.com\/wp-content\/uploads\/2021\/05\/NF.34897-046-300x230.jpg\" alt=\"\" width=\"380\" height=\"292\" srcset=\"https:\/\/www.fjeldskaar.com\/wp-content\/uploads\/2021\/05\/NF.34897-046-300x230.jpg 300w, https:\/\/www.fjeldskaar.com\/wp-content\/uploads\/2021\/05\/NF.34897-046-1024x786.jpg 1024w, https:\/\/www.fjeldskaar.com\/wp-content\/uploads\/2021\/05\/NF.34897-046-768x589.jpg 768w, https:\/\/www.fjeldskaar.com\/wp-content\/uploads\/2021\/05\/NF.34897-046-1536x1179.jpg 1536w, https:\/\/www.fjeldskaar.com\/wp-content\/uploads\/2021\/05\/NF.34897-046-2048x1571.jpg 2048w\" sizes=\"auto, (max-width: 380px) 100vw, 380px\" \/><\/a><\/div>\n<div dir=\"ltr\"><em>Farsund after the great fire in 1901. Consul Peter Sundts house in Kirkegaten 1 is undamaged. Photographed 1901 by Rolf Sundt sr. (From the Norwegian Folk Museum; NF.34897-046).<\/em><\/div>\n<div dir=\"ltr\"><span style=\"color: #f7efd0;\">.<\/span><\/div>\n<div dir=\"ltr\"><\/div>\n<p><!--more--><\/p>\n<p style=\"text-align: justify;\"><a href=\"https:\/\/www.fjeldskaar.com\/wp-content\/uploads\/2021\/05\/kornelius_USA1925b.png\"><img loading=\"lazy\" decoding=\"async\" class=\"aligncenter wp-image-8533\" src=\"https:\/\/www.fjeldskaar.com\/wp-content\/uploads\/2021\/05\/kornelius_USA1925b-300x16.png\" alt=\"\" width=\"700\" height=\"38\" srcset=\"https:\/\/www.fjeldskaar.com\/wp-content\/uploads\/2021\/05\/kornelius_USA1925b-300x16.png 300w, https:\/\/www.fjeldskaar.com\/wp-content\/uploads\/2021\/05\/kornelius_USA1925b-768x42.png 768w, https:\/\/www.fjeldskaar.com\/wp-content\/uploads\/2021\/05\/kornelius_USA1925b.png 970w\" sizes=\"auto, (max-width: 700px) 100vw, 700px\" \/><\/a><\/p>\n<p style=\"text-align: center;\">Passenger document for Kornelius' USA-travel in 1925, which shows that he first traveled to the United States in 1905.<\/p>\n<p><span style=\"color: #f7efd0;\">.<\/span><\/p>\n<p><!--more--><\/p>\n<p><img loading=\"lazy\" decoding=\"async\" class=\"wp-image-6665 aligncenter\" src=\"https:\/\/ww2.fjeldskaar.com\/wp-content\/uploads\/2020\/08\/output-onlinepngtools-49-1.png\" alt=\"\" width=\"423\" height=\"271\" srcset=\"https:\/\/www.fjeldskaar.com\/wp-content\/uploads\/2020\/08\/output-onlinepngtools-49-1.png 523w, https:\/\/www.fjeldskaar.com\/wp-content\/uploads\/2020\/08\/output-onlinepngtools-49-1-300x192.png 300w\" sizes=\"auto, (max-width: 423px) 100vw, 423px\" \/><\/p>\n<p style=\"text-align: center;\"><em>Kornelius and Amalie married in New York City 10. July 1906<\/em><\/p>\n<p><a href=\"https:\/\/www.fjeldskaar.com\/wp-content\/uploads\/2023\/02\/1859b-1.png\"><img loading=\"lazy\" decoding=\"async\" class=\"aligncenter wp-image-9293\" src=\"https:\/\/www.fjeldskaar.com\/wp-content\/uploads\/2023\/02\/1859b-1-300x129.png\" alt=\"\" width=\"500\" height=\"215\" srcset=\"https:\/\/www.fjeldskaar.com\/wp-content\/uploads\/2023\/02\/1859b-1-300x129.png 300w, https:\/\/www.fjeldskaar.com\/wp-content\/uploads\/2023\/02\/1859b-1-18x8.png 18w, https:\/\/www.fjeldskaar.com\/wp-content\/uploads\/2023\/02\/1859b-1.png 683w\" sizes=\"auto, (max-width: 500px) 100vw, 500px\" \/><\/a><\/p>\n<p>&nbsp;<\/p>\n<p style=\"text-align: justify;\">Kornelius and Amalie travelled the first time to the United States in 1905 and 30. January 1906, respectively. Half a year later they got married in New York City. She joined Kornelius on some of his later travels to the US. On one of his journeys, <span style=\"color: #806239;\"><a style=\"color: #806239;\" href=\"https:\/\/www.fjeldskaar.com\/en\/villumsen\/besteforeldre\/ruth\/\"><b>Ruth<\/b><\/a><\/span> was born (1907); on another journey (1911) <span style=\"color: #806239;\"><a style=\"color: #806239;\" href=\"https:\/\/www.fjeldskaar.com\/en\/villumsen\/besteforeldre\/far\/\"><b>William was<\/b><\/a><\/span>\u00a0born. Both Ruth and William was later with him to the US. William was in the US for 5 years from the time he was 15 years old. Ruth stayed in the US. They got additional two boys, <span style=\"color: #806239;\"><a style=\"color: #806239;\" href=\"https:\/\/www.fjeldskaar.com\/en\/villumsen\/besteforeldre\/einar\/\"><b>Einar<\/b><\/a> <\/span>and <span style=\"color: #806239;\"><a style=\"color: #806239;\" href=\"https:\/\/www.fjeldskaar.com\/en\/villumsen\/besteforeldre\/arnfinn\/\"><b>Arnfinn<\/b><\/a><\/span>.<\/p>\n<p style=\"text-align: justify;\">Johan Kornelius also worked as a carpenter in Norway, but probably not particularly remunerative. He did a lot of volunteer work, and there are not few pulpits around the country, which he has built. It wasn't rare that he, on his preacher travels, \"paid\" for the hospitality (accommodation and meals) with his carpentry, and made small furniture.<\/p>\n<p>&nbsp;<\/p>\n<p><span style=\"font-size: 14pt;\"><strong>Hvor var haugianerne?<\/strong><\/span><\/p>\n<p><a href=\"https:\/\/www.fjeldskaar.com\/wp-content\/uploads\/2023\/01\/hansNH-300x196-3.jpg\"><img loading=\"lazy\" decoding=\"async\" class=\"alignleft wp-image-9259 size-full\" src=\"https:\/\/www.fjeldskaar.com\/wp-content\/uploads\/2023\/01\/hansNH-300x196-3.jpg\" alt=\"\" width=\"300\" height=\"196\" srcset=\"https:\/\/www.fjeldskaar.com\/wp-content\/uploads\/2023\/01\/hansNH-300x196-3.jpg 300w, https:\/\/www.fjeldskaar.com\/wp-content\/uploads\/2023\/01\/hansNH-300x196-3-18x12.jpg 18w\" sizes=\"auto, (max-width: 300px) 100vw, 300px\" \/><\/a><\/p>\n<p><em><span style=\"font-size: 13pt; font-family: 'book antiqua', palatino;\">Historikeren Karsten Aln\u00e6s har sagt at det er to personer som i stor grad har forandret Norge &#8211; Olav den Hellige og Hans Nielsen Hauge. Mange er sikkert uenig i det, men det viser at Hans Nielsen Hauge var en betydelig person for utviklingen til dagens Norge. De fleste forbinder Hans Nielsen Hauge med \u00e5ndelig vekkelse. Og det er ikke feil; han ble opphavsmann til den mest omfattende religi\u00f8se fornyelse noensinne.\u00a0<\/span><\/em><\/p>\n<p>Men Hans Nielsen Hauge var ikke bare lekpredikant, han bygde et gr\u00fcndernettverk som sto for etableringen av en lang rekke virksomheter. Totalt var Hauge involvert i n\u00e6rmere 150 nyetableringer tidlig p\u00e5 1800-tallet. I tillegg kommer alle de nye bedriftene han inspirerte andre til \u00e5 starte.<\/p>\n<p>Analyser gjort av historikerne Fritz Hodne og Ola Grytten ved Norges Handelsh\u00f8yskole indikerer at Hauge og haugianerne skapte et sted mellom 7000 og 8000 arbeidsplasser i Norge i perioden fra 1801 til 1828. Totalbefolkningen var da p\u00e5 bare ca. 900.000 mennesker. Disse virksomhetene var over gjennomsnittet l\u00f8nnsomme sammenlignet med datidens konkurrenter.<\/p>\n<p>Hva var hemmeligheten bak en slik suksess? Det grunnleggende prinsippet bak haugianernes kall var husholdertanken: Alle finansielle og menneskelige ressurser er gitt av Gud og skal forvaltes til det beste for medmennesker og samfunn, og til Guds \u00e6re.<\/p>\n<p>Det er bemerkelsesverdig at det ikke finnes spor av at Hans Nielsen Hauge har stanset mellom Kristiansand og Lista og holdt oppbyggelsesm\u00f8ter. Det er imidlertid sannsynlig at han har reist gjennom bygdene i Mandalen og Audnedalen; han tok nok veien via J\u00e6ren p\u00e5 sin f\u00f8rste reise til Bergen i 1798. Han var tilbake til Kristiansand i 1804.<\/p>\n<p>Haugianismen slo sterke r\u00f8tter i og rundt Stavanger, men en sitter med inntrykk av at Vest-Agder var s\u00e5 godt som uber\u00f8rt av vekkelsen ved Hauge. I de n\u00e6rmeste \u00e5rene var det sparsomt med haugianske lekpredikanter. Bygdene i Vest-Norge var blant de som kom minst i ber\u00f8ring av haugianismen. Haugianske venner virket imidlertid rundt Mandal i 1840-\u00e5rene.\u00a0 Flokkene var ikke store, men troende fantes i all bygder. Slik kan man g\u00e5 fra bygd til bygd og dal til dal og finne kvinner og menn som forkynte Ordet. Men hvorvidt Lindesnes ble ber\u00f8rt av haugianismen, er ikke kjent.<\/p>\n<p>&nbsp;<\/p>\n<p><span style=\"font-size: 14pt;\"><strong>Johan Kornelius som emiss\u00e6r<\/strong><\/span><\/p>\n<p><span style=\"font-size: 12pt; font-family: 'book antiqua', palatino;\"><em><strong><img loading=\"lazy\" decoding=\"async\" class=\"alignleft wp-image-9165\" src=\"https:\/\/www.fjeldskaar.com\/wp-content\/uploads\/2022\/12\/prekesto-204x300.jpeg\" alt=\"\" width=\"150\" height=\"220\" srcset=\"https:\/\/www.fjeldskaar.com\/wp-content\/uploads\/2022\/12\/prekesto-204x300.jpeg 204w, https:\/\/www.fjeldskaar.com\/wp-content\/uploads\/2022\/12\/prekesto-8x12.jpeg 8w, https:\/\/www.fjeldskaar.com\/wp-content\/uploads\/2022\/12\/prekesto.jpeg 441w\" sizes=\"auto, (max-width: 150px) 100vw, 150px\" \/> Emiss\u00e6r<\/strong> (av latin emittere via fransk \u00e9missaire &#8211; betyr utsending) er en yrkestittel som i Norge brukes om lekmanns-predikanter innenfor misjonsorganisasjonene i Den norske kirke. Som regel hadde en emiss\u00e6r ingen annen teologisk utdannelse enn hel- eller halv\u00e5rskurs p\u00e5 bibelskole. <\/em><\/span><span style=\"font-size: 12pt; font-family: 'book antiqua', palatino;\"><em>Nesten uten unntak ble emiss\u00e6rene rekruttert fra folket, det vil si fra et sosialt sjikt av g\u00e5rdbrukere, fisker, b\u00f8nder, jordarbeidere og h\u00e5ndverkere. Fra ca. 1860-1960 var det vanlig at en emiss\u00e6r arbeidet som predikant i vinterhalv\u00e5ret, og utf\u00f8rte sitt andre arbeid om sommeren. Emiss\u00e6ren reiste fra sted til sted og holdt m\u00f8teuker, som oftest p\u00e5 bedehus p\u00e5 sm\u00e5 steder. Om det var god respons p\u00e5 m\u00f8tene, kunne han bli st\u00e5ende p\u00e5 samme sted i mange uker. I samtale med enkeltpersoner \u00f8vet emiss\u00e6ren sjelesorg og p\u00e5 m\u00f8tene forkynte han Guds Ord. <\/em><\/span><span style=\"font-size: 12pt; font-family: 'book antiqua', palatino;\"><em>Emiss\u00e6rer som reiste for indremisjonsorganisasjoner var i sitt arbeid opptatt av forkynnelse av Guds Ord og av \u00e5 styrke bedehusforsamlingene. Om de reiste for ytremisjonsorganisasjoner var de i tillegg opptatt av \u00e5 samle inn midler til \u00e5 drive ytremisjonsarbeidet.<\/em><\/span><\/p>\n<p>Den Norske Kinamisjon\u00a0var den f\u00f8rste norske misjonsorganisasjonen som startet arbeid i Kina (i 1889). I 1891 ble Det Norske Lutherske Kinamissionsforbund, som idag heter Norsk Luthersk Misjonssamband (<a href=\"http:\/\/www.nlm.no\"><span style=\"color: #0000ff;\">www.nlm.no<\/span><\/a>), stiftet. Norsk Luthersk Misjonssamband (NLM) er Norges og Nordens st\u00f8rste misjonsselskap. NLM har rundt 50 000 medlemmer som er organisert i 2400 forsamlinger og foreninger fordelt p\u00e5 sju regioner (2017). Det var en gruppe yngre kvinner fra Bergen som tok initiativet, og som brant for \u00e5 starte misjonsarbeid i Kina. De var blitt inspirert til \u00e5 n\u00e5 kinesere med det kristne budskapet gjennom den engelske misjonsorganisasjonen China Inland Mission (i dag OMF International), og misjon\u00e6ren.<\/p>\n<p><a href=\"https:\/\/www.fjeldskaar.com\/en\/besteforeldre\/james-hudson-taylor\/\"><span style=\"color: #000000;\"><strong>James Hudson Taylor<\/strong><\/span>.<\/a><\/p>\n<div>Johan Kornelius ble emiss\u00e6r. Jeg har fundert litt p\u00e5 hva som var grunnen. Var det noe spesielt som gjorde at han valgte det? Yrkesvalg kan v\u00e6re preget av tilfeldighet, med mindre en &laquo;arver&raquo; et firma, g\u00e5rd el.l. Det som kommer nedenfor, blir litt spekulativt og kanskje bare interessant for en ytterst liten minoritet. Hvis Johan Kornelius var opptatt av god inntekt, og en l\u00f8nn som kunne livn\u00e6re familien, var det vel ikke emiss\u00e6r som stod \u00f8verst p\u00e5 lista.\u00a0 Var det en spesiell opplevelse som f\u00f8rte han inn p\u00e5 emiss\u00e6r-sporet? eller var det personer som inspirerte han? eller begge deler?<\/div>\n<div><\/div>\n<div><\/div>\n<div>\u00a0 \u00a0 \u00a0Det f\u00e5r vi aldri svar p\u00e5. Men det var en liten sak som gjorde meg litt interessert \u00e5 fundere, likevel. Det var stedet &laquo;Farsund&raquo;. En av de mest kjente predikanter i Norden p\u00e5 denne tida, var <a href=\"https:\/\/www.fjeldskaar.com\/en\/besteforeldre\/albert-lunde\/\"><span style=\"color: #000000;\"><strong>Albert Lunde<\/strong><\/span>.<\/a> Han var 7 \u00e5r eldre enn Kornelius, og fra Farsund. &laquo;Hjemmet hans var preget av legmannskristendom&raquo;, if\u00f8lge Store norske leksikon. Var det dette hjemmet Kornelius m\u00f8tte da han var i Farsund. og kanskje fikk de god kontakt i en tid da mesteparten av Farsund stod i brann, og folk jobbet for \u00e5 bygge opp igjen byen. If\u00f8lge Store norske Leksikon virket Albert Lunde som &laquo;fri reisepredikant fra 1901&raquo;, alts\u00e5 fra den tid da Kornelius bodde i Farsund. If\u00f8lge Store norske leksikon var Albert Lunde mye i Amerika; det er slett ikke umulig at de ogs\u00e5 treftes der.<\/div>\n<div><\/div>\n<div><\/div>\n<div>\u00a0 \u00a0 \u00a0Albert Lunde var ikke som andre legpredikanter, stod det \u00e5 lese i avisene fra den tiden. <i>Han var ikke selvgod, brukte ikke store fakter, men med en hjertegripende varme og overbevisning fremf\u00f8rte han stillferdig sin invitasjon: \u201cKom og v\u00e6r med!\u201d. <\/i>Dette minner litt om det som blir sagt om Kornelius; &laquo;han var en mann som gikk stille i d\u00f8rene&raquo;. Det f\u00e5r oss til \u00e5 fundere p\u00e5 om det var Albert Lunde som inspirerte Johan Kornelius til \u00e5 bli emiss\u00e6r.<\/div>\n<p><img loading=\"lazy\" decoding=\"async\" class=\"wp-image-9065 alignleft\" src=\"https:\/\/www.fjeldskaar.com\/wp-content\/uploads\/2022\/12\/nlm.png\" alt=\"\" width=\"180\" height=\"70\" srcset=\"https:\/\/www.fjeldskaar.com\/wp-content\/uploads\/2022\/12\/nlm.png 242w, https:\/\/www.fjeldskaar.com\/wp-content\/uploads\/2022\/12\/nlm-18x7.png 18w\" sizes=\"auto, (max-width: 180px) 100vw, 180px\" \/><\/p>\n<p style=\"text-align: justify;\">\u00a0 \u00a0 \u00a0Johan Kornelius ble emiss\u00e6r og snekker. I <b><a href=\"http:\/\/www.nlm.no\/\">NLM<\/a><\/b> in 1922, and traveled as preacher mostly in Telemark, southern Norway and parts of Aust-Agder. He had, when he died in 1948, a payroll of kr 200 a month + 15% 'dyrtidstillegg'. It was too small salary to provide properly for his family. He therefore traveled to the US with uneven intervals, and took there a job as a construction worker. From NLMs protocol, it is shown that he worked as preacher in 1922\/23, but then had a break until 1927, when he again traveled as preacher in 2 months. It was then another break, before he in 1932 preached at 87 meetings.<\/p>\n<p style=\"text-align: justify;\">After what I have been told Johan Kornelius, was a man who 'walked quietly in the doors'. He was a kind and thoughtful person. As a preacher he was not known for deep theological interpretations, but was a typical evangelist, with emphasis on the personal testimony. \"I sort of traveled in Fjeldskaar's footsteps. Fjeldskaar was a nice and warm person, a typical old fashioned preacher, which had emphasis on the personal testimony\" (Harald Hodne, an employee of the NLM from 1934).<\/p>\n<p style=\"text-align: justify;\">In the book \"Kristenliv i Telemark\" (by Karsten \u00d8dna; Lunde Forlag 1955), we can read the following:<\/p>\n<p style=\"text-align: justify;\"><em>\"Johan K. Fjellskaar from Nanset began in 1920 as preacher in 'Skien krets' area. For over 25 years he traveled among his Christian fellows in his quiet way.\"<\/em><\/p>\n<p>B\u00e5de Einar og Arnfinn ble d\u00f8pt i Tveit Frikirke. Det er derfor ikke usannsynlig at dette var menigheten de tilh\u00f8rte (iallfall inntil de flyttet til Mandal). Tveit Frikirke\u00a0er en lokalmenighet av Den Evangelisk Lutherske Frikirke lokalisert ved R41 i Tveit i Kristiansand kommune.<\/p>\n<p>&nbsp;<\/p>\n<p><a href=\"https:\/\/www.fjeldskaar.com\/wp-content\/uploads\/2023\/01\/bibel-i.jpeg\"><img loading=\"lazy\" decoding=\"async\" class=\"size-medium wp-image-9229 aligncenter\" src=\"https:\/\/www.fjeldskaar.com\/wp-content\/uploads\/2023\/01\/bible-Sunlight-1024x618-1-300x181.jpg\" alt=\"\" width=\"300\" height=\"181\" srcset=\"https:\/\/www.fjeldskaar.com\/wp-content\/uploads\/2023\/01\/bible-Sunlight-1024x618-1-300x181.jpg 300w, https:\/\/www.fjeldskaar.com\/wp-content\/uploads\/2023\/01\/bible-Sunlight-1024x618-1-768x464.jpg 768w, https:\/\/www.fjeldskaar.com\/wp-content\/uploads\/2023\/01\/bible-Sunlight-1024x618-1-18x12.jpg 18w, https:\/\/www.fjeldskaar.com\/wp-content\/uploads\/2023\/01\/bible-Sunlight-1024x618-1.jpg 1024w\" sizes=\"auto, (max-width: 300px) 100vw, 300px\" \/><\/a><\/p>\n<p><a href=\"https:\/\/www.fjeldskaar.com\/wp-content\/uploads\/2022\/12\/tveit.png\"><img loading=\"lazy\" decoding=\"async\" class=\"aligncenter wp-image-9182\" src=\"https:\/\/www.fjeldskaar.com\/wp-content\/uploads\/2022\/12\/tveit-300x200.png\" alt=\"\" width=\"450\" height=\"300\" srcset=\"https:\/\/www.fjeldskaar.com\/wp-content\/uploads\/2022\/12\/tveit-300x200.png 300w, https:\/\/www.fjeldskaar.com\/wp-content\/uploads\/2022\/12\/tveit-18x12.png 18w, https:\/\/www.fjeldskaar.com\/wp-content\/uploads\/2022\/12\/tveit.png 762w\" sizes=\"auto, (max-width: 450px) 100vw, 450px\" \/><\/a><\/p>\n<p style=\"text-align: center;\"><em>Tveit Frikirke.\u00a0<\/em><\/p>\n<p>&nbsp;<\/p>\n<p style=\"text-align: center;\"><img loading=\"lazy\" decoding=\"async\" src=\"https:\/\/ww2.fjeldskaar.com\/wp-content\/uploads\/2015\/05\/Ytresandgate1B.jpg\" alt=\"Ytresandgate1B\" width=\"462\" height=\"284\" \/>\u00a0\u00a0<img loading=\"lazy\" decoding=\"async\" src=\"https:\/\/ww2.fjeldskaar.com\/wp-content\/uploads\/2015\/05\/mandal.jpg\" alt=\"mandal\" width=\"250\" height=\"175\" \/><br \/>\n<em>Ytre Sandgate 1 in Mandal anno 2012. Here the family Fjeldskaar lived from 1920 to the summer of 1928, when they moved to Kristiansand. To the right map of Mandal; Ytre Sandgt. 1 (red point).<\/em><\/p>\n<p><a href=\"https:\/\/www.fjeldskaar.com\/wp-content\/uploads\/2022\/12\/ytresandgade1905e.png\"><img loading=\"lazy\" decoding=\"async\" class=\"wp-image-9174 aligncenter\" src=\"https:\/\/www.fjeldskaar.com\/wp-content\/uploads\/2022\/12\/ytresandgade1905e-300x182.png\" alt=\"\" width=\"450\" height=\"273\" srcset=\"https:\/\/www.fjeldskaar.com\/wp-content\/uploads\/2022\/12\/ytresandgade1905e-300x182.png 300w, https:\/\/www.fjeldskaar.com\/wp-content\/uploads\/2022\/12\/ytresandgade1905e-768x467.png 768w, https:\/\/www.fjeldskaar.com\/wp-content\/uploads\/2022\/12\/ytresandgade1905e-18x12.png 18w, https:\/\/www.fjeldskaar.com\/wp-content\/uploads\/2022\/12\/ytresandgade1905e.png 1012w\" sizes=\"auto, (max-width: 450px) 100vw, 450px\" \/><\/a><\/p>\n<p style=\"text-align: center;\"><em>Ytre Sandgate i 1905 (bilde fra &laquo;Mandal f\u00f8r og n\u00e5&raquo; 1992, av Einar Spetland)<\/em><\/p>\n<p style=\"text-align: left;\"><span style=\"color: #f7efd0;\">.<\/span><\/p>\n<p style=\"text-align: left;\">When it comes to family Fjeldskaar's living places, it is not easy to figure out 100 years later. But Amalie wrote on emigration documents both in 1906 (before she was married), and in 1910 that she lived in \u00c5lefj\u00e6r (see further down). If she has not mixed the birthplace and place of residence, it seems like the family lived in \u00c5lefj\u00e6r the first few years they were married (maybe together with her mother Tomine). However, on Kornelius' emigration documents for October 1909, (when he was on his way back to the US) stated that he was \"carpenter\" with residence \"Mandal\". Can both Amalie and Kornelius be corect? It can be imagined that they had not fixed their home in Norway shortly after returning from the US, and that Amalie in periods lived in \u00c5lefj\u00e6r while Kornelius was in US. But according to Kornelius' documents, the family lived in Mandal \u2013 at least from 1909. Kornelius and Amalie married in the US in 1906, and the following year Ruth was born in the US. As mentioned elsewhere, they traveled (for the first time as a family) to Norway in 1908\/09, and Kornelius returned to US the same year, as we see here:<\/p>\n<p style=\"text-align: left;\"><img loading=\"lazy\" decoding=\"async\" class=\"wp-image-7401 aligncenter\" src=\"https:\/\/ww2.fjeldskaar.com\/wp-content\/uploads\/2020\/08\/output-onlinepngtools-2020-08-28T195116.913.png\" alt=\"\" width=\"700\" height=\"130\" srcset=\"https:\/\/www.fjeldskaar.com\/wp-content\/uploads\/2020\/08\/output-onlinepngtools-2020-08-28T195116.913.png 700w, https:\/\/www.fjeldskaar.com\/wp-content\/uploads\/2020\/08\/output-onlinepngtools-2020-08-28T195116.913-300x56.png 300w\" sizes=\"auto, (max-width: 700px) 100vw, 700px\" \/><\/p>\n<p style=\"text-align: left;\">Kornelius hadde skj\u00f8te p\u00e5 Ytre Sandgate 1b fra august 1920 til desember 1932 (se nedenfor). I Mandal kommunes arkiver for \u00e5rene 1922-1926 finner vi opplysninger om Kornelius Fjeldskaar. Av yrke var han &laquo;snedker&raquo;. Som vi ser av ligningsprotokollen tjente han 3500 kr i 1922, og betalte 1650 kr i skatt. Familien bodde imidlertid ikke i Ytre Sandgate 1b i Mandal helt fram til 1932, da Arnfinn begynte p\u00e5 Oddernes skole i Kristiansand h\u00f8sten 1928. Boligen i Ytre Sandgate ble kanskje leid ut fra Kornelius (og William) reiste til USA i 1927, til de kom tilbake til Norge i 1932. Kornelius var ikke i USA sammenhengende i den perioden; han er \u00e5 finne i skattelistene for Oddernes (ref. Skatteprotokoll for Oddernes 1930-1931). Huset ble solgt i desember 1932, og familien flyttet til Larvik.<\/p>\n<p style=\"text-align: center;\"><a href=\"https:\/\/ww2.fjeldskaar.com\/wp-content\/uploads\/2015\/05\/Tinglysing_ytreSandgt1b.png\"><img loading=\"lazy\" decoding=\"async\" src=\"https:\/\/ww2.fjeldskaar.com\/wp-content\/uploads\/2015\/05\/Tinglysing_ytreSandgt1b.png\" alt=\"Tinglysing_ytreSandgt1b\" width=\"452\" height=\"351\" \/><\/a><br \/>\n<em>Overview of the plot of the Ytre Sandgt 1 in Mandal. Johan Kornelius had the deed to the property until april 1932.<\/em><\/p>\n<p style=\"text-align: center;\"><img loading=\"lazy\" decoding=\"async\" src=\"https:\/\/ww2.fjeldskaar.com\/wp-content\/uploads\/2015\/05\/ytreSandgt_1.jpg\" alt=\"ytreSandgt_1\" width=\"500\" height=\"174\" \/><\/p>\n<p style=\"text-align: center;\"><em>From tax protocol of 1922<\/em><\/p>\n<p style=\"text-align: center;\"><img loading=\"lazy\" decoding=\"async\" src=\"https:\/\/ww2.fjeldskaar.com\/wp-content\/uploads\/2015\/05\/22febr1922b.jpg\" alt=\"22febr1922b\" width=\"500\" height=\"91\" \/><br \/>\n<em>Excerpt from the protocol of the Skien krets of the Norwegian Lutheran Misjonssamband for 22. February 1922.<\/em><\/p>\n<p style=\"text-align: center;\"><a href=\"https:\/\/ww2.fjeldskaar.com\/wp-content\/uploads\/2020\/11\/output-onlinepngtools-2020-11-15T204525.207.png\"><img loading=\"lazy\" decoding=\"async\" class=\"alignnone wp-image-8287\" src=\"https:\/\/ww2.fjeldskaar.com\/wp-content\/uploads\/2020\/11\/output-onlinepngtools-2020-11-15T204525.207.png\" alt=\"\" width=\"450\" height=\"645\" \/><\/a><br \/>\n<em>Kornelius, his son of William and brother-in-law Alfred in the US (probably 1927\/28).<\/em><\/p>\n<p style=\"text-align: justify;\">Allerede i 1924, f\u00f8r Nanset Bedehus ble bygd, var det m\u00f8ter p\u00e5 Nanset, b\u00e5de privat og p\u00e5 &laquo;Nybrott&raquo; &#8211; hvor det var tegn til vekkelse (se utskrift av protokollen). Bedehuset ble bygget 1929. Kornelius var mange turer til USA; han kom dit f\u00f8rste gang i 1906, og ble til 1909. Han returnerte til USA allerede samme \u00e5r, og reiste tilbake flere ganger senere, bl.a. 1924\/25, 1927 (sammen med William) og i 1930. Protokollen for Misjonsforeningen p\u00e5 Nanset Bedehus forteller at han deltok som taler p\u00e5 atskillige m\u00f8ter og fester. Det nevnes at han den 6. oktober 1937 deltok p\u00e5 &laquo;festlig samv\u00e6r organisert som en avskjedsfest for hvalfangerne som skulle reise&raquo;.<\/p>\n<p style=\"text-align: center;\"><img loading=\"lazy\" decoding=\"async\" src=\"https:\/\/ww2.fjeldskaar.com\/wp-content\/uploads\/2015\/05\/1924_4.gif\" alt=\"1924_4\" width=\"450\" height=\"200\" \/><\/p>\n<p style=\"text-align: center;\"><img loading=\"lazy\" decoding=\"async\" src=\"https:\/\/ww2.fjeldskaar.com\/wp-content\/uploads\/2015\/05\/nansetM__teb.jpg\" alt=\"nansetM__teb\" width=\"500\" height=\"78\" \/><\/p>\n<p style=\"text-align: center;\"><em>\"Nanset meetings\" was a well-known term at that time. A lot of people participated, and Johan Kornelius participated frequently on them as a preacher.<\/em><\/p>\n<p>&nbsp;<\/p>\n<p><a href=\"https:\/\/www.fjeldskaar.com\/wp-content\/uploads\/2022\/12\/20221222_213324-1-rotated.jpg\"><img loading=\"lazy\" decoding=\"async\" class=\"alignleft wp-image-9133\" src=\"https:\/\/www.fjeldskaar.com\/wp-content\/uploads\/2022\/12\/20221222_213324-1-300x206.jpg\" alt=\"\" width=\"400\" height=\"275\" srcset=\"https:\/\/www.fjeldskaar.com\/wp-content\/uploads\/2022\/12\/20221222_213324-1-300x206.jpg 300w, https:\/\/www.fjeldskaar.com\/wp-content\/uploads\/2022\/12\/20221222_213324-1-1024x705.jpg 1024w, https:\/\/www.fjeldskaar.com\/wp-content\/uploads\/2022\/12\/20221222_213324-1-768x529.jpg 768w, https:\/\/www.fjeldskaar.com\/wp-content\/uploads\/2022\/12\/20221222_213324-1-1536x1057.jpg 1536w, https:\/\/www.fjeldskaar.com\/wp-content\/uploads\/2022\/12\/20221222_213324-1-2048x1410.jpg 2048w, https:\/\/www.fjeldskaar.com\/wp-content\/uploads\/2022\/12\/20221222_213324-1-18x12.jpg 18w\" sizes=\"auto, (max-width: 400px) 100vw, 400px\" \/><\/a><\/p>\n<p>&nbsp;<\/p>\n<p>&nbsp;<\/p>\n<p>&nbsp;<\/p>\n<p>&nbsp;<\/p>\n<p><a href=\"https:\/\/www.fjeldskaar.com\/wp-content\/uploads\/2022\/12\/nansetbedeh247-rotated.jpg\"><img loading=\"lazy\" decoding=\"async\" class=\"alignnone wp-image-9139\" src=\"https:\/\/www.fjeldskaar.com\/wp-content\/uploads\/2022\/12\/nansetbedeh247-300x153.jpg\" alt=\"\" width=\"400\" height=\"205\" srcset=\"https:\/\/www.fjeldskaar.com\/wp-content\/uploads\/2022\/12\/nansetbedeh247-300x153.jpg 300w, https:\/\/www.fjeldskaar.com\/wp-content\/uploads\/2022\/12\/nansetbedeh247-1024x524.jpg 1024w, https:\/\/www.fjeldskaar.com\/wp-content\/uploads\/2022\/12\/nansetbedeh247-768x393.jpg 768w, https:\/\/www.fjeldskaar.com\/wp-content\/uploads\/2022\/12\/nansetbedeh247-1536x785.jpg 1536w, https:\/\/www.fjeldskaar.com\/wp-content\/uploads\/2022\/12\/nansetbedeh247-2048x1047.jpg 2048w, https:\/\/www.fjeldskaar.com\/wp-content\/uploads\/2022\/12\/nansetbedeh247-18x9.jpg 18w\" sizes=\"auto, (max-width: 400px) 100vw, 400px\" \/><\/a><\/p>\n<p><a href=\"https:\/\/www.fjeldskaar.com\/wp-content\/uploads\/2022\/12\/nansetbedeh.png\"><img loading=\"lazy\" decoding=\"async\" class=\"alignnone wp-image-9126\" src=\"https:\/\/www.fjeldskaar.com\/wp-content\/uploads\/2022\/12\/nansetbedeh-300x168.png\" alt=\"\" width=\"400\" height=\"224\" srcset=\"https:\/\/www.fjeldskaar.com\/wp-content\/uploads\/2022\/12\/nansetbedeh-300x168.png 300w, https:\/\/www.fjeldskaar.com\/wp-content\/uploads\/2022\/12\/nansetbedeh-18x10.png 18w, https:\/\/www.fjeldskaar.com\/wp-content\/uploads\/2022\/12\/nansetbedeh.png 762w\" sizes=\"auto, (max-width: 400px) 100vw, 400px\" \/><\/a><\/p>\n<p style=\"text-align: center;\">Nanset bedehus (innviet 1929) utend\u00f8rs, og bilde fra storsalen<\/p>\n<p>\u00a0<img loading=\"lazy\" decoding=\"async\" class=\"aligncenter wp-image-9137\" src=\"https:\/\/www.fjeldskaar.com\/wp-content\/uploads\/2022\/12\/formenne-300x135.png\" alt=\"\" width=\"450\" height=\"203\" srcset=\"https:\/\/www.fjeldskaar.com\/wp-content\/uploads\/2022\/12\/formenne-300x135.png 300w, https:\/\/www.fjeldskaar.com\/wp-content\/uploads\/2022\/12\/formenne-18x8.png 18w, https:\/\/www.fjeldskaar.com\/wp-content\/uploads\/2022\/12\/formenne.png 702w\" sizes=\"auto, (max-width: 450px) 100vw, 450px\" \/><\/p>\n<p style=\"text-align: center;\">Formenn p\u00e5 Nanset Bedehus<\/p>\n<p>&nbsp;<\/p>\n<p style=\"text-align: center;\">.<\/p>\n<p style=\"text-align: center;\"><a href=\"https:\/\/ww2.fjeldskaar.com\/wp-content\/uploads\/2015\/05\/prestegp\u00e5rdsl\u00f8kkene.png\"><img loading=\"lazy\" decoding=\"async\" src=\"https:\/\/ww2.fjeldskaar.com\/wp-content\/uploads\/2015\/05\/prestegp\u00e5rdsl\u00f8kkene.png\" alt=\"\" width=\"400\" height=\"83\" \/><\/a> <a href=\"https:\/\/ww2.fjeldskaar.com\/wp-content\/uploads\/2015\/05\/prestegp\u00e5rdsl\u00f8kkene2-1.png\"><img loading=\"lazy\" decoding=\"async\" src=\"https:\/\/ww2.fjeldskaar.com\/wp-content\/uploads\/2015\/05\/prestegp\u00e5rdsl\u00f8kkene2-1.png\" alt=\"\" width=\"425\" height=\"246\" \/><\/a><br \/>\n<em>Overview of joints for Pr\u00e6stegaardsl\u00f8kkene (L\u00f8vh\u00f8i) in the Oddernes, Kristiansand<\/em><\/p>\n<p style=\"text-align: left;\">Etter \u00e5 ha flyttet fra Mandal, kj\u00f8pte Johan Kornelius hus i Oddernes i Kristiansand 5\/10-1928; Gnr 39 Bnr 21, som n\u00e5 har adressen Strandveien 9. Johan Kornelius reiste sammen med s\u00f8nnen William til Amerika i 1927, men var tydeligvis hjemme fra Amerika igjen da de overtok huset i Oddernes. Familien bodde i Oddernes fram til huset ble solgt sommeren 1933 til Aabert Andersen som var s\u00f8skenbarn av Johan Kornelius og n\u00e6r venn av familien.<\/p>\n<p><a href=\"https:\/\/ww2.fjeldskaar.com\/wp-content\/uploads\/2015\/05\/IMG5.jpg\"><img loading=\"lazy\" decoding=\"async\" class=\"alignleft\" src=\"https:\/\/ww2.fjeldskaar.com\/wp-content\/uploads\/2015\/05\/IMG5.jpg\" alt=\"\" width=\"423\" height=\"294\" \/><\/a>\u00a0 \u00a0 \u00a0<img loading=\"lazy\" decoding=\"async\" src=\"https:\/\/ww2.fjeldskaar.com\/wp-content\/uploads\/2015\/05\/Amalie__Einar_og__Arnfinnb.jpg\" alt=\"Amalie__Einar_og__Arnfinnb\" width=\"300\" height=\"254\" \/><br \/>\n<em>Strandveien 9 early 1930s (to the left), and Amalie, Einar and Arnfinn depicted in the small courtyard.<\/em><\/p>\n<p><a href=\"https:\/\/www.fjeldskaar.com\/wp-content\/uploads\/2022\/12\/sandenparsell.png\"><img loading=\"lazy\" decoding=\"async\" class=\"wp-image-9176 aligncenter\" src=\"https:\/\/www.fjeldskaar.com\/wp-content\/uploads\/2022\/12\/sandenparsell-300x176.png\" alt=\"\" width=\"400\" height=\"235\" srcset=\"https:\/\/www.fjeldskaar.com\/wp-content\/uploads\/2022\/12\/sandenparsell-300x176.png 300w, https:\/\/www.fjeldskaar.com\/wp-content\/uploads\/2022\/12\/sandenparsell-768x450.png 768w, https:\/\/www.fjeldskaar.com\/wp-content\/uploads\/2022\/12\/sandenparsell-18x12.png 18w, https:\/\/www.fjeldskaar.com\/wp-content\/uploads\/2022\/12\/sandenparsell.png 885w\" sizes=\"auto, (max-width: 400px) 100vw, 400px\" \/><\/a><\/p>\n<p style=\"text-align: center;\"><em>Mange Sandensfolk hadde sm\u00e5 parseller hvor de dyrket gr\u00f8nnsaker Ytre Sandgate i 1905 (bilde fra &laquo;Mandal f\u00f8r og n\u00e5&raquo; 1992, av Einar Spetland)<\/em><\/p>\n<p><a href=\"https:\/\/www.fjeldskaar.com\/wp-content\/uploads\/2022\/12\/honsi-gaten.png\"><img loading=\"lazy\" decoding=\"async\" class=\"aligncenter wp-image-9177\" src=\"https:\/\/www.fjeldskaar.com\/wp-content\/uploads\/2022\/12\/honsi-gaten-300x215.png\" alt=\"\" width=\"450\" height=\"322\" srcset=\"https:\/\/www.fjeldskaar.com\/wp-content\/uploads\/2022\/12\/honsi-gaten-300x215.png 300w, https:\/\/www.fjeldskaar.com\/wp-content\/uploads\/2022\/12\/honsi-gaten-18x12.png 18w, https:\/\/www.fjeldskaar.com\/wp-content\/uploads\/2022\/12\/honsi-gaten.png 577w\" sizes=\"auto, (max-width: 450px) 100vw, 450px\" \/><\/a><\/p>\n<p style=\"text-align: center;\"><em>Det er mange \u00e5r siden h\u00f8ns gikk l\u00f8se i gatene Ytre Sandgate i 1905 (bilde fra &laquo;Mandal f\u00f8r og n\u00e5&raquo; 1992, av Einar Spetland).<\/em><\/p>\n<p>&nbsp;<\/p>\n<p style=\"text-align: center;\"><a href=\"https:\/\/ww2.fjeldskaar.com\/wp-content\/uploads\/2015\/05\/scan5.jpg\"><img loading=\"lazy\" decoding=\"async\" src=\"https:\/\/ww2.fjeldskaar.com\/wp-content\/uploads\/2015\/05\/scan5.jpg\" alt=\"\" width=\"475\" height=\"347\" \/><\/a><\/p>\n<p>.<\/p>\n<p><img loading=\"lazy\" decoding=\"async\" src=\"https:\/\/ww2.fjeldskaar.com\/wp-content\/uploads\/2015\/05\/strandveien9.jpg\" alt=\"\" width=\"431\" height=\"322\" \/>\u00a0 \u00a0<img loading=\"lazy\" decoding=\"async\" src=\"https:\/\/ww2.fjeldskaar.com\/wp-content\/uploads\/2015\/05\/Strandveien-9_2016-1.png\" alt=\"\" width=\"352\" height=\"230\" \/><br \/>\n<em>Strandveien 9 is located in the Oddernes; to the right as Strandveien 9 looks today. The property (of 492\u00a0<\/em>m<sup>2<\/sup><em>) is narrow, but it goes all the way down to the river and a private pier in the river Otra.<\/em><\/p>\n<p>.<\/p>\n<p><strong>To Nanset<\/strong><\/p>\n<p><img loading=\"lazy\" decoding=\"async\" class=\"alignleft\" src=\"https:\/\/ww2.fjeldskaar.com\/wp-content\/uploads\/2015\/05\/kart_Nanset.png\" width=\"287\" height=\"282\" \/>The farm Nanset poses in our days an agglomeration that extends from the former city limits at Larvik in the east, south and west to the M\u00e5nejordet, Hovland and Frostvedt in the north.<\/p>\n<p>The name Nanset was in the old norse Nannasetr, after the ancient name of Farriselven, namely Nannar open, of elvenavnet Nonn. Nonn can be explained as \"fast flowing\" and the name found in Snorre's Edda. Is pronounced as na'nnsett.<\/p>\n<p>The farm name composed by -setr=location, place where one sits, is considered to be from viking age and the centuries before. We can therefore assume that Nanset was a farm on the 600-800 century. The name's connection to the Nannar\u00e5en suggests that the farm went right up to the river at that time. [1]<\/p>\n<p>&nbsp;<\/p>\n<p>&nbsp;<\/p>\n<p><img loading=\"lazy\" decoding=\"async\" src=\"https:\/\/ww2.fjeldskaar.com\/wp-content\/uploads\/2015\/05\/Nanset_maleri.png\" width=\"554\" height=\"322\" \/>\u00a0 \u00a0\u00a0<img loading=\"lazy\" decoding=\"async\" src=\"https:\/\/ww2.fjeldskaar.com\/wp-content\/uploads\/2015\/05\/hedrum_kom.png\" width=\"93\" height=\"112\" \/><br \/>\n<em>View of Nanset in painting by Bernt Lund, 1881. Gamle Kongevei in the foreground, the tree-lined street in the Upper Nanset in the middle of the image and in the background to the right consul Christensen's lower Nanset under construction. The tower on the Larvik church is also visible in the background (picture from Hedrum local history, 1982). Nanset belonged to Hedrum municipality; municipal logo to the right.\u00a0<\/em><\/p>\n<p>&nbsp;<\/p>\n<p>Until 1900 the settlement went approximately north to the Jonas Lies vei. From there and to the north was Hovland and forests on both sides of the Nansetveien. Only after that the wood was carved around 1900, it was opened for settlement. On the west side of Nansetveien was Larvik Bad (former Chr. Christiansen's) large property. Right before \u00e5rhudreskiftet Nanset Bad sold  a few plots of land at park road\/Nansetveien where houses were raised.<\/p>\n<p>Inntil 1900 var det i alt bebygget ca 75 tomter p\u00e5 Nansets grunn, og det bodde 370 personer her, if\u00f8lge folketellingen.<\/p>\n<p>Consul Chr. Christensen was one of the country's most enterprising industrialists. His private residence was later hotel of Larvik Bath and curanstalt, and from 1953 the house of Hedrum municipality's offices. Both famous Bj\u00f8rnstjerne Bj\u00f8rnson and Knut Hamsun were on curanstalt on Nanset. [1]<\/p>\n<p style=\"text-align: center;\"><a href=\"https:\/\/ww2.fjeldskaar.com\/wp-content\/uploads\/2015\/05\/JohanK_Ljosheim_1934.png\"><img loading=\"lazy\" decoding=\"async\" src=\"https:\/\/ww2.fjeldskaar.com\/wp-content\/uploads\/2015\/05\/JohanK_Ljosheim_1934.png\" alt=\"johank_ljosheim_1934\" width=\"435\" height=\"335\" \/><\/a>\u00a0\u00a0<a href=\"https:\/\/ww2.fjeldskaar.com\/wp-content\/uploads\/2015\/05\/jonasLie3.png\"><img loading=\"lazy\" decoding=\"async\" src=\"https:\/\/ww2.fjeldskaar.com\/wp-content\/uploads\/2015\/05\/jonasLie3.png\" alt=\"\" width=\"352\" height=\"255\" \/><\/a><br \/>\n<em>Joints for Welhavens vei 14 (left) and picture of the Jonas Lies vei 3 (to the right), as it looks in 2016.<\/em><\/p>\n<p>After the Fjeldskaar family moved to Nanset, Amalie and Johan Kornelius first bought Welhavens vei 14 (\"Ljosheim\") in 1934; then Jonas Lies vei 3. Jonas Lies vei 3 has an \"american\" appearance, and was probably built by Johan Kornelius and William. William. that had been some years in the US, perhaps had the idea of the house's design. Johan Kornelius and William owed (possibly also built) Nansetveien 78, which in 1944 was taken over by Einar. Einar with the family then moved into a new house in Meldalsvei 1A (\"Granlund\"). This house was probably also built by Johan Kornelius and William, with the help of Einar.<\/p>\n<p style=\"text-align: center;\"><a href=\"https:\/\/ww2.fjeldskaar.com\/wp-content\/uploads\/2015\/05\/01fjAmKo.jpg\"><img loading=\"lazy\" decoding=\"async\" src=\"https:\/\/ww2.fjeldskaar.com\/wp-content\/uploads\/2015\/05\/01fjAmKo.jpg\" alt=\"\" width=\"595\" height=\"404\" \/><\/a><\/p>\n<p style=\"text-align: center;\"><em>Kornelius, William, Ingjerd, Einar, Solveig, Arnfinn and Amalie<\/em><\/p>\n<p>In Nansetveien 78 William started in 1947 Nanset Christian Bookstore; Johan Kornelius worked in the shop until his death. He died of heart problems 29. February 1948. Protocol from Nanset bedehus (below) tells us that his funeral also took place from Nanset bedehus with memory meeting the Sunday after.<\/p>\n<p><span style=\"color: #f7efd0;\">.<\/span><br \/>\n<img loading=\"lazy\" decoding=\"async\" class=\"aligncenter\" src=\"https:\/\/ww2.fjeldskaar.com\/wp-content\/uploads\/2015\/05\/Begravelsenb.gif\" alt=\"Begravelsenb\" width=\"450\" height=\"81\" \/><br \/>\n<em>Preacher Fjeldsk\u00e5r got a quick reisebud (farewell). The funeral took place from the chapel (bedehuset). The sunday after the funeral there was a memory meeting in the bedehus, where secretary of Bl\u00e5 Kors in Kristiansand, \u00c5bert Andersen and preacher in in the West Indremisjon Albert Eidet and missionary Maudal thanked God for what He had given them through Fjeldsk\u00e5r.<\/em><\/p>\n<p><em>.<img loading=\"lazy\" decoding=\"async\" class=\"aligncenter\" src=\"https:\/\/ww2.fjeldskaar.com\/wp-content\/uploads\/2015\/05\/IMG_0058.jpg\" alt=\"\" width=\"591\" height=\"366\" \/><\/em><\/p>\n<p><em>From Johan Cornelius his funeral. From left, Albert Eidet, Solveig and Einar, Aabert Andersen (?), Arnfinn, Ingjerd and William. Amalie in front.<\/em><\/p>\n<p><img loading=\"lazy\" decoding=\"async\" class=\"wp-image-6666 aligncenter\" src=\"https:\/\/ww2.fjeldskaar.com\/wp-content\/uploads\/2020\/08\/output-onlinepngtools-50-1.png\" alt=\"\" width=\"300\" height=\"277\" srcset=\"https:\/\/www.fjeldskaar.com\/wp-content\/uploads\/2020\/08\/output-onlinepngtools-50-1.png 426w, https:\/\/www.fjeldskaar.com\/wp-content\/uploads\/2020\/08\/output-onlinepngtools-50-1-300x277.png 300w\" sizes=\"auto, (max-width: 300px) 100vw, 300px\" \/><\/p>\n<p>\u00c5bert Andersen was cousin to Johan Kornelius (he was the son of Karen Gurines sister Amalie Mathilde); Albert Eidet was Johan Kornelius' brother-in-law (the brother of Amalie).<\/p>\n<p>&nbsp;<\/p>\n<p style=\"text-align: justify;\"><!--more--><!--more--><\/p>\n<p><span style=\"color: #f7efd0;\">.<\/span><\/p>\n<p style=\"text-align: center;\"><span style=\"font-size: 24pt; color: #806239;\"><strong>\u2013 \u00a4 \u2013\u00a0<\/strong><\/span><\/p>\n<h3 style=\"text-align: center;\"><span style=\"color: #f7efd0;\">&#8230;&#8230;&#8230;&#8230;&#8230;&#8230;&#8230;&#8230;&#8230;&#8230;&#8230;&#8230;&#8230;&#8230;&#8230;&#8230;&#8230;&#8230;..<\/span><\/h3>\n<h3><span style=\"color: #f7efd0;\">..<\/span><\/h3>\n<h1 style=\"text-align: center;\"><span style=\"color: #806239; font-size: 30pt; font-family: 'Great Vibes';\"><b><strong>Josefine Amalie Fjeldskaar<\/strong><\/b><\/span><\/h1>\n<p style=\"text-align: center;\"><span style=\"color: #806239; font-family: 'Great Vibes'; font-size: 18pt;\"><strong>26.03.1884-17.03.1962<\/strong><\/span><\/p>\n<p><a href=\"https:\/\/www.fjeldskaar.com\/wp-content\/uploads\/2021\/05\/amalie1.png\"><img loading=\"lazy\" decoding=\"async\" class=\"aligncenter wp-image-8439\" src=\"https:\/\/www.fjeldskaar.com\/wp-content\/uploads\/2021\/05\/amalie1-210x300.png\" alt=\"\" width=\"450\" height=\"642\" srcset=\"https:\/\/www.fjeldskaar.com\/wp-content\/uploads\/2021\/05\/amalie1-210x300.png 210w, https:\/\/www.fjeldskaar.com\/wp-content\/uploads\/2021\/05\/amalie1-718x1024.png 718w, https:\/\/www.fjeldskaar.com\/wp-content\/uploads\/2021\/05\/amalie1-768x1095.png 768w, https:\/\/www.fjeldskaar.com\/wp-content\/uploads\/2021\/05\/amalie1-1077x1536.png 1077w, https:\/\/www.fjeldskaar.com\/wp-content\/uploads\/2021\/05\/amalie1-1436x2048.png 1436w\" sizes=\"auto, (max-width: 450px) 100vw, 450px\" \/><\/a><\/p>\n<p><img loading=\"lazy\" decoding=\"async\" class=\"aligncenter\" src=\"https:\/\/ww2.fjeldskaar.com\/wp-content\/uploads\/2020\/08\/output-onlinepngtools-65.png\" alt=\"\" width=\"300\" height=\"88\" \/><\/p>\n<p>&nbsp;<\/p>\n<p><img loading=\"lazy\" decoding=\"async\" class=\"aligncenter wp-image-8070\" src=\"https:\/\/www.fjeldskaar.com\/wp-content\/uploads\/2021\/03\/output-onlinepngtools-2021-03-29T120943.957-300x82.png\" alt=\"\" width=\"650\" height=\"177\" srcset=\"https:\/\/www.fjeldskaar.com\/wp-content\/uploads\/2021\/03\/output-onlinepngtools-2021-03-29T120943.957-300x82.png 300w, https:\/\/www.fjeldskaar.com\/wp-content\/uploads\/2021\/03\/output-onlinepngtools-2021-03-29T120943.957-768x209.png 768w, https:\/\/www.fjeldskaar.com\/wp-content\/uploads\/2021\/03\/output-onlinepngtools-2021-03-29T120943.957.png 915w\" sizes=\"auto, (max-width: 650px) 100vw, 650px\" \/><\/p>\n<p style=\"text-align: justify;\">Josefine Amalie Aanensen Eidet, the daughter of <span style=\"color: #806239;\"><a style=\"color: #806239;\" href=\"https:\/\/wp.me\/P6aoJ2-J3\"><strong>Tomine and Aanen Eidet<\/strong><\/a><\/span>, was born 26. march 1884 at Eidet in \u00c5lefj\u00e6r, close to Kristiansand. Her mother was Tomine S\u00f8rensdtr from Spangereid and her father Aanen Aanensen \u00d8idne (from Grinnem, Audnedal). She had 5 siblings; Emilie, Sigvart, Alfred, Kristine and Albert. As mentioned earlier, Tomine became widow with 6 children, and struggled economically so she had to get the help of the community (fattigvesenet; poverty assistance). It was at that time associated with the great shame to have to go to the 'fattigvesenet', so it must have been extremely difficult to provide for the family. It may seem as if Aanen had also grown up in difficult conditions; his mother was also a widow and lived with her father who was 'husmann' (living on leased land). Tomine and the children lived in a small house that Aanen had built, so they had at least a roof over their heads.<\/p>\n<p style=\"text-align: justify;\">Because of the economic difficulties, Amalie grew up at relatives in Lindesnes. There are a protocol for Goksem school, that shows that Amalie was taken up as a student at the Goksem school 18\/10-1894. She was then only 10 years old \u2013 too young to leave the parents and siblings. Quite tragic. The year after she came to Fjeldskaar her younger sister Christine died and shortly after also her father Aanen. From the church records we learn that she was confirmed in 1898, in Spangereid church. She then lived in Fjeldskaar. Below, we also see her graduation document from Goksem school in 1898.<\/p>\n<div dir=\"ltr\"><\/div>\n<div dir=\"ltr\"><\/div>\n<p><a href=\"https:\/\/www.fjeldskaar.com\/wp-content\/uploads\/2021\/04\/protokoll.png\"><img loading=\"lazy\" decoding=\"async\" class=\"aligncenter wp-image-8332\" src=\"https:\/\/www.fjeldskaar.com\/wp-content\/uploads\/2021\/04\/protokoll-300x183.png\" alt=\"\" width=\"750\" height=\"457\" srcset=\"https:\/\/www.fjeldskaar.com\/wp-content\/uploads\/2021\/04\/protokoll-300x183.png 300w, https:\/\/www.fjeldskaar.com\/wp-content\/uploads\/2021\/04\/protokoll-1024x624.png 1024w, https:\/\/www.fjeldskaar.com\/wp-content\/uploads\/2021\/04\/protokoll-768x468.png 768w, https:\/\/www.fjeldskaar.com\/wp-content\/uploads\/2021\/04\/protokoll-1536x936.png 1536w, https:\/\/www.fjeldskaar.com\/wp-content\/uploads\/2021\/04\/protokoll-2048x1248.png 2048w\" sizes=\"auto, (max-width: 750px) 100vw, 750px\" \/><\/a><\/p>\n<p style=\"text-align: center;\"><em>Protocol for Goksem school, that shows that Amalie was taken up as a student 18\/10-1894.<\/em><\/p>\n<div dir=\"ltr\" style=\"text-align: center;\"><\/div>\n<div dir=\"ltr\"><\/div>\n<div>\n<p><span style=\"color: #f7efd0;\">.<\/span>I believe that she lived with her aunt Elin Gurine (elder sister of Tomine), who was married to Tobias Jansen, a farmer and sailor. Elin Gurine had two boys, one born in 1878, and one in 1892. (Maybe Amalie contributed to babysit the two-year-old in addition to helping with the farming). The location of their farm on Fjeldskaar is shown in the picture below. This was probably the place where Amalie grew up (with his aunt and uncle along with two cousins);  across the road for Kornelius. Read more about this<a href=\"https:\/\/www.fjeldskaar.com\/en\/villumsen\/besteforeldre\/5210-2\/\"><strong> here<\/strong><\/a>.<\/p>\n<p style=\"text-align: center;\"><span style=\"color: #f7efd0;\">.<\/span><br \/>\n<img loading=\"lazy\" decoding=\"async\" class=\"aligncenter\" src=\"https:\/\/ww2.fjeldskaar.com\/wp-content\/uploads\/2019\/06\/AmaliesHjem.jpg\" alt=\"\" width=\"404\" height=\"364\" \/><br \/>\n<em>Amalie lived (probably) with his aunt, while Kornelius on Fjeldsk\u00e5r-farm<\/em><\/p>\n<p>My father once said that Amalie and Kornelius were cousins and lived right across the road to each other on the Fjeldskaar. There are several things that suggest that they once lived right across the road for each other (<strong><a href=\"https:\/\/www.fjeldskaar.com\/en\/villumsen\/besteforeldre\/5210-2\/\">see here<\/a><\/strong>), but it is not correct that they were cousins. Amalie and Kornelius were neither cousins or second cousins, but no wonder he was wrong, because the family relations were a little complex when great-grandfather Johan Enoch married again after great-grandmother, Karen Gurine (mother of Kornelius) died. Johan Enok Villumsen married again with Teodine T\u00f8rresdatter, and she was cousin with Tomine (mother of Amalie). Johan Enoch and Teodine had more children (Edvarda, Sigurd, Gerhard and Marie); these were then Kornelius' (Sofie's) half-siblings. And with that their mother (Teodine) was cousin with Tomine, these were half-siblings, thus second cousins with Amalie (and the others in \u00c5lefj\u00e6r). But Kornelius (Sofie) was not second cousin with the people on the \u00c5lefj\u00e6r.<\/p>\n<p style=\"text-align: center;\"><img loading=\"lazy\" decoding=\"async\" src=\"https:\/\/ww2.fjeldskaar.com\/wp-content\/uploads\/2015\/05\/amalieA.jpg\" alt=\"amalieA\" width=\"500\" height=\"47\" \/><\/p>\n<p style=\"text-align: center;\"><img loading=\"lazy\" decoding=\"async\" src=\"https:\/\/ww2.fjeldskaar.com\/wp-content\/uploads\/2015\/05\/amalieB.jpg\" alt=\"amalieB\" width=\"500\" height=\"43\" \/><\/p>\n<p style=\"text-align: center;\"><img loading=\"lazy\" decoding=\"async\" class=\"\" src=\"https:\/\/ww2.fjeldskaar.com\/wp-content\/uploads\/2015\/05\/korneliusC.jpg\" alt=\"korneliusC\" width=\"511\" height=\"188\" \/><\/p>\n<p style=\"text-align: center;\"><img loading=\"lazy\" decoding=\"async\" class=\"\" src=\"https:\/\/ww2.fjeldskaar.com\/wp-content\/uploads\/2015\/05\/korneliusB.jpg\" alt=\"korneliusB\" width=\"513\" height=\"41\" \/><\/p>\n<p><i><em>Fra kirkeboka i Spangereid av 1898. Johan Kornelius Enoksen og Josefine Amalie Aanensen ble konfirmert samtidig; de bodde da begge p\u00e5 Fjeldskaar. Som vi ser, fikk Amalie bedre karakter enn Kornelius.<\/em><\/i><\/p>\n<p style=\"text-align: center;\"><a href=\"https:\/\/www.fjeldskaar.com\/wp-content\/uploads\/2023\/01\/2023-01-25-0003.jpg\"><img loading=\"lazy\" decoding=\"async\" class=\"alignnone wp-image-9271\" src=\"https:\/\/www.fjeldskaar.com\/wp-content\/uploads\/2023\/01\/2023-01-25-0003-300x181.jpg\" alt=\"\" width=\"450\" height=\"271\" srcset=\"https:\/\/www.fjeldskaar.com\/wp-content\/uploads\/2023\/01\/2023-01-25-0003-300x181.jpg 300w, https:\/\/www.fjeldskaar.com\/wp-content\/uploads\/2023\/01\/2023-01-25-0003-1024x616.jpg 1024w, https:\/\/www.fjeldskaar.com\/wp-content\/uploads\/2023\/01\/2023-01-25-0003-768x462.jpg 768w, https:\/\/www.fjeldskaar.com\/wp-content\/uploads\/2023\/01\/2023-01-25-0003-1536x924.jpg 1536w, https:\/\/www.fjeldskaar.com\/wp-content\/uploads\/2023\/01\/2023-01-25-0003-2048x1232.jpg 2048w, https:\/\/www.fjeldskaar.com\/wp-content\/uploads\/2023\/01\/2023-01-25-0003-18x12.jpg 18w\" sizes=\"auto, (max-width: 450px) 100vw, 450px\" \/><\/a><\/p>\n<p style=\"text-align: center;\"><em>Spangereid kirke ca 1890. Fra &laquo;Spangereid &#8211; en s\u00f8rlandsk saga&raquo; (Stylegar 1999).\u00a0<\/em><\/p>\n<p><span style=\"color: #f7efd0;\">.<\/span><\/p>\n<p>When the census took place in 1900, Amalie was 15-16 years, and was not living in Fjeldskaar, but probably in work somewhere. The two oldest siblings of Amalie, (Emilie and Sigvart) had paid work, and contributed enough to sustain the rest of the family. From the Census in 1900 we find one Amalie Aanensen (b. 1884 Tveit) as a maid in Oddernes, Kristiansand. See the link:<\/p>\n<\/div>\n<div><a href=\"https:\/\/www.digitalarkivet.no\/census\/person\/pf01037221002401\" target=\"_blank\" rel=\"noopener\" data-saferedirecturl=\"https:\/\/www.google.com\/url?q=https:\/\/www.digitalarkivet.no\/census\/person\/pf01037221002401&amp;source=gmail&amp;ust=1619284619715000&amp;usg=AFQjCNEAOjAY2GLrE6CB0EcQkiRGiErxzw\">https:\/\/www.digitalarkivet.no\/<wbr \/>census\/person\/pf01037221002401<\/a><wbr \/><\/div>\n<div><\/div>\n<div>It is probably \"our\" Amalie. She worked with \"husgjerning\" and \"kreaturstell\" (helping in the house and with animals) with the family Gitmark in Oddernes. Severin Gitmark was ships captain and farm owner; they had four children aged 3 to 9 years; which could be busy. How long she stayed in the Oddernes, is uncertain; there are no tax protocols of Oddernes in this period. And if it had existed, she would probably not have been registered there, because it was only those above a certain minimum income that were registered in these protocols. The family Gitmark lived on the Gnr 39, Bnr 12 (see map below). It's a bit interesting that both the land of Gnr 39 in Oddernes belonged to the deanery of Oddernes church, and was called \"Presteg\u00e5rs-loops\".<\/div>\n<div dir=\"ltr\"><\/div>\n<div dir=\"ltr\"><a href=\"https:\/\/www.fjeldskaar.com\/wp-content\/uploads\/2021\/05\/amalie_Egsto_1900.png\"><img loading=\"lazy\" decoding=\"async\" class=\"aligncenter wp-image-8476 size-medium\" src=\"https:\/\/www.fjeldskaar.com\/wp-content\/uploads\/2021\/05\/amalie_Egsto_1900-300x187.png\" alt=\"\" width=\"300\" height=\"187\" srcset=\"https:\/\/www.fjeldskaar.com\/wp-content\/uploads\/2021\/05\/amalie_Egsto_1900-300x187.png 300w, https:\/\/www.fjeldskaar.com\/wp-content\/uploads\/2021\/05\/amalie_Egsto_1900-768x479.png 768w, https:\/\/www.fjeldskaar.com\/wp-content\/uploads\/2021\/05\/amalie_Egsto_1900.png 802w\" sizes=\"auto, (max-width: 300px) 100vw, 300px\" \/><\/a><\/div>\n<div>\n<div dir=\"ltr\">One can assume that Amalie became good friends in the Oddernes when she was a maid, because she returned to Presteg\u00e5rdsl\u00f8kkene 15-20 years later with her husband and children.<\/div>\n<div dir=\"ltr\"><\/div>\n<\/div>\n<p><span style=\"color: #f7efd0;\">.<\/span><\/p>\n<p style=\"text-align: center;\"><a href=\"https:\/\/www.fjeldskaar.com\/wp-content\/uploads\/2021\/04\/avgang.png\"><img loading=\"lazy\" decoding=\"async\" class=\"alignnone wp-image-8216\" src=\"https:\/\/www.fjeldskaar.com\/wp-content\/uploads\/2021\/04\/avgang-300x118.png\" alt=\"\" width=\"750\" height=\"294\" srcset=\"https:\/\/www.fjeldskaar.com\/wp-content\/uploads\/2021\/04\/avgang-300x118.png 300w, https:\/\/www.fjeldskaar.com\/wp-content\/uploads\/2021\/04\/avgang-1024x402.png 1024w, https:\/\/www.fjeldskaar.com\/wp-content\/uploads\/2021\/04\/avgang-768x301.png 768w, https:\/\/www.fjeldskaar.com\/wp-content\/uploads\/2021\/04\/avgang-1536x603.png 1536w, https:\/\/www.fjeldskaar.com\/wp-content\/uploads\/2021\/04\/avgang-2048x804.png 2048w\" sizes=\"auto, (max-width: 750px) 100vw, 750px\" \/><\/a><\/p>\n<p style=\"text-align: center;\"><em>Graduation document for Goksem school, for both Amalie and Johan Kornelius (click to see larger image).<\/em><\/p>\n<p>&nbsp;<\/p>\n<p style=\"text-align: justify;\">Fra en predikant som kjente Amalie og Johan Kornelius godt, har jeg f\u00e5tt fortalt at Amalie var en sv\u00e6rt snill og beskjeden dame. Hun strakte seg langt for at gjestene skulle trives. Men familien sitter ogs\u00e5 igjen med et annet bilde av Amalie, nemlig at hun ikke var s\u00e5 lett \u00e5 ha med \u00e5 gj\u00f8re p\u00e5 sine eldre dager. Det er ikke utenkelig at Amalie slet med psykiske plager. Kanskje det hadde sammenheng med oppveksten, hvor hun nok tidlig m\u00e5tte ta sin del av ansvaret for at familien skulle klare seg, og ble plassert p\u00e5 Lindesnes som ganske ung.<\/p>\n<p style=\"text-align: center;\"><a href=\"https:\/\/www.fjeldskaar.com\/wp-content\/uploads\/2021\/05\/amalieR5.png\"><img loading=\"lazy\" decoding=\"async\" class=\"alignnone wp-image-8554\" src=\"https:\/\/www.fjeldskaar.com\/wp-content\/uploads\/2021\/05\/amalieR5-193x300.png\" alt=\"\" width=\"300\" height=\"465\" srcset=\"https:\/\/www.fjeldskaar.com\/wp-content\/uploads\/2021\/05\/amalieR5-193x300.png 193w, https:\/\/www.fjeldskaar.com\/wp-content\/uploads\/2021\/05\/amalieR5-660x1024.png 660w, https:\/\/www.fjeldskaar.com\/wp-content\/uploads\/2021\/05\/amalieR5-768x1191.png 768w, https:\/\/www.fjeldskaar.com\/wp-content\/uploads\/2021\/05\/amalieR5-991x1536.png 991w, https:\/\/www.fjeldskaar.com\/wp-content\/uploads\/2021\/05\/amalieR5-1321x2048.png 1321w\" sizes=\"auto, (max-width: 300px) 100vw, 300px\" \/><\/a><\/p>\n<p style=\"text-align: center;\"><em>Amalie in the US photographed ca 1910 (click to see larger image)<\/em><\/p>\n<p style=\"text-align: justify;\">On this background, it was probably not so easy to find that the money was not available, when she and Johan Kornelius started a family. They had 4 children, and struggled with the economy, so that Johan Kornelius traveled several times to the US to earn a little extra. They had plans to settle in the US, but Amalie couldn't stand the climate, and had to return home again. She was thus in several periods alone in Norway, with the smaller children, while Johan Kornelius was in the US. It was probably difficult, and her mind probably went plenty of times back to her own childhood, when her mother was alone with their little ones. Could the same happen with her? It was probably the thoughts that made her uneasy, and that influenced her greatly later in life.<\/p>\n<p>&nbsp;<\/p>\n<p>Fra S\u00f8rlandet reiste de fleste utvandrerne med passasjerskip fra Kristiansand. Rundt 1900 var det en voldsom utreisetrang, og denne synes \u00e5 v\u00e6re ekstra stor i kystbygdene. Det var nok penger og rikdom som som lokket ungdommenbort fra sm\u00e5 k\u00e5r hjemme, men sikkert ogs\u00e5 eventyrlyst hos mange. Nesten alle oppgir at de reiste for \u00e5 tjene mer. Hvis en studerer f\u00f8dsels\u00e5ret, vil en oppdage at jentene er i gjennomsnitt noen \u00e5r eldre enn guttene. M\u00f8drene var nok litt redde for \u00e5 slippe d\u00f8trene ut i den ukjente verden. Den samlede utvandringen fra distriktene var ved \u00e5rtusenskiftet dobbelt s\u00e5 stor fra distriktene som fra byene; st\u00f8rstedelen i aldersgruppen 15-30 \u00e5r.<\/p>\n<p style=\"text-align: center;\"><a href=\"https:\/\/www.fjeldskaar.com\/wp-content\/uploads\/2021\/05\/Remini20210514091116835-scaled.jpg\"><img loading=\"lazy\" decoding=\"async\" class=\"alignnone wp-image-8510\" src=\"https:\/\/www.fjeldskaar.com\/wp-content\/uploads\/2021\/05\/Remini20210514091116835-198x300.jpg\" alt=\"\" width=\"350\" height=\"529\" srcset=\"https:\/\/www.fjeldskaar.com\/wp-content\/uploads\/2021\/05\/Remini20210514091116835-198x300.jpg 198w, https:\/\/www.fjeldskaar.com\/wp-content\/uploads\/2021\/05\/Remini20210514091116835-677x1024.jpg 677w, https:\/\/www.fjeldskaar.com\/wp-content\/uploads\/2021\/05\/Remini20210514091116835-768x1162.jpg 768w, https:\/\/www.fjeldskaar.com\/wp-content\/uploads\/2021\/05\/Remini20210514091116835-1016x1536.jpg 1016w, https:\/\/www.fjeldskaar.com\/wp-content\/uploads\/2021\/05\/Remini20210514091116835-1354x2048.jpg 1354w, https:\/\/www.fjeldskaar.com\/wp-content\/uploads\/2021\/05\/Remini20210514091116835-scaled.jpg 1693w\" sizes=\"auto, (max-width: 350px) 100vw, 350px\" \/><\/a><\/p>\n<p style=\"text-align: center;\"><i><em>Amalie and Kornelius with William and Ruth<\/em><\/i><\/p>\n<p style=\"text-align: center;\"><img loading=\"lazy\" decoding=\"async\" src=\"https:\/\/ww2.fjeldskaar.com\/wp-content\/uploads\/2015\/05\/11-300x225.jpg\" alt=\"11\" width=\"300\" height=\"225\" \/> \u00a0 <img loading=\"lazy\" decoding=\"async\" src=\"https:\/\/ww2.fjeldskaar.com\/wp-content\/uploads\/2015\/05\/Oscar_II.jpg\" alt=\"Oscar_II\" width=\"280\" height=\"223\" \/><\/p>\n<p style=\"text-align: center;\">Photo from Ellis Island around 1900. Amalie and Kornelius arrived here the first time in 1906. According to the protocol from the Ellis Island  Amalie planned to live with pastor E. Pettersen, no 8 State Street, NY; Kornelius at Halvor Jensen's place.<\/p>\n<p style=\"text-align: center;\"><a href=\"https:\/\/ww2.fjeldskaar.com\/wp-content\/uploads\/2015\/05\/AMALIE1.jpg\"><img loading=\"lazy\" decoding=\"async\" src=\"https:\/\/ww2.fjeldskaar.com\/wp-content\/uploads\/2015\/05\/AMALIE1-600x350.jpg\" alt=\"AMALIE1\" width=\"600\" height=\"350\" \/><\/a><\/p>\n<p style=\"text-align: center;\"><a href=\"https:\/\/ww2.fjeldskaar.com\/wp-content\/uploads\/2015\/05\/CORNELIUSa.jpg\"><img loading=\"lazy\" decoding=\"async\" src=\"https:\/\/ww2.fjeldskaar.com\/wp-content\/uploads\/2015\/05\/CORNELIUSa.jpg\" alt=\"CORNELIUSa\" width=\"600\" height=\"37\" \/><\/a><\/p>\n<p style=\"text-align: center;\"><img loading=\"lazy\" decoding=\"async\" src=\"https:\/\/ww2.fjeldskaar.com\/wp-content\/uploads\/2015\/05\/amalie.gif\" alt=\"amalie\" width=\"628\" height=\"151\" \/><\/p>\n<p style=\"text-align: center;\">We see from the documents that Amalie (when she traveled to the US in 1906 as unmarried) that she was a maid and given as the reason for the journey that she wanted to earn more.<\/p>\n<p style=\"text-align: center;\"><img loading=\"lazy\" decoding=\"async\" src=\"https:\/\/ww2.fjeldskaar.com\/wp-content\/uploads\/2015\/05\/helligolav2.jpg\" alt=\"helligolav2\" width=\"280\" height=\"219\" \/> \u00a0 <a href=\"https:\/\/ww2.fjeldskaar.com\/wp-content\/uploads\/2015\/05\/snap_1.jpg\"><img loading=\"lazy\" decoding=\"async\" src=\"https:\/\/ww2.fjeldskaar.com\/wp-content\/uploads\/2015\/05\/snap_1-300x100.jpg\" alt=\"snap_1\" width=\"300\" height=\"100\" \/><\/a><\/p>\n<p style=\"text-align: center;\"><img loading=\"lazy\" decoding=\"async\" src=\"https:\/\/ww2.fjeldskaar.com\/wp-content\/uploads\/2015\/05\/Korneliusa.jpg\" alt=\"Korneliusa\" width=\"400\" height=\"277\" \/>\u00a0\u00a0<img loading=\"lazy\" decoding=\"async\" src=\"https:\/\/ww2.fjeldskaar.com\/wp-content\/uploads\/2015\/05\/portRichmond_1.jpg\" alt=\"portRichmond_1\" width=\"170\" height=\"120\" \/><\/p>\n<p><i><em>Excerpt from the protocol from Ellis Island, where Amalie and Kornelius went ashore in the US. They got married in the US, and had one daughter, Ruth (1907). Amalie went home in 1908, while Cornelius was to 1909. Kornelius returned to the US in the same year, Amalie returned in 1910 together with Ruth. In sept. 1911 William was born during their stay in the US. Kornelius went back several times, e.g. 1924\/25, 1927 (with William) and in the 1930s.<\/em><\/i><\/p>\n<p><img loading=\"lazy\" decoding=\"async\" src=\"https:\/\/ww2.fjeldskaar.com\/wp-content\/uploads\/2015\/05\/Hatfield4.jpg\" alt=\"Hatfield4\" width=\"450\" height=\"188\" \/>\u00a0\u00a0<img loading=\"lazy\" decoding=\"async\" src=\"https:\/\/ww2.fjeldskaar.com\/wp-content\/uploads\/2015\/05\/IMG_0099-300x180.jpg\" alt=\"IMG_0099\" width=\"300\" height=\"180\" \/><br \/>\n<i><em>The left image is from the 25 Hatfield Pl. (anno 2015), where Kornelius lived, probably together with Amalie, and where William spent his first months. The picture to the right is taken when Amalie\/Kornelius was in the US and may be the same house<\/em><\/i><\/p>\n<p style=\"text-align: center;\"><a href=\"https:\/\/www.fjeldskaar.com\/wp-content\/uploads\/2021\/05\/famFjeldskaar1-scaled.jpg\"><img loading=\"lazy\" decoding=\"async\" class=\"alignnone wp-image-8512\" src=\"https:\/\/www.fjeldskaar.com\/wp-content\/uploads\/2021\/05\/famFjeldskaar1-244x300.jpg\" alt=\"\" width=\"440\" height=\"540\" srcset=\"https:\/\/www.fjeldskaar.com\/wp-content\/uploads\/2021\/05\/famFjeldskaar1-244x300.jpg 244w, https:\/\/www.fjeldskaar.com\/wp-content\/uploads\/2021\/05\/famFjeldskaar1-834x1024.jpg 834w, https:\/\/www.fjeldskaar.com\/wp-content\/uploads\/2021\/05\/famFjeldskaar1-768x943.jpg 768w, https:\/\/www.fjeldskaar.com\/wp-content\/uploads\/2021\/05\/famFjeldskaar1-1250x1536.jpg 1250w, https:\/\/www.fjeldskaar.com\/wp-content\/uploads\/2021\/05\/famFjeldskaar1-1667x2048.jpg 1667w\" sizes=\"auto, (max-width: 440px) 100vw, 440px\" \/><\/a><\/p>\n<p style=\"text-align: center;\"><em>Einar, William, Kornelius, Arnfinn, Ruth og Amalie.\u00a0Trykk p\u00e5 bildet for \u00e5 se st\u00f8rre versjon.\u00a0<\/em><\/p>\n<p>&nbsp;<\/p>\n<p style=\"text-align: center;\"><a href=\"https:\/\/ww2.fjeldskaar.com\/wp-content\/uploads\/2020\/11\/amaliefamCC-2.jpg\"><img loading=\"lazy\" decoding=\"async\" class=\"alignnone wp-image-8266\" src=\"https:\/\/ww2.fjeldskaar.com\/wp-content\/uploads\/2020\/11\/amaliefamCC-2.jpg\" alt=\"\" width=\"700\" height=\"444\" \/><\/a><\/p>\n<p style=\"text-align: center;\"><i><em>Kornelius, Einar, Ruth, Arnfinn, Amalie and William. Click on the picture to see a larger image.<\/em><\/i><\/p>\n<p style=\"text-align: center;\"><a href=\"https:\/\/www.fjeldskaar.com\/wp-content\/uploads\/2021\/05\/famFjeldskaar_1935-scaled.jpg\"><img loading=\"lazy\" decoding=\"async\" class=\"alignnone wp-image-8513\" src=\"https:\/\/www.fjeldskaar.com\/wp-content\/uploads\/2021\/05\/famFjeldskaar_1935-300x211.jpg\" alt=\"\" width=\"500\" height=\"352\" srcset=\"https:\/\/www.fjeldskaar.com\/wp-content\/uploads\/2021\/05\/famFjeldskaar_1935-300x211.jpg 300w, https:\/\/www.fjeldskaar.com\/wp-content\/uploads\/2021\/05\/famFjeldskaar_1935-1024x720.jpg 1024w, https:\/\/www.fjeldskaar.com\/wp-content\/uploads\/2021\/05\/famFjeldskaar_1935-768x540.jpg 768w, https:\/\/www.fjeldskaar.com\/wp-content\/uploads\/2021\/05\/famFjeldskaar_1935-1536x1080.jpg 1536w, https:\/\/www.fjeldskaar.com\/wp-content\/uploads\/2021\/05\/famFjeldskaar_1935-2048x1440.jpg 2048w\" sizes=\"auto, (max-width: 500px) 100vw, 500px\" \/><\/a><br \/>\n<i><em>Amalie og Johan Kornelius, med William, Ruth, Einar og Arnfinn i 1935. Ruth var p\u00e5 den tiden gift med Arne Martin Carlsen og bodde i USA. Hun var nok ikke tilstede da bildet ble tatt, men ser ut til \u00e5 v\u00e6re plassert inn p\u00e5 bildet.<\/em><\/i><\/p>\n<p style=\"text-align: center;\"><a href=\"https:\/\/ww2.fjeldskaar.com\/wp-content\/uploads\/2015\/05\/scan0003.jpg\"><img loading=\"lazy\" decoding=\"async\" src=\"https:\/\/ww2.fjeldskaar.com\/wp-content\/uploads\/2015\/05\/scan0003.jpg\" alt=\"\" width=\"600\" height=\"445\" \/><\/a><\/p>\n<p style=\"text-align: center;\"><em>With Ingjerd and William: Solveig, Ingjerd, William, Willy, Arnfinn, Amalie and Einar. Click on the picture to see a larger image.\u00a0<\/em><\/p>\n<p style=\"text-align: center;\"><a href=\"https:\/\/ww2.fjeldskaar.com\/wp-content\/uploads\/2015\/05\/Willy_amalie.jpg\"><img loading=\"lazy\" decoding=\"async\" src=\"https:\/\/ww2.fjeldskaar.com\/wp-content\/uploads\/2015\/05\/Willy_amalie.jpg\" alt=\"\" width=\"337\" height=\"452\" \/><\/a><\/p>\n<p style=\"text-align: center;\"><em>Amalie with her grandson Willy<\/em><\/p>\n<p><a href=\"https:\/\/www.fjeldskaar.com\/wp-content\/uploads\/2023\/01\/vedgrav5348.jpg\"><img loading=\"lazy\" decoding=\"async\" class=\"wp-image-9266 aligncenter\" src=\"https:\/\/www.fjeldskaar.com\/wp-content\/uploads\/2023\/01\/vedgrav5348-300x225.jpg\" alt=\"\" width=\"450\" height=\"338\" srcset=\"https:\/\/www.fjeldskaar.com\/wp-content\/uploads\/2023\/01\/vedgrav5348-300x225.jpg 300w, https:\/\/www.fjeldskaar.com\/wp-content\/uploads\/2023\/01\/vedgrav5348-768x576.jpg 768w, https:\/\/www.fjeldskaar.com\/wp-content\/uploads\/2023\/01\/vedgrav5348-16x12.jpg 16w, https:\/\/www.fjeldskaar.com\/wp-content\/uploads\/2023\/01\/vedgrav5348.jpg 917w\" sizes=\"auto, (max-width: 450px) 100vw, 450px\" \/><\/a><\/p>\n<p style=\"text-align: center;\"><em>Ved farmors og farfars grav<\/em><\/p>\n<p style=\"text-align: center;\"><img loading=\"lazy\" decoding=\"async\" src=\"https:\/\/ww2.fjeldskaar.com\/wp-content\/uploads\/2015\/05\/grav-300x225.jpg\" alt=\"grav\" width=\"300\" height=\"225\" \/><\/p>\n<p>&nbsp;<\/p>\n<p><a href=\"https:\/\/www.fjeldskaar.com\/wp-content\/uploads\/2022\/11\/amalielife.png\"><img loading=\"lazy\" decoding=\"async\" class=\"aligncenter wp-image-9023 size-medium\" src=\"https:\/\/www.fjeldskaar.com\/wp-content\/uploads\/2022\/11\/amalielife-300x241.png\" alt=\"\" width=\"300\" height=\"241\" srcset=\"https:\/\/www.fjeldskaar.com\/wp-content\/uploads\/2022\/11\/amalielife-300x241.png 300w, https:\/\/www.fjeldskaar.com\/wp-content\/uploads\/2022\/11\/amalielife-15x12.png 15w, https:\/\/www.fjeldskaar.com\/wp-content\/uploads\/2022\/11\/amalielife.png 542w\" sizes=\"auto, (max-width: 300px) 100vw, 300px\" \/><\/a><\/p>\n<p style=\"text-align: center;\"><em>Fra Family Search (bilde fra Fjeldskaar.com)<\/em><\/p>\n<p>Amalies liv ble selvsagt p\u00e5virket av ytre omstendigheter, b\u00e5de lokale og globale. Hun opplevde flere verdensomspennende kriser, bl.a. to verdenskriger, en influensa-pandemi og en \u00f8konomisk depresjon.<\/p>\n<p>.<\/p>\n<p style=\"text-align: center;\"><a href=\"https:\/\/ww2.fjeldskaar.com\/wp-content\/uploads\/2015\/05\/20160719_205149-1.jpg\"><img loading=\"lazy\" decoding=\"async\" src=\"https:\/\/ww2.fjeldskaar.com\/wp-content\/uploads\/2015\/05\/20160719_205149-1.jpg\" alt=\"\" width=\"795\" height=\"575\" \/><\/a><\/p>\n<p style=\"text-align: center;\"><em>11 of the total 14 grandchildren (12 in Norway, and 2 in the U.S.) after Amalie and Johan Kornelius; image from the summer of 2016.<\/em><\/p>\n<p><span style=\"color: #f7efd0;\">.<\/span><\/p>\n<p><span style=\"color: #f7efd0;\">.<\/span><\/p>\n<p style=\"text-align: right;\"><span style=\"color: #f7efd0;\">.<span style=\"font-size: 10pt;\"><span style=\"color: #ccaa7a;\"><span style=\"font-family: 'book antiqua', palatino;\"> \u00a0 \u00a0 \u00a0 \u00a0 \u00a0 \u00a0 \u00a0 \u00a0 \u00a0 \u00a0 \u00a0 \u00a0 \u00a0 \u00a0 \u00a0 \u00a0 \u00a0 \u00a0 \u00a0 \u00a0 \u00a0 \u00a0 \u00a0 \u00a0 \u00a0 \u00a0 \u00a0 \u00a0 \u00a0 \u00a0 \u00a0 \u00a0 \u00a0 \u00a0 \u00a0 \u00a0 \u00a0 \u00a0 \u00a0 \u00a0 \u00a0 \u00a0 \u00a0 \u00a0 \u00a0 \u00a0 \u00a0 \u00a0 \u00a0 \u00a0 \u00a0 \u00a0 \u00a0 \u00a0 \u00a0 \u00a0 \u00a0 \u00a0 \u00a0 \u00a0 \u00a0 \u00a0<\/span><\/span><span style=\"color: #ccaa7a;\"><span style=\"font-family: 'book antiqua', palatino;\">&gt; go to the Amalie\/Kornelius\u2019 children<\/span><\/span><\/span><\/span><\/p>\n<p><span style=\"color: #f7efd0;\">.<\/span><\/p>\n<p><span style=\"color: #808080;\"><strong>References<\/strong><\/span><br \/>\n<span style=\"color: #808080;\">[1] Hedrum bygdebok, bind 2, by Jan W. Krohn-Holm (1978)<\/span><br \/>\n<span style=\"color: #808080;\">[2] Hedrum local history: cultural history, by Jan W. Krohn-Holm (1982)<\/span><\/p>\n<div class=\"pdfprnt-buttons pdfprnt-buttons-page pdfprnt-bottom-right\"><a href=\"https:\/\/www.fjeldskaar.com\/en\/wp-json\/wp\/v2\/pages\/166?print=print\" class=\"pdfprnt-button pdfprnt-button-print\" target=\"_blank\"><img decoding=\"async\" src=\"https:\/\/www.fjeldskaar.com\/wp-content\/plugins\/pdf-print\/images\/print.png\" alt=\"image_print\" title=\"Print Content\" \/><span class=\"pdfprnt-button-title pdfprnt-button-print-title\">print<\/span><\/a><\/div>","protected":false},"excerpt":{"rendered":"<p>.&lt; g\u00e5 til Amalies aner\u00a0 \u00a0 \u00a0 .&lt; g\u00e5 til\u00a0 Kornelius&#8217; aner\u00a0 \u00a0 \u00a0 \u00a0 \u00a0 \u00a0 \u00a0 . Johan Kornelius Fjeldskaar 02.08.1884 &#8211; 29.02.1948 \u00a0 \u00a0 \u00a0 &laquo;Tiden best\u00e5r av sm\u00e5stunder, s\u00e5 vi har ikke tid til \u00e5 kritisere hverandre&laquo; (emiss\u00e6r Johan Kornelius Fjeldskaar; sitert av Paulus Barth Nielsen) &nbsp; D\u00e5ps- og konfirmasjonsattest for [&hellip;]<\/p>","protected":false},"author":1,"featured_media":0,"parent":0,"menu_order":8,"comment_status":"closed","ping_status":"closed","template":"no_sidebar.php","meta":{"footnotes":""},"class_list":["post-166","page","type-page","status-publish","hentry"],"_links":{"self":[{"href":"https:\/\/www.fjeldskaar.com\/en\/wp-json\/wp\/v2\/pages\/166","targetHints":{"allow":["GET"]}}],"collection":[{"href":"https:\/\/www.fjeldskaar.com\/en\/wp-json\/wp\/v2\/pages"}],"about":[{"href":"https:\/\/www.fjeldskaar.com\/en\/wp-json\/wp\/v2\/types\/page"}],"author":[{"embeddable":true,"href":"https:\/\/www.fjeldskaar.com\/en\/wp-json\/wp\/v2\/users\/1"}],"replies":[{"embeddable":true,"href":"https:\/\/www.fjeldskaar.com\/en\/wp-json\/wp\/v2\/comments?post=166"}],"version-history":[{"count":192,"href":"https:\/\/www.fjeldskaar.com\/en\/wp-json\/wp\/v2\/pages\/166\/revisions"}],"predecessor-version":[{"id":9294,"href":"https:\/\/www.fjeldskaar.com\/en\/wp-json\/wp\/v2\/pages\/166\/revisions\/9294"}],"wp:attachment":[{"href":"https:\/\/www.fjeldskaar.com\/en\/wp-json\/wp\/v2\/media?parent=166"}],"curies":[{"name":"wp","href":"https:\/\/api.w.org\/{rel}","templated":true}]}}