{"id":196,"date":"2015-05-10T07:38:09","date_gmt":"2015-05-10T07:38:09","guid":{"rendered":"https:\/\/ww2.fjeldskaar.com\/?page_id=196"},"modified":"2021-04-23T11:41:46","modified_gmt":"2021-04-23T11:41:46","slug":"kilder","status":"publish","type":"page","link":"http:\/\/www.fjeldskaar.com\/nb_no\/villumsen\/fra-kirkebokene\/kilder\/","title":{"rendered":"Kilder"},"content":{"rendered":"<p style=\"text-align: center;\"><span style=\"font-family: 'Great Vibes'; color: #806239;\"><strong><span style=\"font-size: 30pt;\">Noen kilder<\/span><\/strong><\/span><\/p>\n<p style=\"text-align: center;\"><span style=\"color: #cccccc; font-size: large;\"><b><span style=\"color: #806239; font-size: 14pt;\">for Fjeldskaar-slekten<\/span><\/b><\/span><\/p>\n<p class=\"heading2\"><span style=\"font-family: 'times new roman', times, serif; font-size: medium;\"><strong><span style=\"font-size: 12pt; font-family: arial, helvetica, sans-serif;\">Lindesnes:<\/span><br \/>\n<\/strong><\/span><a href=\"https:\/\/lindesneshistorielag.wordpress.com\/glimt\/\"><span style=\"color: #806239;\"><strong>Glimt fra Lindesnes \u00e5rgang 1981-2020<\/strong><\/span><\/a><br \/>\n<span style=\"color: #806239;\"><strong> Atterljom &#8211; bind <a href=\"https:\/\/www.nb.no\/items\/URN:NBN:no-nb_digibok_2006120600080\">1<\/a>, <a href=\"https:\/\/www.nb.no\/items\/URN:NBN:no-nb_digibok_2006121400063\">2<\/a> og<a href=\"https:\/\/www.nb.no\/items\/URN:NBN:no-nb_digibok_2008051304132\"> 3<\/a><br \/>\nSpangereid: folk og bygda gjennom tidene <a href=\"https:\/\/www.nb.no\/items\/URN:NBN:no-nb_digibok_2018031248015?page=5\">1<\/a>, 2 og 3<br \/>\n<\/strong><\/span><strong><span style=\"color: #806239;\">Bygdebok for S\u00f8r-Audnedal av Nils P. Vigeland (<a style=\"color: #806239;\" href=\"https:\/\/www.nb.no\/items\/URN:NBN:no-nb_digibok_2013091738007\">bind 1<\/a> og<a style=\"color: #806239;\" href=\"https:\/\/www.nb.no\/items\/URN:NBN:no-nb_digibok_2013112738027\"> 2<\/a>)<\/span><\/strong><\/p>\n<p>&nbsp;<\/p>\n<p><strong><span style=\"font-family: arial, helvetica, sans-serif;\">Tveit (\u00c5lefj\u00e6r):<\/span><br \/>\n<span style=\"color: #806239;\">Olav S. Hagane: <a style=\"color: #806239;\" href=\"https:\/\/www.nb.no\/items\/a42260e8d2d7631da7e92193ecde4249?page=3&amp;searchText=%22Tveit%22\">Tveit folkeskole (1924)<\/a>\u00a0<\/span><\/strong><br \/>\n<span style=\"color: #806239;\"><strong><u><\/u><u><\/u>Tveit Historielags \u00e5rsskrift<\/strong><\/span><br \/>\n<span style=\"color: #806239;\"><strong><u><\/u><u><\/u><a style=\"color: #806239;\" href=\"https:\/\/www.nb.no\/nbsok\/nb\/2d08ba1468eaf402df4a4d1561be713c?lang=no#0\">Tveit kirke 800 \u00e5r (1996)\u00a0<\/a><\/strong><\/span><br \/>\n<span style=\"color: #806239;\"><strong><u><\/u><u><\/u>Johan Tveite: Tveits historie I og II (1973)\u00a0<\/strong><\/span><strong><br \/>\n<\/strong><\/p>\n<p>&nbsp;<\/p>\n<p class=\"Normal\"><strong>S\u00f8k i skanna kirkeb\u00f8ker:<\/strong><br \/>\n&#8211; <a href=\"https:\/\/media.digitalarkivet.no\/kb\/browse?depository%5B%5D=35&amp;counties%5B%5D=10&amp;clerical_parishes%5B%5D=1029P&amp;parishes%5B%5D=1030S2&amp;start_year=&amp;end_year=&amp;text=\"><strong><span style=\"color: #993300;\"><span style=\"color: #806239;\">Spangereid<\/span><\/span><\/strong><\/a><span style=\"font-family: 'times new roman', times, serif; font-size: medium;\"><br \/>\n&#8211;<a href=\"https:\/\/media.digitalarkivet.no\/kb\/browse?depository%5B%5D=35&amp;counties%5B%5D=10&amp;clerical_parishes%5B%5D=1013P&amp;start_year=&amp;end_year=&amp;text=\"><span style=\"color: #806239;\"> <strong>Tveit<\/strong><\/span><\/a><br \/>\n<span style=\"color: #806239;\"><strong> &#8211; <a style=\"color: #806239;\" href=\"https:\/\/media.digitalarkivet.no\/kb\/browse?depository%5B%5D=35&amp;counties%5B%5D=10&amp;clerical_parishes%5B%5D=1024P&amp;start_year=&amp;end_year=&amp;text=\">Bjelland og Grindheim<\/a><\/strong><\/span><\/span><\/p>\n<p>&nbsp;<\/p>\n<p class=\"Normal\"><span style=\"color: #806239;\"><b>www.familysearch.org<\/b><\/span><\/p>\n<p>&nbsp;<\/p>\n<p><strong>Matrikkelutkastet 1950:<br \/>\n<span style=\"color: #806239;\"><a style=\"color: #806239;\" href=\"http:\/\/www.dokpro.uio.no\/cgi-bin\/stad\/matr50?task=h&amp;fnr=10&amp;hid=260\" target=\"_new\" rel=\"noopener noreferrer\">Spangereid<\/a><\/span><\/strong><br \/>\n<span style=\"color: #806239;\"><strong> <a style=\"color: #806239;\" href=\"http:\/\/www.dokpro.uio.no\/cgi-bin\/stad\/matr50?task=h&amp;fnr=10&amp;hid=258\" target=\"_new\" rel=\"noopener noreferrer\">S\u00f8r-Audnedal<\/a><\/strong><\/span><br \/>\n<span style=\"color: #806239;\"><strong> <a style=\"color: #806239;\" href=\"http:\/\/www.dokpro.uio.no\/cgi-bin\/stad\/matr50?task=h&amp;fnr=10&amp;hid=265\" target=\"_new\" rel=\"noopener noreferrer\">Vigmostad<\/a><\/strong><\/span><\/p>\n<p>&nbsp;<\/p>\n<p><strong>Bilder:<br \/>\n<\/strong>Lindesnes Bygdemuseum har lagt ut en hel del <strong><span style=\"color: #993300;\"><span style=\"color: #806239;\">bilder<\/span><\/span><\/strong> fra S\u00f8r-Audnedal, Spandereid og Vigmostad.<\/p>\n<p>&nbsp;<\/p>\n<p><span style=\"color: #806239;\"><strong><span style=\"font-size: x-large;\">B\u00f8ker<\/span><\/strong><\/span><\/p>\n<p style=\"text-align: center;\"><img loading=\"lazy\" decoding=\"async\" class=\"alignnone wp-image-243 size-full\" src=\"https:\/\/ww2.fjeldskaar.com\/wp-content\/uploads\/2015\/05\/b__ker1.jpg\" alt=\"b__ker\" width=\"586\" height=\"579\" srcset=\"https:\/\/www.fjeldskaar.com\/wp-content\/uploads\/2015\/05\/b__ker1.jpg 586w, https:\/\/www.fjeldskaar.com\/wp-content\/uploads\/2015\/05\/b__ker1-300x296.jpg 300w\" sizes=\"auto, (max-width: 586px) 100vw, 586px\" \/><\/p>\n<p style=\"text-align: center;\">\n<div class=\"pdfprnt-buttons pdfprnt-buttons-page pdfprnt-bottom-right\"><a href=\"http:\/\/www.fjeldskaar.com\/nb_no\/wp-json\/wp\/v2\/pages\/196?print=print\" class=\"pdfprnt-button pdfprnt-button-print\" target=\"_blank\"><img decoding=\"async\" src=\"https:\/\/www.fjeldskaar.com\/wp-content\/plugins\/pdf-print\/images\/print.png\" alt=\"image_print\" title=\"Print Content\" \/><span class=\"pdfprnt-button-title pdfprnt-button-print-title\">print<\/span><\/a><\/div>","protected":false},"excerpt":{"rendered":"<p>Noen kilder for Fjeldskaar-slekten Lindesnes: Glimt fra Lindesnes \u00e5rgang 1981-2020 Atterljom &#8211; bind 1, 2 og 3 Spangereid: folk og bygda gjennom tidene 1, 2 og 3 Bygdebok for S\u00f8r-Audnedal av Nils P. Vigeland (bind 1 og 2) &nbsp; Tveit (\u00c5lefj\u00e6r): Olav S. Hagane: Tveit folkeskole (1924)\u00a0 Tveit Historielags \u00e5rsskrift Tveit kirke 800 \u00e5r (1996)\u00a0 [&hellip;]<\/p>\n","protected":false},"author":1,"featured_media":0,"parent":515,"menu_order":37,"comment_status":"closed","ping_status":"closed","template":"no_sidebar.php","meta":{"footnotes":""},"class_list":["post-196","page","type-page","status-publish","hentry"],"_links":{"self":[{"href":"http:\/\/www.fjeldskaar.com\/nb_no\/wp-json\/wp\/v2\/pages\/196","targetHints":{"allow":["GET"]}}],"collection":[{"href":"http:\/\/www.fjeldskaar.com\/nb_no\/wp-json\/wp\/v2\/pages"}],"about":[{"href":"http:\/\/www.fjeldskaar.com\/nb_no\/wp-json\/wp\/v2\/types\/page"}],"author":[{"embeddable":true,"href":"http:\/\/www.fjeldskaar.com\/nb_no\/wp-json\/wp\/v2\/users\/1"}],"replies":[{"embeddable":true,"href":"http:\/\/www.fjeldskaar.com\/nb_no\/wp-json\/wp\/v2\/comments?post=196"}],"version-history":[{"count":15,"href":"http:\/\/www.fjeldskaar.com\/nb_no\/wp-json\/wp\/v2\/pages\/196\/revisions"}],"predecessor-version":[{"id":8311,"href":"http:\/\/www.fjeldskaar.com\/nb_no\/wp-json\/wp\/v2\/pages\/196\/revisions\/8311"}],"up":[{"embeddable":true,"href":"http:\/\/www.fjeldskaar.com\/nb_no\/wp-json\/wp\/v2\/pages\/515"}],"wp:attachment":[{"href":"http:\/\/www.fjeldskaar.com\/nb_no\/wp-json\/wp\/v2\/media?parent=196"}],"curies":[{"name":"wp","href":"https:\/\/api.w.org\/{rel}","templated":true}]}}