{"id":515,"date":"2015-05-12T16:49:41","date_gmt":"2015-05-12T16:49:41","guid":{"rendered":"https:\/\/ww2.fjeldskaar.com\/?page_id=515"},"modified":"2023-01-22T21:35:59","modified_gmt":"2023-01-22T21:35:59","slug":"fra-kirkebokene","status":"publish","type":"page","link":"http:\/\/www.fjeldskaar.com\/en\/villumsen\/fra-kirkebokene\/","title":{"rendered":"From the church records"},"content":{"rendered":"<div align=\"center\">\n<h2><span style=\"font-size: 30pt; color: #806239; font-family: 'Great Vibes';\">Noen utklipp fra kirkeb\u00f8ker og folketellinger<\/span><\/h2>\n<h2><span style=\"color: #f7efd0;\">.<\/span><\/h2>\n<h2><span style=\"color: #806239; font-size: 18pt; font-family: 'Great Vibes';\"><b>Karen Gurines slekt<\/b><\/span><\/h2>\n<p><a href=\"https:\/\/ww2.fjeldskaar.com\/wp-content\/uploads\/2015\/05\/BerentHansen1748.jpg\"><img loading=\"lazy\" decoding=\"async\" class=\"alignnone wp-image-1024 size-full\" src=\"https:\/\/ww2.fjeldskaar.com\/wp-content\/uploads\/2015\/05\/BerentHansen1748.jpg\" alt=\"BerentHansen1748\" width=\"550\" height=\"98\" srcset=\"https:\/\/www.fjeldskaar.com\/wp-content\/uploads\/2015\/05\/BerentHansen1748.jpg 550w, https:\/\/www.fjeldskaar.com\/wp-content\/uploads\/2015\/05\/BerentHansen1748-300x53.jpg 300w\" sizes=\"auto, (max-width: 550px) 100vw, 550px\" \/><\/a><br \/>\n<i>Berendt blir f\u00f8dt &#8211; 1748<\/i><\/p>\n<p><a href=\"https:\/\/ww2.fjeldskaar.com\/wp-content\/uploads\/2015\/05\/BerntEliasb.jpg\"><img loading=\"lazy\" decoding=\"async\" class=\"alignnone wp-image-1026 size-full\" src=\"https:\/\/ww2.fjeldskaar.com\/wp-content\/uploads\/2015\/05\/BerntEliasb.jpg\" alt=\"BerntEliasb\" width=\"550\" height=\"42\" srcset=\"https:\/\/www.fjeldskaar.com\/wp-content\/uploads\/2015\/05\/BerntEliasb.jpg 550w, https:\/\/www.fjeldskaar.com\/wp-content\/uploads\/2015\/05\/BerntEliasb-300x23.jpg 300w\" sizes=\"auto, (max-width: 550px) 100vw, 550px\" \/><\/a><br \/>\n<i>Bernt Elias (Karen Gurines far) gravlegges i 1884<br \/>\n<\/i><br \/>\n<a href=\"https:\/\/ww2.fjeldskaar.com\/wp-content\/uploads\/2015\/05\/ChristianB_rentsenGitlevog1796.jpg\"><img loading=\"lazy\" decoding=\"async\" class=\"alignnone wp-image-1027 size-full\" src=\"https:\/\/ww2.fjeldskaar.com\/wp-content\/uploads\/2015\/05\/ChristianB_rentsenGitlevog1796.jpg\" alt=\"ChristianB_rentsenGitlevog1796\" width=\"550\" height=\"110\" srcset=\"https:\/\/www.fjeldskaar.com\/wp-content\/uploads\/2015\/05\/ChristianB_rentsenGitlevog1796.jpg 550w, https:\/\/www.fjeldskaar.com\/wp-content\/uploads\/2015\/05\/ChristianB_rentsenGitlevog1796-300x60.jpg 300w\" sizes=\"auto, (max-width: 550px) 100vw, 550px\" \/><\/a><br \/>\n<i>Christen og Else Marthea gifter seg i 1796<\/i><\/p>\n<p><a href=\"https:\/\/ww2.fjeldskaar.com\/wp-content\/uploads\/2015\/05\/EstherThoresdtr1757.jpg\"><img loading=\"lazy\" decoding=\"async\" class=\"alignnone wp-image-1028 size-full\" src=\"https:\/\/ww2.fjeldskaar.com\/wp-content\/uploads\/2015\/05\/EstherThoresdtr1757.jpg\" alt=\"EstherThoresdtr1757\" width=\"550\" height=\"71\" srcset=\"https:\/\/www.fjeldskaar.com\/wp-content\/uploads\/2015\/05\/EstherThoresdtr1757.jpg 550w, https:\/\/www.fjeldskaar.com\/wp-content\/uploads\/2015\/05\/EstherThoresdtr1757-300x39.jpg 300w\" sizes=\"auto, (max-width: 550px) 100vw, 550px\" \/><\/a><br \/>\nEsther Thoresdtr blir f\u00f8dt 1757<\/p>\n<\/div>\n<p>&nbsp;<\/p>\n<div align=\"center\"><a href=\"https:\/\/ww2.fjeldskaar.com\/wp-content\/uploads\/2015\/05\/MartineKristoffersen1895.jpg\"><img loading=\"lazy\" decoding=\"async\" class=\"alignnone wp-image-1029 size-full\" src=\"https:\/\/ww2.fjeldskaar.com\/wp-content\/uploads\/2015\/05\/MartineKristoffersen1895.jpg\" alt=\"MartineKristoffersen1895\" width=\"550\" height=\"55\" srcset=\"https:\/\/www.fjeldskaar.com\/wp-content\/uploads\/2015\/05\/MartineKristoffersen1895.jpg 550w, https:\/\/www.fjeldskaar.com\/wp-content\/uploads\/2015\/05\/MartineKristoffersen1895-300x30.jpg 300w\" sizes=\"auto, (max-width: 550px) 100vw, 550px\" \/><\/a><br \/>\n<i>Martine Kristoffersdtr (Karen Gurines mor) d\u00f8r 1895, 75 \u00e5r gammel<\/i><\/div>\n<div align=\"center\"><\/div>\n<div align=\"center\"><a href=\"https:\/\/ww2.fjeldskaar.com\/wp-content\/uploads\/2015\/05\/KarenGurine.jpg\"><img loading=\"lazy\" decoding=\"async\" class=\"alignnone wp-image-1030 size-full\" src=\"https:\/\/ww2.fjeldskaar.com\/wp-content\/uploads\/2015\/05\/KarenGurine.jpg\" alt=\"KarenGurine\" width=\"550\" height=\"98\" srcset=\"https:\/\/www.fjeldskaar.com\/wp-content\/uploads\/2015\/05\/KarenGurine.jpg 550w, https:\/\/www.fjeldskaar.com\/wp-content\/uploads\/2015\/05\/KarenGurine-300x53.jpg 300w\" sizes=\"auto, (max-width: 550px) 100vw, 550px\" \/><\/a><br \/>\n<i>Karen Gurine blir d\u00f8pt i 1855<\/i><\/div>\n<div align=\"center\"><a href=\"https:\/\/ww2.fjeldskaar.com\/wp-content\/uploads\/2015\/05\/KarenGurine2.jpg\"><img loading=\"lazy\" decoding=\"async\" class=\"alignnone wp-image-1031 size-full\" src=\"https:\/\/ww2.fjeldskaar.com\/wp-content\/uploads\/2015\/05\/KarenGurine2.jpg\" alt=\"KarenGurine2\" width=\"550\" height=\"45\" srcset=\"https:\/\/www.fjeldskaar.com\/wp-content\/uploads\/2015\/05\/KarenGurine2.jpg 550w, https:\/\/www.fjeldskaar.com\/wp-content\/uploads\/2015\/05\/KarenGurine2-300x25.jpg 300w\" sizes=\"auto, (max-width: 550px) 100vw, 550px\" \/><\/a><br \/>\n<i>Karen Gurine d\u00f8r i 1888<\/i><\/div>\n<p>&nbsp;<\/p>\n<div align=\"center\">\n<h2><span style=\"color: #806239; font-size: 18pt; font-family: 'Great Vibes';\"><b>Johan Enoks slekt<\/b><\/span><\/h2>\n<p><a href=\"https:\/\/ww2.fjeldskaar.com\/wp-content\/uploads\/2015\/05\/JohanEnok.jpg\"><img loading=\"lazy\" decoding=\"async\" class=\"alignnone wp-image-1032 size-full\" src=\"https:\/\/ww2.fjeldskaar.com\/wp-content\/uploads\/2015\/05\/JohanEnok.jpg\" alt=\"JohanEnok\" width=\"550\" height=\"137\" \/><\/a><br \/>\n<i>Johan Enok blir d\u00f8pt 25\/9-1853<\/i><\/p>\n<p><a href=\"https:\/\/ww2.fjeldskaar.com\/wp-content\/uploads\/2015\/05\/SilleTomine1872b.jpg\"><img loading=\"lazy\" decoding=\"async\" class=\"alignnone size-full wp-image-1033\" src=\"https:\/\/ww2.fjeldskaar.com\/wp-content\/uploads\/2015\/05\/SilleTomine1872b.jpg\" alt=\"SilleTomine1872b\" width=\"250\" height=\"109\" \/><\/a><br \/>\n<a href=\"https:\/\/ww2.fjeldskaar.com\/wp-content\/uploads\/2015\/05\/SilleTomine1872c_1.jpg\"><img loading=\"lazy\" decoding=\"async\" class=\"alignnone wp-image-1034 size-full\" src=\"https:\/\/ww2.fjeldskaar.com\/wp-content\/uploads\/2015\/05\/SilleTomine1872c_1.jpg\" alt=\"SilleTomine1872c_1\" width=\"550\" height=\"64\" srcset=\"https:\/\/www.fjeldskaar.com\/wp-content\/uploads\/2015\/05\/SilleTomine1872c_1.jpg 550w, https:\/\/www.fjeldskaar.com\/wp-content\/uploads\/2015\/05\/SilleTomine1872c_1-300x35.jpg 300w\" sizes=\"auto, (max-width: 550px) 100vw, 550px\" \/><\/a><br \/>\nSille Tomine Pedersdtr (Johan Enoks mor) d\u00f8r i forbindelse med f\u00f8dsel i 1872.<\/p>\n<p><a href=\"https:\/\/ww2.fjeldskaar.com\/wp-content\/uploads\/2015\/05\/HenningOlsen1749.jpg\"><img loading=\"lazy\" decoding=\"async\" class=\"alignnone wp-image-1035 size-full\" src=\"https:\/\/ww2.fjeldskaar.com\/wp-content\/uploads\/2015\/05\/HenningOlsen1749.jpg\" alt=\"HenningOlsen1749\" width=\"550\" height=\"96\" srcset=\"https:\/\/www.fjeldskaar.com\/wp-content\/uploads\/2015\/05\/HenningOlsen1749.jpg 550w, https:\/\/www.fjeldskaar.com\/wp-content\/uploads\/2015\/05\/HenningOlsen1749-300x52.jpg 300w\" sizes=\"auto, (max-width: 550px) 100vw, 550px\" \/><\/a><br \/>\n<i>Henning Olsen gifter seg igjen i 1749<\/i><\/p>\n<\/div>\n<p>&nbsp;<\/p>\n<div align=\"center\"><a href=\"https:\/\/ww2.fjeldskaar.com\/wp-content\/uploads\/2015\/05\/JoenJoensen1801.jpg\"><img loading=\"lazy\" decoding=\"async\" class=\"alignnone wp-image-1037 size-full\" src=\"https:\/\/ww2.fjeldskaar.com\/wp-content\/uploads\/2015\/05\/JoenJoensen1801.jpg\" alt=\"JoenJoensen1801\" width=\"550\" height=\"126\" srcset=\"https:\/\/www.fjeldskaar.com\/wp-content\/uploads\/2015\/05\/JoenJoensen1801.jpg 550w, https:\/\/www.fjeldskaar.com\/wp-content\/uploads\/2015\/05\/JoenJoensen1801-300x69.jpg 300w\" sizes=\"auto, (max-width: 550px) 100vw, 550px\" \/><\/a><\/div>\n<p>&nbsp;<\/p>\n<div align=\"center\"><a href=\"https:\/\/ww2.fjeldskaar.com\/wp-content\/uploads\/2015\/05\/JoenJoensen1805.jpg\"><img loading=\"lazy\" decoding=\"async\" class=\"alignnone wp-image-1038 size-full\" src=\"https:\/\/ww2.fjeldskaar.com\/wp-content\/uploads\/2015\/05\/JoenJoensen1805.jpg\" alt=\"JoenJoensen1805\" width=\"550\" height=\"97\" srcset=\"https:\/\/www.fjeldskaar.com\/wp-content\/uploads\/2015\/05\/JoenJoensen1805.jpg 550w, https:\/\/www.fjeldskaar.com\/wp-content\/uploads\/2015\/05\/JoenJoensen1805-300x53.jpg 300w\" sizes=\"auto, (max-width: 550px) 100vw, 550px\" \/><\/a><br \/>\n<i>Joen Joensen og Gunill Olsdatter gifter seg i 1805<\/i><\/div>\n<div align=\"center\"><i><a href=\"https:\/\/ww2.fjeldskaar.com\/wp-content\/uploads\/2015\/05\/JohnJohnsen1857.jpg\"><img loading=\"lazy\" decoding=\"async\" class=\"alignnone wp-image-1039 size-full\" src=\"https:\/\/ww2.fjeldskaar.com\/wp-content\/uploads\/2015\/05\/JohnJohnsen1857.jpg\" alt=\"JohnJohnsen1857\" width=\"550\" height=\"41\" srcset=\"https:\/\/www.fjeldskaar.com\/wp-content\/uploads\/2015\/05\/JohnJohnsen1857.jpg 550w, https:\/\/www.fjeldskaar.com\/wp-content\/uploads\/2015\/05\/JohnJohnsen1857-300x22.jpg 300w\" sizes=\"auto, (max-width: 550px) 100vw, 550px\" \/><\/a><\/i><br \/>\n<i>John Johnsen gravlegges 27\/1-1857, han ble 83 \u00e5r gammel.<br \/>\n<\/i><\/div>\n<p>&nbsp;<\/p>\n<div align=\"center\">\n<p><a href=\"https:\/\/ww2.fjeldskaar.com\/wp-content\/uploads\/2015\/05\/JoranPedersdtr1801.jpg\"><img loading=\"lazy\" decoding=\"async\" class=\"alignnone wp-image-1040 size-full\" src=\"https:\/\/ww2.fjeldskaar.com\/wp-content\/uploads\/2015\/05\/JoranPedersdtr1801.jpg\" alt=\"JoranPedersdtr1801\" width=\"550\" height=\"207\" srcset=\"https:\/\/www.fjeldskaar.com\/wp-content\/uploads\/2015\/05\/JoranPedersdtr1801.jpg 550w, https:\/\/www.fjeldskaar.com\/wp-content\/uploads\/2015\/05\/JoranPedersdtr1801-300x113.jpg 300w\" sizes=\"auto, (max-width: 550px) 100vw, 550px\" \/><\/a><\/p>\n<p><a href=\"https:\/\/ww2.fjeldskaar.com\/wp-content\/uploads\/2015\/05\/JoranPedersdtr1805.jpg\"><img loading=\"lazy\" decoding=\"async\" class=\"alignnone wp-image-1041 size-full\" src=\"https:\/\/ww2.fjeldskaar.com\/wp-content\/uploads\/2015\/05\/JoranPedersdtr1805.jpg\" alt=\"JoranPedersdtr1805\" width=\"550\" height=\"69\" srcset=\"https:\/\/www.fjeldskaar.com\/wp-content\/uploads\/2015\/05\/JoranPedersdtr1805.jpg 550w, https:\/\/www.fjeldskaar.com\/wp-content\/uploads\/2015\/05\/JoranPedersdtr1805-300x38.jpg 300w\" sizes=\"auto, (max-width: 550px) 100vw, 550px\" \/><\/a><br \/>\n<i>Joran Pedersdtr d\u00f8r i 1805<\/i><\/p>\n<p><a href=\"https:\/\/ww2.fjeldskaar.com\/wp-content\/uploads\/2015\/05\/SimonEriksen1780.jpg\"><img loading=\"lazy\" decoding=\"async\" class=\"alignnone wp-image-1042 size-full\" src=\"https:\/\/ww2.fjeldskaar.com\/wp-content\/uploads\/2015\/05\/SimonEriksen1780.jpg\" alt=\"SimonEriksen1780\" width=\"550\" height=\"69\" srcset=\"https:\/\/www.fjeldskaar.com\/wp-content\/uploads\/2015\/05\/SimonEriksen1780.jpg 550w, https:\/\/www.fjeldskaar.com\/wp-content\/uploads\/2015\/05\/SimonEriksen1780-300x38.jpg 300w\" sizes=\"auto, (max-width: 550px) 100vw, 550px\" \/><\/a><br \/>\nSimon Eriksen d\u00f8r i 1790, 65 \u00e5r gammel<\/p>\n<\/div>\n<p>&nbsp;<\/p>\n<div align=\"center\"><a href=\"https:\/\/ww2.fjeldskaar.com\/wp-content\/uploads\/2015\/05\/OleHenningsen1731sept1.jpg\"><img loading=\"lazy\" decoding=\"async\" class=\"alignnone wp-image-1043 size-full\" src=\"https:\/\/ww2.fjeldskaar.com\/wp-content\/uploads\/2015\/05\/OleHenningsen1731sept1.jpg\" alt=\"OleHenningsen1731sept\" width=\"570\" height=\"117\" srcset=\"https:\/\/www.fjeldskaar.com\/wp-content\/uploads\/2015\/05\/OleHenningsen1731sept1.jpg 570w, https:\/\/www.fjeldskaar.com\/wp-content\/uploads\/2015\/05\/OleHenningsen1731sept1-300x62.jpg 300w\" sizes=\"auto, (max-width: 570px) 100vw, 570px\" \/><\/a><br \/>\n<i>Ole Henningsen blir f\u00f8dt sept 1731<\/i><\/div>\n<div align=\"center\"><a href=\"https:\/\/ww2.fjeldskaar.com\/wp-content\/uploads\/2015\/05\/OleHenningsen1765.jpg\"><img loading=\"lazy\" decoding=\"async\" class=\"alignnone wp-image-1044 size-full\" src=\"https:\/\/ww2.fjeldskaar.com\/wp-content\/uploads\/2015\/05\/OleHenningsen1765.jpg\" alt=\"OleHenningsen1765\" width=\"550\" height=\"76\" srcset=\"https:\/\/www.fjeldskaar.com\/wp-content\/uploads\/2015\/05\/OleHenningsen1765.jpg 550w, https:\/\/www.fjeldskaar.com\/wp-content\/uploads\/2015\/05\/OleHenningsen1765-300x41.jpg 300w\" sizes=\"auto, (max-width: 550px) 100vw, 550px\" \/><\/a><br \/>\n<i>Ole Henningsen og Gunill Jensdtr gifter seg i 1765<\/i><\/div>\n<div align=\"center\"><a href=\"https:\/\/ww2.fjeldskaar.com\/wp-content\/uploads\/2015\/05\/OleHenningsen1779.jpg\"><img loading=\"lazy\" decoding=\"async\" class=\"alignnone wp-image-1045 size-full\" src=\"https:\/\/ww2.fjeldskaar.com\/wp-content\/uploads\/2015\/05\/OleHenningsen1779.jpg\" alt=\"OleHenningsen1779\" width=\"550\" height=\"66\" srcset=\"https:\/\/www.fjeldskaar.com\/wp-content\/uploads\/2015\/05\/OleHenningsen1779.jpg 550w, https:\/\/www.fjeldskaar.com\/wp-content\/uploads\/2015\/05\/OleHenningsen1779-300x36.jpg 300w\" sizes=\"auto, (max-width: 550px) 100vw, 550px\" \/><\/a><br \/>\n<i>Ole Henningsen d\u00f8r i 1779, 49 \u00e5r gammel<\/i><\/div>\n<p>&nbsp;<\/p>\n<div align=\"center\"><a href=\"https:\/\/ww2.fjeldskaar.com\/wp-content\/uploads\/2015\/05\/VillumJohnsen1830.jpg\"><img loading=\"lazy\" decoding=\"async\" class=\"alignnone wp-image-1047 size-full\" src=\"https:\/\/ww2.fjeldskaar.com\/wp-content\/uploads\/2015\/05\/VillumJohnsen1830.jpg\" alt=\"VillumJohnsen1830\" width=\"550\" height=\"69\" srcset=\"https:\/\/www.fjeldskaar.com\/wp-content\/uploads\/2015\/05\/VillumJohnsen1830.jpg 550w, https:\/\/www.fjeldskaar.com\/wp-content\/uploads\/2015\/05\/VillumJohnsen1830-300x38.jpg 300w\" sizes=\"auto, (max-width: 550px) 100vw, 550px\" \/><\/a><br \/>\n<i>Willum Johnsen (Johan Enoks far) blir konfirmert 1830.<\/i><\/div>\n<div align=\"center\"><i><a href=\"https:\/\/ww2.fjeldskaar.com\/wp-content\/uploads\/2015\/05\/VillumJohnsen1883.jpg\"><img loading=\"lazy\" decoding=\"async\" class=\"alignnone wp-image-1048 size-full\" src=\"https:\/\/ww2.fjeldskaar.com\/wp-content\/uploads\/2015\/05\/VillumJohnsen1883.jpg\" alt=\"VillumJohnsen1883\" width=\"550\" height=\"32\" srcset=\"https:\/\/www.fjeldskaar.com\/wp-content\/uploads\/2015\/05\/VillumJohnsen1883.jpg 550w, https:\/\/www.fjeldskaar.com\/wp-content\/uploads\/2015\/05\/VillumJohnsen1883-300x17.jpg 300w\" sizes=\"auto, (max-width: 550px) 100vw, 550px\" \/><\/a><\/i><br \/>\n<i>Villum Johnsen d\u00f8r 1883, 68 \u00e5r gammel<\/i><\/div>\n<div align=\"center\"><a href=\"https:\/\/ww2.fjeldskaar.com\/wp-content\/uploads\/2015\/05\/WillumJohnsen1814.jpg\"><img loading=\"lazy\" decoding=\"async\" class=\"alignnone wp-image-1049 size-full\" src=\"https:\/\/ww2.fjeldskaar.com\/wp-content\/uploads\/2015\/05\/WillumJohnsen1814.jpg\" alt=\"WillumJohnsen1814\" width=\"550\" height=\"98\" srcset=\"https:\/\/www.fjeldskaar.com\/wp-content\/uploads\/2015\/05\/WillumJohnsen1814.jpg 550w, https:\/\/www.fjeldskaar.com\/wp-content\/uploads\/2015\/05\/WillumJohnsen1814-300x53.jpg 300w\" sizes=\"auto, (max-width: 550px) 100vw, 550px\" \/><\/a><br \/>\n<i>Willum blir f\u00f8dt 1814.<\/i><\/div>\n<p>&nbsp;<\/p>\n<p align=\"center\"><a href=\"https:\/\/ww2.fjeldskaar.com\/wp-content\/uploads\/2015\/05\/WalborSimonsdtr1801.jpg\"><img loading=\"lazy\" decoding=\"async\" class=\"alignnone wp-image-1050 size-full\" src=\"https:\/\/ww2.fjeldskaar.com\/wp-content\/uploads\/2015\/05\/WalborSimonsdtr1801.jpg\" alt=\"WalborSimonsdtr1801\" width=\"550\" height=\"346\" srcset=\"https:\/\/www.fjeldskaar.com\/wp-content\/uploads\/2015\/05\/WalborSimonsdtr1801.jpg 550w, https:\/\/www.fjeldskaar.com\/wp-content\/uploads\/2015\/05\/WalborSimonsdtr1801-300x189.jpg 300w\" sizes=\"auto, (max-width: 550px) 100vw, 550px\" \/><\/a><\/p>\n<div align=\"center\"><a href=\"https:\/\/ww2.fjeldskaar.com\/wp-content\/uploads\/2015\/05\/WalborgSimensdtr17741.jpg\"><img loading=\"lazy\" decoding=\"async\" class=\"alignnone wp-image-1051 size-full\" src=\"https:\/\/ww2.fjeldskaar.com\/wp-content\/uploads\/2015\/05\/WalborgSimensdtr17741.jpg\" alt=\"WalborgSimensdtr1774\" width=\"550\" height=\"98\" srcset=\"https:\/\/www.fjeldskaar.com\/wp-content\/uploads\/2015\/05\/WalborgSimensdtr17741.jpg 550w, https:\/\/www.fjeldskaar.com\/wp-content\/uploads\/2015\/05\/WalborgSimensdtr17741-300x53.jpg 300w\" sizes=\"auto, (max-width: 550px) 100vw, 550px\" \/><\/a><br \/>\n<i>Valbor Simonsdtr og Ole Henningsen gifter seg i 1774<\/i><\/div>\n<div align=\"center\"><i><a href=\"https:\/\/ww2.fjeldskaar.com\/wp-content\/uploads\/2015\/05\/WalborgSimensdtr.jpg\"><img loading=\"lazy\" decoding=\"async\" class=\"alignnone wp-image-1052 size-full\" src=\"https:\/\/ww2.fjeldskaar.com\/wp-content\/uploads\/2015\/05\/WalborgSimensdtr.jpg\" alt=\"WalborgSimensdtr\" width=\"550\" height=\"53\" srcset=\"https:\/\/www.fjeldskaar.com\/wp-content\/uploads\/2015\/05\/WalborgSimensdtr.jpg 550w, https:\/\/www.fjeldskaar.com\/wp-content\/uploads\/2015\/05\/WalborgSimensdtr-300x29.jpg 300w\" sizes=\"auto, (max-width: 550px) 100vw, 550px\" \/><\/a><\/i><br \/>\n<i>Walbor Simonsdtr d\u00f8r i 1838, 90 \u00e5r gammel<\/i><\/div>\n<p>&nbsp;<\/p>\n<div align=\"center\"><a href=\"https:\/\/ww2.fjeldskaar.com\/wp-content\/uploads\/2015\/05\/AatlaugTollisdtr1746.jpg\"><img loading=\"lazy\" decoding=\"async\" class=\"alignnone wp-image-1053 size-full\" src=\"https:\/\/ww2.fjeldskaar.com\/wp-content\/uploads\/2015\/05\/AatlaugTollisdtr1746.jpg\" alt=\"AatlaugTollisdtr1746\" width=\"550\" height=\"119\" srcset=\"https:\/\/www.fjeldskaar.com\/wp-content\/uploads\/2015\/05\/AatlaugTollisdtr1746.jpg 550w, https:\/\/www.fjeldskaar.com\/wp-content\/uploads\/2015\/05\/AatlaugTollisdtr1746-300x65.jpg 300w\" sizes=\"auto, (max-width: 550px) 100vw, 550px\" \/><\/a><br \/>\n<i><i>Tollef Haagensen og datter Aatlou Tollisdtr d\u00f8r 1746<\/i><\/i><\/div>\n<div align=\"center\"><i><i><a href=\"https:\/\/ww2.fjeldskaar.com\/wp-content\/uploads\/2015\/05\/TonetteSalvesdtr1805.jpg\"><img loading=\"lazy\" decoding=\"async\" class=\"alignnone wp-image-1054 size-full\" src=\"https:\/\/ww2.fjeldskaar.com\/wp-content\/uploads\/2015\/05\/TonetteSalvesdtr1805.jpg\" alt=\"TonetteSalvesdtr1805\" width=\"550\" height=\"66\" srcset=\"https:\/\/www.fjeldskaar.com\/wp-content\/uploads\/2015\/05\/TonetteSalvesdtr1805.jpg 550w, https:\/\/www.fjeldskaar.com\/wp-content\/uploads\/2015\/05\/TonetteSalvesdtr1805-300x36.jpg 300w\" sizes=\"auto, (max-width: 550px) 100vw, 550px\" \/><\/a><\/i><\/i><br \/>\nTonette Salvesdtr (Johan Enoks mormor) blir f\u00f8dt 1805<\/div>\n<div align=\"center\"><a href=\"https:\/\/ww2.fjeldskaar.com\/wp-content\/uploads\/2015\/05\/LucretiaTollisdtr1764.jpg\"><img loading=\"lazy\" decoding=\"async\" class=\"alignnone wp-image-1055 size-full\" src=\"https:\/\/ww2.fjeldskaar.com\/wp-content\/uploads\/2015\/05\/LucretiaTollisdtr1764.jpg\" alt=\"LucretiaTollisdtr1764\" width=\"550\" height=\"73\" srcset=\"https:\/\/www.fjeldskaar.com\/wp-content\/uploads\/2015\/05\/LucretiaTollisdtr1764.jpg 550w, https:\/\/www.fjeldskaar.com\/wp-content\/uploads\/2015\/05\/LucretiaTollisdtr1764-300x40.jpg 300w\" sizes=\"auto, (max-width: 550px) 100vw, 550px\" \/><\/a><br \/>\nLucretia Tollisdtr d\u00f8r 1764, 82 \u00e5r gammel<\/div>\n<p>&nbsp;<\/p>\n<div align=\"center\"><a href=\"https:\/\/ww2.fjeldskaar.com\/wp-content\/uploads\/2015\/05\/PederSimonsen.jpg\"><img loading=\"lazy\" decoding=\"async\" class=\"alignnone wp-image-1166 size-full\" src=\"https:\/\/ww2.fjeldskaar.com\/wp-content\/uploads\/2015\/05\/PederSimonsen.jpg\" alt=\"PederSimonsen\" width=\"550\" height=\"42\" srcset=\"https:\/\/www.fjeldskaar.com\/wp-content\/uploads\/2015\/05\/PederSimonsen.jpg 550w, https:\/\/www.fjeldskaar.com\/wp-content\/uploads\/2015\/05\/PederSimonsen-300x23.jpg 300w\" sizes=\"auto, (max-width: 550px) 100vw, 550px\" \/><\/a><br \/>\n<i>Peder Simonsen d\u00f8r i 1840, 69 \u00e5r gammel<\/i><\/div>\n<div align=\"center\"><a href=\"https:\/\/ww2.fjeldskaar.com\/wp-content\/uploads\/2015\/05\/SilleTominePetersdtr1842.jpg\"><img loading=\"lazy\" decoding=\"async\" class=\"alignnone wp-image-1167 size-full\" src=\"https:\/\/ww2.fjeldskaar.com\/wp-content\/uploads\/2015\/05\/SilleTominePetersdtr1842.jpg\" alt=\"SilleTominePetersdtr1842\" width=\"550\" height=\"71\" srcset=\"https:\/\/www.fjeldskaar.com\/wp-content\/uploads\/2015\/05\/SilleTominePetersdtr1842.jpg 550w, https:\/\/www.fjeldskaar.com\/wp-content\/uploads\/2015\/05\/SilleTominePetersdtr1842-300x39.jpg 300w\" sizes=\"auto, (max-width: 550px) 100vw, 550px\" \/><\/a><br \/>\n<i>Sille Tomine Pedersdtr (Johan Enoks mor) konfirmeres 1842<\/i><\/div>\n<div align=\"center\"><\/div>\n<div align=\"center\"><a href=\"https:\/\/ww2.fjeldskaar.com\/wp-content\/uploads\/2015\/05\/SilleTominePetersdtr.jpg\"><img loading=\"lazy\" decoding=\"async\" class=\"alignnone wp-image-1168 size-full\" src=\"https:\/\/ww2.fjeldskaar.com\/wp-content\/uploads\/2015\/05\/SilleTominePetersdtr.jpg\" alt=\"SilleTominePetersdtr\" width=\"550\" height=\"313\" srcset=\"https:\/\/www.fjeldskaar.com\/wp-content\/uploads\/2015\/05\/SilleTominePetersdtr.jpg 550w, https:\/\/www.fjeldskaar.com\/wp-content\/uploads\/2015\/05\/SilleTominePetersdtr-300x171.jpg 300w\" sizes=\"auto, (max-width: 550px) 100vw, 550px\" \/><\/a><br \/>\n<i>Sille Tomine blir f\u00f8dt 1827<\/i><\/div>\n<p>&nbsp;<\/p>\n<div align=\"center\">\n<h2><span style=\"color: #806239; font-size: 18pt; font-family: 'Great Vibes';\"><b>Aanens slekt<\/b><\/span><\/h2>\n<p><a href=\"https:\/\/ww2.fjeldskaar.com\/wp-content\/uploads\/2015\/05\/TjostolvSjursen.jpg\"><img loading=\"lazy\" decoding=\"async\" class=\"alignnone wp-image-1169 size-full\" src=\"https:\/\/ww2.fjeldskaar.com\/wp-content\/uploads\/2015\/05\/TjostolvSjursen.jpg\" alt=\"TjostolvSjursen\" width=\"557\" height=\"66\" srcset=\"https:\/\/www.fjeldskaar.com\/wp-content\/uploads\/2015\/05\/TjostolvSjursen.jpg 557w, https:\/\/www.fjeldskaar.com\/wp-content\/uploads\/2015\/05\/TjostolvSjursen-300x36.jpg 300w\" sizes=\"auto, (max-width: 557px) 100vw, 557px\" \/><\/a><\/p>\n<p><a href=\"https:\/\/ww2.fjeldskaar.com\/wp-content\/uploads\/2015\/05\/TjostolvSjursen2.jpg\"><img loading=\"lazy\" decoding=\"async\" class=\"alignnone wp-image-1170 size-full\" src=\"https:\/\/ww2.fjeldskaar.com\/wp-content\/uploads\/2015\/05\/TjostolvSjursen2.jpg\" alt=\"TjostolvSjursen2\" width=\"550\" height=\"52\" srcset=\"https:\/\/www.fjeldskaar.com\/wp-content\/uploads\/2015\/05\/TjostolvSjursen2.jpg 550w, https:\/\/www.fjeldskaar.com\/wp-content\/uploads\/2015\/05\/TjostolvSjursen2-300x28.jpg 300w\" sizes=\"auto, (max-width: 550px) 100vw, 550px\" \/><\/a><br \/>\n<i>Tjostolv Sjursen (Aanens morfar) d\u00f8r i 1892<\/i><\/p>\n<p><a href=\"https:\/\/ww2.fjeldskaar.com\/wp-content\/uploads\/2015\/05\/Ingeborg1.jpg\"><img loading=\"lazy\" decoding=\"async\" class=\"alignnone wp-image-1171 size-full\" src=\"https:\/\/ww2.fjeldskaar.com\/wp-content\/uploads\/2015\/05\/Ingeborg1.jpg\" alt=\"Ingeborg\" width=\"550\" height=\"81\" srcset=\"https:\/\/www.fjeldskaar.com\/wp-content\/uploads\/2015\/05\/Ingeborg1.jpg 550w, https:\/\/www.fjeldskaar.com\/wp-content\/uploads\/2015\/05\/Ingeborg1-300x44.jpg 300w\" sizes=\"auto, (max-width: 550px) 100vw, 550px\" \/><\/a><br \/>\nIngeborg Osmundsdtr (Aanens farmor) d\u00f8r i 1833<\/p>\n<\/div>\n<p>&nbsp;<\/p>\n<div align=\"center\"><a href=\"https:\/\/ww2.fjeldskaar.com\/wp-content\/uploads\/2015\/05\/Aanensmor1.jpg\"><img loading=\"lazy\" decoding=\"async\" class=\"alignnone wp-image-1066 size-full\" src=\"https:\/\/ww2.fjeldskaar.com\/wp-content\/uploads\/2015\/05\/Aanensmor1.jpg\" alt=\"Aanensmor\" width=\"550\" height=\"192\" srcset=\"https:\/\/www.fjeldskaar.com\/wp-content\/uploads\/2015\/05\/Aanensmor1.jpg 550w, https:\/\/www.fjeldskaar.com\/wp-content\/uploads\/2015\/05\/Aanensmor1-300x105.jpg 300w\" sizes=\"auto, (max-width: 550px) 100vw, 550px\" \/><\/a><br \/>\n<i>Ingebor Tj\u00f8stesdtr (Aanens mor) blir f\u00f8dt 1826<\/i><\/div>\n<p>&nbsp;<\/p>\n<div align=\"center\"><a href=\"https:\/\/ww2.fjeldskaar.com\/wp-content\/uploads\/2015\/05\/AanenTorguisen1805.jpg\"><img loading=\"lazy\" decoding=\"async\" class=\"alignnone wp-image-1064 size-full\" src=\"https:\/\/ww2.fjeldskaar.com\/wp-content\/uploads\/2015\/05\/AanenTorguisen1805.jpg\" alt=\"AanenTorguisen1805\" width=\"403\" height=\"106\" srcset=\"https:\/\/www.fjeldskaar.com\/wp-content\/uploads\/2015\/05\/AanenTorguisen1805.jpg 403w, https:\/\/www.fjeldskaar.com\/wp-content\/uploads\/2015\/05\/AanenTorguisen1805-300x79.jpg 300w\" sizes=\"auto, (max-width: 403px) 100vw, 403px\" \/><\/a><br \/>\n<i>Aanen Torgiussen \u00d8idne (Aanens oldefar) d\u00f8r 1805<\/i><\/div>\n<div align=\"center\"><i><a href=\"https:\/\/ww2.fjeldskaar.com\/wp-content\/uploads\/2015\/05\/AanenTorjussen18241.jpg\"><img loading=\"lazy\" decoding=\"async\" class=\"alignnone wp-image-1065 size-full\" src=\"https:\/\/ww2.fjeldskaar.com\/wp-content\/uploads\/2015\/05\/AanenTorjussen18241.jpg\" alt=\"AanenTorjussen1824\" width=\"550\" height=\"157\" srcset=\"https:\/\/www.fjeldskaar.com\/wp-content\/uploads\/2015\/05\/AanenTorjussen18241.jpg 550w, https:\/\/www.fjeldskaar.com\/wp-content\/uploads\/2015\/05\/AanenTorjussen18241-300x86.jpg 300w\" sizes=\"auto, (max-width: 550px) 100vw, 550px\" \/><\/a><\/i><br \/>\n<i>Aanen Torgiussen blir f\u00f8dt 1824<\/i><\/div>\n<div align=\"center\"><\/div>\n<div align=\"center\"><a href=\"https:\/\/ww2.fjeldskaar.com\/wp-content\/uploads\/2015\/05\/AanenTorjussen18501.jpg\"><img loading=\"lazy\" decoding=\"async\" class=\"alignnone wp-image-1172 size-full\" src=\"https:\/\/ww2.fjeldskaar.com\/wp-content\/uploads\/2015\/05\/AanenTorjussen18501.jpg\" alt=\"AanenTorjussen1850\" width=\"550\" height=\"133\" srcset=\"https:\/\/www.fjeldskaar.com\/wp-content\/uploads\/2015\/05\/AanenTorjussen18501.jpg 550w, https:\/\/www.fjeldskaar.com\/wp-content\/uploads\/2015\/05\/AanenTorjussen18501-300x73.jpg 300w\" sizes=\"auto, (max-width: 550px) 100vw, 550px\" \/><\/a><br \/>\n<i>Aanen Torgiussen og Ingeborg Tj\u00f8stelsdtr gifter seg i 1850<\/i><\/div>\n<p>&nbsp;<\/p>\n<div align=\"center\"><\/div>\n<div align=\"center\"><a href=\"https:\/\/ww2.fjeldskaar.com\/wp-content\/uploads\/2015\/05\/TorgiusAanensen1809.jpg\"><img loading=\"lazy\" decoding=\"async\" class=\"alignnone wp-image-1056 size-full\" src=\"https:\/\/ww2.fjeldskaar.com\/wp-content\/uploads\/2015\/05\/TorgiusAanensen1809.jpg\" alt=\"TorgiusAanensen1809\" width=\"453\" height=\"86\" srcset=\"https:\/\/www.fjeldskaar.com\/wp-content\/uploads\/2015\/05\/TorgiusAanensen1809.jpg 453w, https:\/\/www.fjeldskaar.com\/wp-content\/uploads\/2015\/05\/TorgiusAanensen1809-300x57.jpg 300w\" sizes=\"auto, (max-width: 453px) 100vw, 453px\" \/><\/a><br \/>\n<i>Torgius Aanensen \u00d8idne d\u00f8r 1809,87 \u00e5r gammel<\/i><\/div>\n<p>&nbsp;<\/p>\n<h2 align=\"center\"><span style=\"color: #806239; font-size: 18pt; font-family: 'Great Vibes';\"><b>Tomines slekt<\/b><\/span><\/h2>\n<div align=\"center\"><\/div>\n<div align=\"center\"><a href=\"https:\/\/ww2.fjeldskaar.com\/wp-content\/uploads\/2015\/05\/IngeborgTostensdtr1782.jpg\"><img loading=\"lazy\" decoding=\"async\" class=\"alignnone wp-image-1063 size-full\" src=\"https:\/\/ww2.fjeldskaar.com\/wp-content\/uploads\/2015\/05\/IngeborgTostensdtr1782.jpg\" alt=\"IngeborgTostensdtr1782\" width=\"550\" height=\"88\" srcset=\"https:\/\/www.fjeldskaar.com\/wp-content\/uploads\/2015\/05\/IngeborgTostensdtr1782.jpg 550w, https:\/\/www.fjeldskaar.com\/wp-content\/uploads\/2015\/05\/IngeborgTostensdtr1782-300x48.jpg 300w\" sizes=\"auto, (max-width: 550px) 100vw, 550px\" \/><\/a><br \/>\n<i>Ingeborg Tostensdtr (Tomines oldemor) blir d\u00f8pt i 1782<\/i><\/div>\n<div align=\"center\"><\/div>\n<div align=\"center\"><a href=\"https:\/\/ww2.fjeldskaar.com\/wp-content\/uploads\/2015\/05\/IngeborgTostensdtr1836.jpg\"><img loading=\"lazy\" decoding=\"async\" class=\"alignnone wp-image-1173 size-full\" src=\"https:\/\/ww2.fjeldskaar.com\/wp-content\/uploads\/2015\/05\/IngeborgTostensdtr1836.jpg\" alt=\"IngeborgTostensdtr1836\" width=\"550\" height=\"66\" srcset=\"https:\/\/www.fjeldskaar.com\/wp-content\/uploads\/2015\/05\/IngeborgTostensdtr1836.jpg 550w, https:\/\/www.fjeldskaar.com\/wp-content\/uploads\/2015\/05\/IngeborgTostensdtr1836-300x36.jpg 300w\" sizes=\"auto, (max-width: 550px) 100vw, 550px\" \/><\/a><\/div>\n<div align=\"center\"><i>Ingeborg Tostensdtr (Tomines mor) blir d\u00f8pt i 1837<\/i><\/div>\n<p>&nbsp;<\/p>\n<div align=\"center\"><a href=\"https:\/\/ww2.fjeldskaar.com\/wp-content\/uploads\/2015\/05\/TostenOlsen1807.jpg\"><img loading=\"lazy\" decoding=\"async\" class=\"alignnone wp-image-1062 size-full\" src=\"https:\/\/ww2.fjeldskaar.com\/wp-content\/uploads\/2015\/05\/TostenOlsen1807.jpg\" alt=\"TostenOlsen1807\" width=\"550\" height=\"49\" srcset=\"https:\/\/www.fjeldskaar.com\/wp-content\/uploads\/2015\/05\/TostenOlsen1807.jpg 550w, https:\/\/www.fjeldskaar.com\/wp-content\/uploads\/2015\/05\/TostenOlsen1807-300x27.jpg 300w\" sizes=\"auto, (max-width: 550px) 100vw, 550px\" \/><\/a><br \/>\n<i>Tosten Olsen blir f\u00f8dt 1807<\/i><\/div>\n<div align=\"center\"><a href=\"https:\/\/ww2.fjeldskaar.com\/wp-content\/uploads\/2015\/05\/TostenOlsen1865.jpg\"><img loading=\"lazy\" decoding=\"async\" class=\"alignnone wp-image-1174 size-full\" src=\"https:\/\/ww2.fjeldskaar.com\/wp-content\/uploads\/2015\/05\/TostenOlsen1865.jpg\" alt=\"TostenOlsen1865\" width=\"550\" height=\"93\" srcset=\"https:\/\/www.fjeldskaar.com\/wp-content\/uploads\/2015\/05\/TostenOlsen1865.jpg 550w, https:\/\/www.fjeldskaar.com\/wp-content\/uploads\/2015\/05\/TostenOlsen1865-300x51.jpg 300w\" sizes=\"auto, (max-width: 550px) 100vw, 550px\" \/><\/a><\/div>\n<div align=\"center\"><\/div>\n<div align=\"center\"><a href=\"https:\/\/ww2.fjeldskaar.com\/wp-content\/uploads\/2015\/05\/TorstenOlsen1881.jpg\"><img loading=\"lazy\" decoding=\"async\" class=\"alignnone wp-image-1175 size-full\" src=\"https:\/\/ww2.fjeldskaar.com\/wp-content\/uploads\/2015\/05\/TorstenOlsen1881.jpg\" alt=\"TorstenOlsen1881\" width=\"550\" height=\"58\" srcset=\"https:\/\/www.fjeldskaar.com\/wp-content\/uploads\/2015\/05\/TorstenOlsen1881.jpg 550w, https:\/\/www.fjeldskaar.com\/wp-content\/uploads\/2015\/05\/TorstenOlsen1881-300x32.jpg 300w\" sizes=\"auto, (max-width: 550px) 100vw, 550px\" \/><\/a><br \/>\n<i>Tosten Olsen d\u00f8r 1881, 73 \u00e5r gammel<\/i><\/div>\n<p>&nbsp;<\/p>\n<div align=\"center\"><a href=\"https:\/\/ww2.fjeldskaar.com\/wp-content\/uploads\/2015\/05\/S_renJacobsen1834.jpg\"><img loading=\"lazy\" decoding=\"async\" class=\"alignnone wp-image-1061 size-full\" src=\"https:\/\/ww2.fjeldskaar.com\/wp-content\/uploads\/2015\/05\/S_renJacobsen1834.jpg\" alt=\"S_renJacobsen1834\" width=\"550\" height=\"165\" srcset=\"https:\/\/www.fjeldskaar.com\/wp-content\/uploads\/2015\/05\/S_renJacobsen1834.jpg 550w, https:\/\/www.fjeldskaar.com\/wp-content\/uploads\/2015\/05\/S_renJacobsen1834-300x90.jpg 300w\" sizes=\"auto, (max-width: 550px) 100vw, 550px\" \/><\/a><br \/>\n<i>S\u00f8ren Jacobsen (Tomines far) blir f\u00f8dt 1834<\/i><\/div>\n<div align=\"center\"><a href=\"https:\/\/ww2.fjeldskaar.com\/wp-content\/uploads\/2015\/05\/S_renIngeborg18571.jpg\"><img loading=\"lazy\" decoding=\"async\" class=\"alignnone wp-image-1060 size-full\" src=\"https:\/\/ww2.fjeldskaar.com\/wp-content\/uploads\/2015\/05\/S_renIngeborg18571.jpg\" alt=\"S_renIngeborg1857\" width=\"550\" height=\"84\" srcset=\"https:\/\/www.fjeldskaar.com\/wp-content\/uploads\/2015\/05\/S_renIngeborg18571.jpg 550w, https:\/\/www.fjeldskaar.com\/wp-content\/uploads\/2015\/05\/S_renIngeborg18571-300x46.jpg 300w\" sizes=\"auto, (max-width: 550px) 100vw, 550px\" \/><\/a><br \/>\n<i>S\u00f8ren Jacobsen og Ingeborg Torstendtr gifter seg i 1857<\/i><\/div>\n<div align=\"center\"><\/div>\n<div align=\"center\"><\/div>\n<div align=\"center\"><\/div>\n<div align=\"center\"><\/div>\n<div align=\"center\"><\/div>\n<div align=\"center\"><i><a href=\"https:\/\/ww2.fjeldskaar.com\/wp-content\/uploads\/2015\/05\/ElenSyvertdtr1881.jpg\"><img loading=\"lazy\" decoding=\"async\" class=\"alignnone wp-image-1059 size-full\" src=\"https:\/\/ww2.fjeldskaar.com\/wp-content\/uploads\/2015\/05\/ElenSyvertdtr1881.jpg\" alt=\"ElenSyvertdtr1881\" width=\"550\" height=\"50\" srcset=\"https:\/\/www.fjeldskaar.com\/wp-content\/uploads\/2015\/05\/ElenSyvertdtr1881.jpg 550w, https:\/\/www.fjeldskaar.com\/wp-content\/uploads\/2015\/05\/ElenSyvertdtr1881-300x27.jpg 300w\" sizes=\"auto, (max-width: 550px) 100vw, 550px\" \/><\/a><br \/>\nElen Syvertsdtr d\u00f8r i 1881, 89 \u00e5r gammel<br \/>\n<\/i><\/div>\n<p>&nbsp;<\/p>\n<div align=\"center\"><img loading=\"lazy\" decoding=\"async\" class=\"alignnone wp-image-1176 size-full\" src=\"https:\/\/ww2.fjeldskaar.com\/wp-content\/uploads\/2015\/05\/IngeborgTorstensdtr1905.jpg\" alt=\"IngeborgTorstensdtr1905\" width=\"550\" height=\"36\" srcset=\"https:\/\/www.fjeldskaar.com\/wp-content\/uploads\/2015\/05\/IngeborgTorstensdtr1905.jpg 550w, https:\/\/www.fjeldskaar.com\/wp-content\/uploads\/2015\/05\/IngeborgTorstensdtr1905-300x20.jpg 300w\" sizes=\"auto, (max-width: 550px) 100vw, 550px\" \/><\/div>\n<div align=\"center\"><a href=\"https:\/\/ww2.fjeldskaar.com\/wp-content\/uploads\/2015\/05\/IngeborgTorstensdtr1905b.jpg\"><img loading=\"lazy\" decoding=\"async\" class=\"alignnone wp-image-1177 size-full\" src=\"https:\/\/ww2.fjeldskaar.com\/wp-content\/uploads\/2015\/05\/IngeborgTorstensdtr1905b.jpg\" alt=\"IngeborgTorstensdtr1905b\" width=\"300\" height=\"24\" \/><\/a><\/div>\n<div align=\"center\"><i>Ingeborg Tostensdtr (Tomines mor) d\u00f8r i 1905<\/i><\/div>\n<p>&nbsp;<\/p>\n<div align=\"center\"><a href=\"https:\/\/ww2.fjeldskaar.com\/wp-content\/uploads\/2015\/05\/OleHansen1767.jpg\"><img loading=\"lazy\" decoding=\"async\" class=\"alignnone wp-image-1057 size-full\" src=\"https:\/\/ww2.fjeldskaar.com\/wp-content\/uploads\/2015\/05\/OleHansen1767.jpg\" alt=\"OleHansen1767\" width=\"550\" height=\"107\" srcset=\"https:\/\/www.fjeldskaar.com\/wp-content\/uploads\/2015\/05\/OleHansen1767.jpg 550w, https:\/\/www.fjeldskaar.com\/wp-content\/uploads\/2015\/05\/OleHansen1767-300x58.jpg 300w\" sizes=\"auto, (max-width: 550px) 100vw, 550px\" \/><\/a><br \/>\n<i>Ole Hansen blir f\u00f8dt 1767<\/i><\/div>\n<div align=\"center\"><a href=\"https:\/\/ww2.fjeldskaar.com\/wp-content\/uploads\/2015\/05\/OleHansen1801.jpg\"><img loading=\"lazy\" decoding=\"async\" class=\"alignnone wp-image-1058 size-full\" src=\"https:\/\/ww2.fjeldskaar.com\/wp-content\/uploads\/2015\/05\/OleHansen1801.jpg\" alt=\"OleHansen1801\" width=\"550\" height=\"209\" srcset=\"https:\/\/www.fjeldskaar.com\/wp-content\/uploads\/2015\/05\/OleHansen1801.jpg 550w, https:\/\/www.fjeldskaar.com\/wp-content\/uploads\/2015\/05\/OleHansen1801-300x114.jpg 300w\" sizes=\"auto, (max-width: 550px) 100vw, 550px\" \/><\/a><\/div>\n<div class=\"pdfprnt-buttons pdfprnt-buttons-page pdfprnt-bottom-right\"><a href=\"http:\/\/www.fjeldskaar.com\/en\/wp-json\/wp\/v2\/pages\/515?print=print\" class=\"pdfprnt-button pdfprnt-button-print\" target=\"_blank\"><img decoding=\"async\" src=\"https:\/\/www.fjeldskaar.com\/wp-content\/plugins\/pdf-print\/images\/print.png\" alt=\"image_print\" title=\"Print Content\" \/><span class=\"pdfprnt-button-title pdfprnt-button-print-title\">print<\/span><\/a><\/div>","protected":false},"excerpt":{"rendered":"<p>Noen utklipp fra kirkeb\u00f8ker og folketellinger . Karen Gurines slekt Berendt blir f\u00f8dt &#8211; 1748 Bernt Elias (Karen Gurines far) gravlegges i 1884 Christen og Else Marthea gifter seg i 1796 Esther Thoresdtr blir f\u00f8dt 1757 &nbsp; Martine Kristoffersdtr (Karen Gurines mor) d\u00f8r 1895, 75 \u00e5r gammel Karen Gurine blir d\u00f8pt i 1855 Karen Gurine [&hellip;]<\/p>","protected":false},"author":1,"featured_media":0,"parent":2791,"menu_order":21,"comment_status":"closed","ping_status":"closed","template":"no_sidebar.php","meta":{"footnotes":""},"class_list":["post-515","page","type-page","status-publish","hentry"],"_links":{"self":[{"href":"http:\/\/www.fjeldskaar.com\/en\/wp-json\/wp\/v2\/pages\/515","targetHints":{"allow":["GET"]}}],"collection":[{"href":"http:\/\/www.fjeldskaar.com\/en\/wp-json\/wp\/v2\/pages"}],"about":[{"href":"http:\/\/www.fjeldskaar.com\/en\/wp-json\/wp\/v2\/types\/page"}],"author":[{"embeddable":true,"href":"http:\/\/www.fjeldskaar.com\/en\/wp-json\/wp\/v2\/users\/1"}],"replies":[{"embeddable":true,"href":"http:\/\/www.fjeldskaar.com\/en\/wp-json\/wp\/v2\/comments?post=515"}],"version-history":[{"count":7,"href":"http:\/\/www.fjeldskaar.com\/en\/wp-json\/wp\/v2\/pages\/515\/revisions"}],"predecessor-version":[{"id":9243,"href":"http:\/\/www.fjeldskaar.com\/en\/wp-json\/wp\/v2\/pages\/515\/revisions\/9243"}],"up":[{"embeddable":true,"href":"http:\/\/www.fjeldskaar.com\/en\/wp-json\/wp\/v2\/pages\/2791"}],"wp:attachment":[{"href":"http:\/\/www.fjeldskaar.com\/en\/wp-json\/wp\/v2\/media?parent=515"}],"curies":[{"name":"wp","href":"https:\/\/api.w.org\/{rel}","templated":true}]}}